{"id":744303,"date":"2025-08-28T01:54:01","date_gmt":"2025-08-27T22:54:01","guid":{"rendered":"https:\/\/roveyayinevi.com.tr\/index.php\/urun\/osmanlidan-cumhuriyete\/"},"modified":"2026-04-16T02:55:49","modified_gmt":"2026-04-15T23:55:49","slug":"osmanlidan-cumhuriyete","status":"publish","type":"product","link":"https:\/\/roveyayinevi.com.tr\/index.php\/urun\/osmanlidan-cumhuriyete\/","title":{"rendered":"Osmanl\u0131\u2019dan Cumhuriyet\u2019e"},"content":{"rendered":"<p>&#8220;Osmanl\u0131&#8217;dan Cumhuriyet&#8217;e&#8221; adl\u0131 \u00e7al\u0131\u015fmada, 1876-2020 d\u00f6nemindeki olaylar \u00f6zetlenip tart\u0131\u015fmal\u0131 ki\u015fi ve konular yeteri derinlikte incelenerek sonu\u00e7lara ula\u015fmak hedeflenmi\u015ftir.  D\u00f6nemin \u00f6nemli ki\u015filerinin sonradan yaz\u0131lan tefsirli an\u0131lar\u0131 yetersiz kalmaktad\u0131r.  Bu nedenle son zamanlardaki \u00e7ok derin ara\u015ft\u0131rmalarla,  ayr\u0131nt\u0131l\u0131 g\u00fcnl\u00fcklere a\u011f\u0131rl\u0131k verilmi\u015ftir.   Tarihteki ilk ba\u015far\u0131l\u0131 anti-emperyalist m\u00fccadelenin \u00fczerinden 100 y\u0131l ge\u00e7mesine ra\u011fmen,  bu &#8220;Kutsal Sava\u015f ve Bar\u0131\u015f&#8221;\u0131n ger\u00e7ekleri \u00e7e\u015fitli \u00e7evrelerce g\u00f6lgelenerek,  kendi \u015f\u00fcpheli hedefleri i\u00e7in kullan\u0131lmaktad\u0131r. \u00c7arp\u0131c\u0131 bir \u00f6rnek:  Aflar\u0131n\u0131 sa\u011flad\u0131\u011f\u0131 az\u0131nl\u0131k canilerle T\u00fcrker&#8217;e bask\u0131 ve katliam yapan ve bir tek kendi isyan\u0131nda kad\u0131nlara tecav\u00fcz edilen k\u00f6le t\u00fcccar\u0131 Ahmet Anzavur, ABD harp akademisi \u00f6\u011fretim \u00fcyesinin yazd\u0131\u011f\u0131 kitapta &#8220;k\u00f6y ermi\u015fi&#8221; olarak g\u00f6sterilir. Bu sebepten konularla ilgili tarafl\u0131 yay\u0131nlar\u0131n do\u011frulu\u011fu irdelenmi\u015ftir.  Ayn\u0131 \u015f\u00fcpheci tutum yalan ve \u00e7arp\u0131tmalara da uygulanm\u0131\u015ft\u0131r. 146 y\u0131la ait olaylar\u0131 \u00f6zetleyen ve sorgulayan bir  &#8220;el kitab\u0131&#8221; olarak d\u00fc\u015f\u00fcn\u00fclen \u00e7al\u0131\u015fma, temelde  &#8220;Cumhuriyet&#8221;i savunmaktad\u0131r.<\/p>\n","protected":false},"excerpt":{"rendered":"<p>&#8220;Osmanl\u0131&#8217;dan Cumhuriyet&#8217;e&#8221; adl\u0131 \u00e7al\u0131\u015fmada, 1876-2020 d\u00f6nemindeki olaylar \u00f6zetlenip tart\u0131\u015fmal\u0131 ki\u015fi ve konular yeteri derinlikte incelenerek sonu\u00e7lara ula\u015fmak hedeflenmi\u015ftir. D\u00f6nemin \u00f6nemli ki\u015filerinin sonradan yaz\u0131lan tefsirli an\u0131lar\u0131 yetersiz<span class=\"excerpt-hellip\"> [\u2026]<\/span><\/p>\n","protected":false},"featured_media":0,"template":"","meta":{"_monsterinsights_skip_tracking":false,"_monsterinsights_sitenote_active":false,"_monsterinsights_sitenote_note":"","_monsterinsights_sitenote_category":0},"product_brand":[],"product_cat":[13517,12304],"product_tag":[],"class_list":{"0":"post-744303","1":"product","2":"type-product","3":"status-publish","5":"product_cat-osmanli-tarihi","6":"product_cat-tarih","7":"pa_cilt-ciltsiz","8":"pa_tur-kitap","9":"pa_yayinevi-elpis-yayinlari","10":"pa_yazar-ismail-atilla-erden","12":"first","13":"instock","14":"sale","15":"shipping-taxable","16":"purchasable","17":"product-type-simple"},"_links":{"self":[{"href":"https:\/\/roveyayinevi.com.tr\/index.php\/wp-json\/wp\/v2\/product\/744303","targetHints":{"allow":["GET"]}}],"collection":[{"href":"https:\/\/roveyayinevi.com.tr\/index.php\/wp-json\/wp\/v2\/product"}],"about":[{"href":"https:\/\/roveyayinevi.com.tr\/index.php\/wp-json\/wp\/v2\/types\/product"}],"wp:attachment":[{"href":"https:\/\/roveyayinevi.com.tr\/index.php\/wp-json\/wp\/v2\/media?parent=744303"}],"wp:term":[{"taxonomy":"product_brand","embeddable":true,"href":"https:\/\/roveyayinevi.com.tr\/index.php\/wp-json\/wp\/v2\/product_brand?post=744303"},{"taxonomy":"product_cat","embeddable":true,"href":"https:\/\/roveyayinevi.com.tr\/index.php\/wp-json\/wp\/v2\/product_cat?post=744303"},{"taxonomy":"product_tag","embeddable":true,"href":"https:\/\/roveyayinevi.com.tr\/index.php\/wp-json\/wp\/v2\/product_tag?post=744303"}],"curies":[{"name":"wp","href":"https:\/\/api.w.org\/{rel}","templated":true}]}}