{"id":744300,"date":"2025-08-28T01:53:57","date_gmt":"2025-08-27T22:53:57","guid":{"rendered":"https:\/\/roveyayinevi.com.tr\/index.php\/urun\/cetrefil-mektuplar\/"},"modified":"2026-04-16T02:55:49","modified_gmt":"2026-04-15T23:55:49","slug":"cetrefil-mektuplar","status":"publish","type":"product","link":"https:\/\/roveyayinevi.com.tr\/index.php\/urun\/cetrefil-mektuplar\/","title":{"rendered":"\u00c7etrefil Mektuplar"},"content":{"rendered":"<p>1962 Tekirda\u011f-Malkara- Kermeyan K\u00f6y\u00fcnde do\u011fdu. \u0130lk\u00f6\u011frenimini Kermeyan K\u00f6y \u0130lkokulu\u2019nda, orta \u00f6\u011frenimini ise Malkara Lisesi\u2019nde tamamlad\u0131. Liseden sonra bir\u00e7ok farkl\u0131 i\u015flerde \u00e7al\u0131\u015ft\u0131. 1985 y\u0131l\u0131nda Edirne E\u011fitim Y\u00fcksek Okuluna girerek 1987 y\u0131l\u0131nda mezun oldu. Ayn\u0131 y\u0131l Hakk\u00e2ri- \u015eemdinli Umurlu K\u00f6y\u00fc\u2019nde \u00f6\u011fretmen olarak g\u00f6reve ba\u015flad\u0131. Be\u015f y\u0131l Hakk\u00e2ri- \u015eemdinli\u2019de, on sekiz y\u0131l Bursa- Keles\u2019te \u00f6\u011fretmen ve idareci olarak g\u00f6rev yapt\u0131. Adana \u00c7ukurova Ay\u015fe At\u0131l \u0130lkokulu\u2019nda \u00f6\u011fretmen olarak g\u00f6revine devam etmektedir. 1986 y\u0131l\u0131nda Edirne Devlet G\u00fczel Sanatlar Galerisi\u2019nde ve 1994 y\u0131l\u0131nda Bursa Akbank Sanat Galerisinde olmak \u00fczere iki kez resim sergisi a\u00e7m\u0131\u015ft\u0131r.. Bo\u015f zamanlar\u0131n\u0131 resim \u00e7al\u0131\u015fmalar\u0131 ve \u015fiirlerle de\u011ferlendiren yazar, \u2018\u2019\u00c7etrefil Mektuplar\u2019\u2019 isimli kitab\u0131 ile edebiyat d\u00fcnyas\u0131na giri\u015f yapt\u0131. <\/p>\n","protected":false},"excerpt":{"rendered":"<p>1962 Tekirda\u011f-Malkara- Kermeyan K\u00f6y\u00fcnde do\u011fdu. \u0130lk\u00f6\u011frenimini Kermeyan K\u00f6y \u0130lkokulu\u2019nda, orta \u00f6\u011frenimini ise Malkara Lisesi\u2019nde tamamlad\u0131. Liseden sonra bir\u00e7ok farkl\u0131 i\u015flerde \u00e7al\u0131\u015ft\u0131. 1985 y\u0131l\u0131nda Edirne E\u011fitim Y\u00fcksek<span class=\"excerpt-hellip\"> [\u2026]<\/span><\/p>\n","protected":false},"featured_media":0,"template":"","meta":{"_monsterinsights_skip_tracking":false,"_monsterinsights_sitenote_active":false,"_monsterinsights_sitenote_note":"","_monsterinsights_sitenote_category":0},"product_brand":[],"product_cat":[12291,12509],"product_tag":[],"class_list":{"0":"post-744300","1":"product","2":"type-product","3":"status-publish","5":"product_cat-edebiyat","6":"product_cat-siir","7":"pa_cilt-ciltsiz","8":"pa_tur-kitap","9":"pa_yayinevi-servet-yayinevi","10":"pa_yazar-yasar-cesur","12":"first","13":"instock","14":"sale","15":"shipping-taxable","16":"purchasable","17":"product-type-simple"},"_links":{"self":[{"href":"https:\/\/roveyayinevi.com.tr\/index.php\/wp-json\/wp\/v2\/product\/744300","targetHints":{"allow":["GET"]}}],"collection":[{"href":"https:\/\/roveyayinevi.com.tr\/index.php\/wp-json\/wp\/v2\/product"}],"about":[{"href":"https:\/\/roveyayinevi.com.tr\/index.php\/wp-json\/wp\/v2\/types\/product"}],"wp:attachment":[{"href":"https:\/\/roveyayinevi.com.tr\/index.php\/wp-json\/wp\/v2\/media?parent=744300"}],"wp:term":[{"taxonomy":"product_brand","embeddable":true,"href":"https:\/\/roveyayinevi.com.tr\/index.php\/wp-json\/wp\/v2\/product_brand?post=744300"},{"taxonomy":"product_cat","embeddable":true,"href":"https:\/\/roveyayinevi.com.tr\/index.php\/wp-json\/wp\/v2\/product_cat?post=744300"},{"taxonomy":"product_tag","embeddable":true,"href":"https:\/\/roveyayinevi.com.tr\/index.php\/wp-json\/wp\/v2\/product_tag?post=744300"}],"curies":[{"name":"wp","href":"https:\/\/api.w.org\/{rel}","templated":true}]}}