{"id":744171,"date":"2025-08-28T01:50:55","date_gmt":"2025-08-27T22:50:55","guid":{"rendered":"https:\/\/roveyayinevi.com.tr\/index.php\/urun\/savas-siyaset-cinayet\/"},"modified":"2026-04-16T02:55:44","modified_gmt":"2026-04-15T23:55:44","slug":"savas-siyaset-cinayet","status":"publish","type":"product","link":"https:\/\/roveyayinevi.com.tr\/index.php\/urun\/savas-siyaset-cinayet\/","title":{"rendered":"Sava\u015f, Siyaset, Cinayet"},"content":{"rendered":"<p>\u201c\u0130nk\u0131l\u00e2plar, siyasi partiler, darbeler, suikastlar, isyanlarla imparatorlu\u011fun \u00e7\u00f6k\u00fc\u015f ser\u00fcvenini ihtiva eden II. Me\u015frutiyet D\u00f6nemi, Prof. Dr. Tar\u0131k Zafer Tunaya\u2019n\u0131n yakla\u015f\u0131m\u0131yla T\u00fcrkiye Cumhuriyeti i\u00e7in paha bi\u00e7ilmez siyasi laboratuvar tecr\u00fcbesi olmu\u015ftur.\u201dSava\u015f, Siyaset, Cinayet: \u0130ttihat ve Terakki \u00dczerine Yaz\u0131lar, Nevzat Artu\u00e7 ve Abdurrahman Uzunaslan\u2019\u0131n yakla\u015f\u0131k 25 y\u0131ll\u0131k me\u015fakkatli \u00e7al\u0131\u015fmalar\u0131n\u0131n bir meyvesidir. S\u00f6z konusu de\u011ferli iki bilim insan\u0131 gerek yurt i\u00e7i gerek yurt d\u0131\u015f\u0131 ar\u015fivlerinden istifade ederek II. Me\u015frutiyet, Balkan Sava\u015flar\u0131, Trablusgarp, Ermeni Sevk ve \u0130sk\u00e2n Meselesi gibi \u0130ttihat ve Terakki d\u00f6nemine ili\u015fkin kritik problemler hususunda ula\u015fabildikleri yeni belge ve bilgileri bu ara\u015ft\u0131rmada ortaya koydular.\u2022 Siyasi g\u00fc\u00e7 odaklar\u0131n\u0131n 1913 B\u00e2b-\u0131 \u00c2li hesapla\u015fmas\u0131nda neler ya\u015fand\u0131? \u2022 Sadrazam Mahmut \u015eevket Pa\u015fa suikast\u0131n\u0131n perde arkas\u0131 ve akabinde yap\u0131lan tahkikat\u0131n neticeleri\u2026 \u2022 Prens Sabahaddin\u2019in II. Abd\u00fclhamid\u2019e kar\u015f\u0131 ba\u015flatt\u0131\u011f\u0131 yo\u011fun muhalefet ve Osmanl\u0131 Devleti\u2019nin I. D\u00fcnya Sava\u015f\u0131\u2019na giri\u015fini engellemeye y\u00f6nelik \u00e7abalar\u0131&#8230; \u2022 Cemal Pa\u015fa\u2019n\u0131n Suriye\u2019de tesis etti\u011fi otoriter y\u00f6netim anlay\u0131\u015f\u0131n\u0131n detaylar\u0131 ve Osmanl\u0131 deniz g\u00fcc\u00fcn\u00fc art\u0131rmaya ve yenilemeye y\u00f6nelik \u00e7al\u0131\u015fmalar\u0131\u2026 \u2022 Cemal Pa\u015fa suikast\u0131na ve suikast\u00e7\u0131lara dair son derece \u00f6nemli tespitler\u2026 \u2022 K\u00f6kenleri Fatih Sultan Mehmet devrine uzanan \u0130stanbul Muhaf\u0131zl\u0131\u011f\u0131 nedir ve hangi d\u00f6nemlerde nas\u0131l faaliyet g\u00f6stermi\u015ftir? \u2022 \u0130ttihat ve Terakki liderleri yurt d\u0131\u015f\u0131nda neler ya\u015fad\u0131? \u2022 \u0130mparatorlu\u011fun da\u011f\u0131lma s\u00fcrecindeki siyasi iklim nas\u0131ld\u0131? \u2022 Talat Pa\u015fa \u0130ttihad-\u0131 \u0130sl\u00e2m siyaseti \u00e7er\u00e7evesinde Afrika, Orta Do\u011fu ve Uzak Do\u011fu\u2019da hangi faaliyetlere giri\u015fti? \u2022 Enver, Talat ve Cemal pa\u015falar\u0131n modern T\u00fcrkiye\u2019yi \u015fekillendiren siyasetleri nelerdi?G\u00fcn\u00fcm\u00fcz\u00fcn en merak edilen d\u00f6nemlerinden \u0130ttihat ve Terakki devrine dair t\u00fcm bu sorular\u0131n cevaplar\u0131 ve daha fazlas\u0131 bu kitapta\u2026<\/p>\n","protected":false},"excerpt":{"rendered":"<p>\u201c\u0130nk\u0131l\u00e2plar, siyasi partiler, darbeler, suikastlar, isyanlarla imparatorlu\u011fun \u00e7\u00f6k\u00fc\u015f ser\u00fcvenini ihtiva eden II. Me\u015frutiyet D\u00f6nemi, Prof. Dr. Tar\u0131k Zafer Tunaya\u2019n\u0131n yakla\u015f\u0131m\u0131yla T\u00fcrkiye Cumhuriyeti i\u00e7in paha bi\u00e7ilmez siyasi<span class=\"excerpt-hellip\"> [\u2026]<\/span><\/p>\n","protected":false},"featured_media":0,"template":"","meta":{"_monsterinsights_skip_tracking":false,"_monsterinsights_sitenote_active":false,"_monsterinsights_sitenote_note":"","_monsterinsights_sitenote_category":0},"product_brand":[],"product_cat":[12304,13650],"product_tag":[],"class_list":{"0":"post-744171","1":"product","2":"type-product","3":"status-publish","5":"product_cat-tarih","6":"product_cat-turk-tarihi-arastirmalari","7":"pa_cilt-ciltsiz","8":"pa_tur-kitap","9":"pa_yayinevi-timas-yayinlari","10":"pa_yazar-abdurrahman-uzunaslan-nevzat-artuc","12":"first","13":"instock","14":"sale","15":"shipping-taxable","16":"purchasable","17":"product-type-simple"},"_links":{"self":[{"href":"https:\/\/roveyayinevi.com.tr\/index.php\/wp-json\/wp\/v2\/product\/744171","targetHints":{"allow":["GET"]}}],"collection":[{"href":"https:\/\/roveyayinevi.com.tr\/index.php\/wp-json\/wp\/v2\/product"}],"about":[{"href":"https:\/\/roveyayinevi.com.tr\/index.php\/wp-json\/wp\/v2\/types\/product"}],"wp:attachment":[{"href":"https:\/\/roveyayinevi.com.tr\/index.php\/wp-json\/wp\/v2\/media?parent=744171"}],"wp:term":[{"taxonomy":"product_brand","embeddable":true,"href":"https:\/\/roveyayinevi.com.tr\/index.php\/wp-json\/wp\/v2\/product_brand?post=744171"},{"taxonomy":"product_cat","embeddable":true,"href":"https:\/\/roveyayinevi.com.tr\/index.php\/wp-json\/wp\/v2\/product_cat?post=744171"},{"taxonomy":"product_tag","embeddable":true,"href":"https:\/\/roveyayinevi.com.tr\/index.php\/wp-json\/wp\/v2\/product_tag?post=744171"}],"curies":[{"name":"wp","href":"https:\/\/api.w.org\/{rel}","templated":true}]}}