{"id":744170,"date":"2025-08-28T01:50:53","date_gmt":"2025-08-27T22:50:53","guid":{"rendered":"https:\/\/roveyayinevi.com.tr\/index.php\/urun\/osmanli-safevi-kiskacinda-kizilbaslar\/"},"modified":"2026-04-16T02:55:44","modified_gmt":"2026-04-15T23:55:44","slug":"osmanli-safevi-kiskacinda-kizilbaslar","status":"publish","type":"product","link":"https:\/\/roveyayinevi.com.tr\/index.php\/urun\/osmanli-safevi-kiskacinda-kizilbaslar\/","title":{"rendered":"Osmanl\u0131-Safevi K\u0131skac\u0131nda K\u0131z\u0131lba\u015flar"},"content":{"rendered":"<p>K\u0131z\u0131lba\u015fl\u0131\u011f\u0131n do\u011fu\u015fu ve Safev\u00ee Devleti\u2019nin kurulu\u015fu Safev\u00ee \u015feyhlerinin din\u00ee-siyas\u00ee etkisinde kalan Osmanl\u0131, Karakoyunlu, Akkoyunlu, Meml\u00fbk, Dulkadirli, Karamanl\u0131 ve Ramazanl\u0131lar\u0131n h\u00e2kimiyeti alt\u0131ndaki Anadolu, \u0130ran, Azerbaycan ve Suriye gibi geni\u015f bir co\u011frafyaya da\u011f\u0131lan konar-g\u00f6\u00e7erlerden koparak \u015feyhlerin etraf\u0131nda birle\u015fen oymaklar\u0131n eseridir. \u0130syanlar, isyan giri\u015fimleri ve K\u0131z\u0131lba\u015flar\u0131n \u0130ran \u015fahlar\u0131yla ili\u015fkilerini devam ettirmeleri Osmanl\u0131 Devleti\u2019ndeki g\u00fcvenlik kayg\u0131lar\u0131n\u0131 had safhaya ta\u015f\u0131m\u0131\u015ft\u0131r. Bu y\u00fczden 16. y\u00fczy\u0131ldan itibaren K\u0131z\u0131lba\u015f ismi devlet muhalifi ve isyanc\u0131 z\u00fcmreler manas\u0131nda kullan\u0131lm\u0131\u015ft\u0131r. Ayr\u0131ca zamanla buna din\u00ee bir boyut da eklenerek z\u0131nd\u0131k, r\u00e2fiz\u00ee ve m\u00fclhid deyimleriyle sap\u0131k, yoldan \u00e7\u0131km\u0131\u015f ve ink\u00e2rc\u0131 olarak tan\u0131mlanm\u0131\u015flard\u0131r.\u2022 K\u0131z\u0131lba\u015fl\u0131k nas\u0131l do\u011fdu? \u2022 K\u0131z\u0131lba\u015f inanc\u0131n\u0131n esaslar\u0131 nelerdir? \u2022 Alev\u00eelik ile K\u0131z\u0131lba\u015fl\u0131k aras\u0131ndaki fark nedir? \u2022 Anadolu\u2019da K\u0131z\u0131lba\u015fl\u0131\u011f\u0131n do\u011fu\u015funu tetikleyen sebepler nelerdi? \u2022 K\u0131z\u0131lba\u015flar en \u00e7ok Anadolu\u2019nun hangi b\u00f6lgelerindeydi? \u2022 Safev\u00ee \u015feyhlerini hangi T\u00fcrkmen oymaklar\u0131 destekledi? \u2022 Osmanl\u0131 y\u00f6netimi ile K\u0131z\u0131lba\u015flar\u0131n aras\u0131ndaki anla\u015fmazl\u0131klar\u0131n sebepleri nelerdi? \u2022 Osmanl\u0131 belgelerine K\u0131z\u0131lba\u015f Fetreti olarak yans\u0131yan 1510-1530\u2019lu y\u0131llarda neler ya\u015fand\u0131? \u2022 I. Selim 1514\u2019teki \u00c7ald\u0131ran Seferi \u00f6ncesinde 40.000 K\u0131z\u0131lba\u015f\u2019\u0131 katlettirdi mi? \u2022 Bu konuyla alakal\u0131 d\u00f6nemin Osmanl\u0131-Safev\u00ee kaynaklar\u0131yla n\u00fcfus verilerini bar\u0131nd\u0131ran tahrir defterlerinde neler yaz\u0131yor? \u2022 Osmanl\u0131 y\u00f6netiminin K\u0131z\u0131lba\u015flarla ayn\u0131 inan\u00e7lara sahip Bekta\u015f\u00eelere kar\u015f\u0131 tutumu nas\u0131ld\u0131? \u2022 \u015eah \u0130smail\u2019in hurucuyla Osmanl\u0131 Devleti i\u00e7in ba\u015flayan \u201cDo\u011fu Sorunu\u201d nas\u0131l \u00e7\u00f6z\u00fcld\u00fc?T\u00fcrkmenler ve Alev\u00eeler \u00fczerine yapt\u0131\u011f\u0131 \u00e7al\u0131\u015fmalarla bilinen Prof. Dr. Sadullah G\u00fclten, Osmanl\u0131-Safev\u00ee K\u0131skac\u0131nda K\u0131z\u0131lba\u015flar ad\u0131n\u0131 verdi\u011fi \u00e7al\u0131\u015fmas\u0131nda, bu topraklar\u0131n en \u00e7ok tart\u0131\u015f\u0131lan din\u00ee gruplar\u0131ndan biri olan K\u0131z\u0131lba\u015flarla\/Alev\u00eelerle al\u00e2kal\u0131 t\u00fcm bu sorular\u0131 cevaplamakla kalm\u0131yor, do\u011fru bilinen bir\u00e7ok yanl\u0131\u015f\u0131 da d\u00fczeltiyor.<\/p>\n","protected":false},"excerpt":{"rendered":"<p>K\u0131z\u0131lba\u015fl\u0131\u011f\u0131n do\u011fu\u015fu ve Safev\u00ee Devleti\u2019nin kurulu\u015fu Safev\u00ee \u015feyhlerinin din\u00ee-siyas\u00ee etkisinde kalan Osmanl\u0131, Karakoyunlu, Akkoyunlu, Meml\u00fbk, Dulkadirli, Karamanl\u0131 ve Ramazanl\u0131lar\u0131n h\u00e2kimiyeti alt\u0131ndaki Anadolu, \u0130ran, Azerbaycan ve Suriye<span class=\"excerpt-hellip\"> [\u2026]<\/span><\/p>\n","protected":false},"featured_media":0,"template":"","meta":{"_monsterinsights_skip_tracking":false,"_monsterinsights_sitenote_active":false,"_monsterinsights_sitenote_note":"","_monsterinsights_sitenote_category":0},"product_brand":[],"product_cat":[13517,12304],"product_tag":[],"class_list":{"0":"post-744170","1":"product","2":"type-product","3":"status-publish","5":"product_cat-osmanli-tarihi","6":"product_cat-tarih","7":"pa_cilt-ciltsiz","8":"pa_tur-kitap","9":"pa_yayinevi-timas-yayinlari","10":"pa_yazar-sadullah-gulten","12":"first","13":"instock","14":"sale","15":"shipping-taxable","16":"purchasable","17":"product-type-simple"},"_links":{"self":[{"href":"https:\/\/roveyayinevi.com.tr\/index.php\/wp-json\/wp\/v2\/product\/744170","targetHints":{"allow":["GET"]}}],"collection":[{"href":"https:\/\/roveyayinevi.com.tr\/index.php\/wp-json\/wp\/v2\/product"}],"about":[{"href":"https:\/\/roveyayinevi.com.tr\/index.php\/wp-json\/wp\/v2\/types\/product"}],"wp:attachment":[{"href":"https:\/\/roveyayinevi.com.tr\/index.php\/wp-json\/wp\/v2\/media?parent=744170"}],"wp:term":[{"taxonomy":"product_brand","embeddable":true,"href":"https:\/\/roveyayinevi.com.tr\/index.php\/wp-json\/wp\/v2\/product_brand?post=744170"},{"taxonomy":"product_cat","embeddable":true,"href":"https:\/\/roveyayinevi.com.tr\/index.php\/wp-json\/wp\/v2\/product_cat?post=744170"},{"taxonomy":"product_tag","embeddable":true,"href":"https:\/\/roveyayinevi.com.tr\/index.php\/wp-json\/wp\/v2\/product_tag?post=744170"}],"curies":[{"name":"wp","href":"https:\/\/api.w.org\/{rel}","templated":true}]}}