{"id":744169,"date":"2025-08-28T01:50:53","date_gmt":"2025-08-27T22:50:53","guid":{"rendered":"https:\/\/roveyayinevi.com.tr\/index.php\/urun\/robotlari-beklerken-neler-olacak\/"},"modified":"2026-04-16T02:55:44","modified_gmt":"2026-04-15T23:55:44","slug":"robotlari-beklerken-neler-olacak","status":"publish","type":"product","link":"https:\/\/roveyayinevi.com.tr\/index.php\/urun\/robotlari-beklerken-neler-olacak\/","title":{"rendered":"Robotlar\u0131 Beklerken Neler Olacak?"},"content":{"rendered":"<p>Yeni nesil robotlar, kendi yapay zek\u00e2lar\u0131yla gelecekler; yani sadece i\u015flerimize yard\u0131m etmekle kalmayacak, kendi kararlar\u0131n\u0131 verebilen, d\u00fc\u015f\u00fcnme yetisine sahip birer sosyal varl\u0131k olacaklar. Peki her s\u00f6yledi\u011fimizi dinlemeye devam edecekler mi? Yoksa bir noktada kontrolden mi \u00e7\u0131kacaklar? Bu sorular\u0131n cevab\u0131, kamusal hayat\u0131n t\u00fcm dinamiklerini etkileyecek. Tam da bu y\u00fczden, robotlar\u0131n gemilerle ve u\u00e7aklarla kargo ta\u015f\u0131yaca\u011f\u0131, yollarda ve kald\u0131r\u0131mlarda ara\u00e7 kullanaca\u011f\u0131, acil servisleri y\u00f6netece\u011fi, hatta k\u00fc\u00e7\u00fck d\u00fckk\u00e2nlar\u0131 i\u015fletece\u011fi yeni d\u00fczeni iyi kurgulamam\u0131z kritik \u00f6nem ta\u015f\u0131yor. Ve yine bu y\u00fczden, robotlar\u0131 tasarlayan ekiplerde sadece yaz\u0131l\u0131mc\u0131lar ve m\u00fchendisler de\u011fil, davran\u0131\u015f bilimciler de olmal\u0131.MIT Havac\u0131l\u0131k ve Uzay Bilimleri b\u00f6l\u00fcm\u00fc akademisyenlerinden Julie Shah ile otonom ara\u00e7lar \u00fcreten bir m\u00fchendislik ekibine liderlik eden Laura Major\u2019\u0131n kaleme ald\u0131\u011f\u0131 Robotlar\u0131 Beklerken Neler Olacak, yak\u0131n gelecekte ger\u00e7ekle\u015fecek bu teknolojik devrime nas\u0131l haz\u0131rlanmam\u0131z gerekti\u011fini g\u00f6steriyor. Komplo teorilerinden uzak bir bak\u0131\u015f a\u00e7\u0131s\u0131 benimseyerek yapay zek\u00e2ya, insan-robot ve insan-teknoloji ili\u015fkilerinin do\u011fas\u0131na ve gelece\u011fine dair t\u00fcm y\u00f6nleriyle kapsaml\u0131 bir okuma deneyimi sunuyor.   \u201cRobotlar\u0131 Beklerken Neler Olacak d\u00fc\u015f\u00fcnd\u00fcr\u00fcc\u00fc sorular soruyor; yar\u0131n\u0131n robotlar\u0131n\u0131 nas\u0131l in\u015fa edece\u011fimiz ve onlarla nas\u0131l ya\u015fayaca\u011f\u0131m\u0131z konusunda hayati \u00f6nem ta\u015f\u0131yan tavsiyeler sunuyor. Akademik ve end\u00fcstriyel deneyimleri g\u00f6z \u00f6n\u00fcnde bulunduruldu\u011funda, bu \u00f6nemli tart\u0131\u015fmay\u0131 ba\u015flatmak i\u00e7in Julie Shah ve Laura Major\u2019dan daha yetkin iki isim d\u00fc\u015f\u00fcnemiyorum&#8230; Herkesin mutlaka okumas\u0131 gereken bir kitap.\u201d \u2013Amy Villeneuve, Amazon Robotics\u2019in eski ba\u015fkan\u0131 ve COO\u2019su\u201cShah ve Major\u2019\u0131n ilgi \u00e7ekici \u00e7al\u0131\u015fmas\u0131, otonom robotlar\u0131n kendi ba\u015flar\u0131na \u00e7al\u0131\u015faca\u011f\u0131na dair yirminci y\u00fczy\u0131l efsanesini bir kez daha y\u0131k\u0131yor&#8230; Ba\u015far\u0131ya ula\u015fmak i\u00e7in veri ve fizik bilimlerinin yan\u0131 s\u0131ra sosyal bilimler ve davran\u0131\u015f bilimlerinde de yetkin yeni nesil m\u00fchendisler gerekecek. Major ve Shah, tam da bahsetti\u011fim neslin liderleri.\u201d \u2013David Mindell, Humatics Corporation\u2019\u0131n kurucusu<\/p>\n","protected":false},"excerpt":{"rendered":"<p>Yeni nesil robotlar, kendi yapay zek\u00e2lar\u0131yla gelecekler; yani sadece i\u015flerimize yard\u0131m etmekle kalmayacak, kendi kararlar\u0131n\u0131 verebilen, d\u00fc\u015f\u00fcnme yetisine sahip birer sosyal varl\u0131k olacaklar. Peki her s\u00f6yledi\u011fimizi<span class=\"excerpt-hellip\"> [\u2026]<\/span><\/p>\n","protected":false},"featured_media":0,"template":"","meta":{"_monsterinsights_skip_tracking":false,"_monsterinsights_sitenote_active":false,"_monsterinsights_sitenote_note":"","_monsterinsights_sitenote_category":0},"product_brand":[],"product_cat":[13005,13006],"product_tag":[],"class_list":{"0":"post-744169","1":"product","2":"type-product","3":"status-publish","5":"product_cat-bilim-muhendislik","6":"product_cat-populer-bilim","7":"pa_cilt-ciltsiz","8":"pa_tur-kitap","9":"pa_yayinevi-timas-yayinlari","10":"pa_yazar-julie-shah-laura-major","12":"first","13":"instock","14":"sale","15":"shipping-taxable","16":"purchasable","17":"product-type-simple"},"_links":{"self":[{"href":"https:\/\/roveyayinevi.com.tr\/index.php\/wp-json\/wp\/v2\/product\/744169","targetHints":{"allow":["GET"]}}],"collection":[{"href":"https:\/\/roveyayinevi.com.tr\/index.php\/wp-json\/wp\/v2\/product"}],"about":[{"href":"https:\/\/roveyayinevi.com.tr\/index.php\/wp-json\/wp\/v2\/types\/product"}],"wp:attachment":[{"href":"https:\/\/roveyayinevi.com.tr\/index.php\/wp-json\/wp\/v2\/media?parent=744169"}],"wp:term":[{"taxonomy":"product_brand","embeddable":true,"href":"https:\/\/roveyayinevi.com.tr\/index.php\/wp-json\/wp\/v2\/product_brand?post=744169"},{"taxonomy":"product_cat","embeddable":true,"href":"https:\/\/roveyayinevi.com.tr\/index.php\/wp-json\/wp\/v2\/product_cat?post=744169"},{"taxonomy":"product_tag","embeddable":true,"href":"https:\/\/roveyayinevi.com.tr\/index.php\/wp-json\/wp\/v2\/product_tag?post=744169"}],"curies":[{"name":"wp","href":"https:\/\/api.w.org\/{rel}","templated":true}]}}