{"id":744127,"date":"2025-08-28T01:50:00","date_gmt":"2025-08-27T22:50:00","guid":{"rendered":"https:\/\/roveyayinevi.com.tr\/index.php\/urun\/bir-devrin-hikayesi-ittihat-ve-terakki\/"},"modified":"2026-04-16T02:55:42","modified_gmt":"2026-04-15T23:55:42","slug":"bir-devrin-hikayesi-ittihat-ve-terakki","status":"publish","type":"product","link":"https:\/\/roveyayinevi.com.tr\/index.php\/urun\/bir-devrin-hikayesi-ittihat-ve-terakki\/","title":{"rendered":"Bir Devrin Hikayesi &amp; \u0130ttihat ve Terakki"},"content":{"rendered":"<p>XIX. Y\u00fczy\u0131l\u0131n sonlar\u0131na do\u011fru, Osmanl\u0131 ayd\u0131nlar\u0131 aras\u0131nda \u00f6zg\u00fcrl\u00fck e\u015fitlik, me\u015frutiyet gibi d\u00fc\u015f\u00fcnceler h\u0131zla yay\u0131ld\u0131. Nam\u0131k Kemal, Ziya Pa\u015fa gibi ayd\u0131nlar\u0131n, \u00f6nc\u00fcl\u00fc\u011f\u00fcnde bir \u00f6zg\u00fcrl\u00fck hareketi ba\u015flad\u0131. Avrupal\u0131lar\u0131n J\u00f6n T\u00fcrkler ad\u0131n\u0131 verdikleri, Yeni Osmanl\u0131lar, bu d\u00fc\u015f\u00fcncelerini daha rahat ve etkili bir \u015fekilde yaymak i\u00e7in Avrupa\u2019ya gittiler. Yeni Osmanl\u0131lar, \u00fclkede bir meclisin a\u00e7\u0131lmas\u0131n\u0131, \u0131rk, din ve mezhep ayr\u0131l\u0131klar\u0131n\u0131n ortadan kald\u0131r\u0131lmas\u0131n\u0131 istemekteydiler. Onlar\u0131n bu d\u00fc\u015f\u00fcnceleri Mithat Pa\u015fa ve Ser Asker H\u00fcseyin Avni, S\u00fcleyman Pa\u015fa gibi devlet adamlar\u0131 taraf\u0131ndan desteklenmekteydi. Osmanl\u0131 \u00fclkesinin maliyesi ciddi bi\u00e7imde bozulmu\u015f, d\u0131\u015f bor\u00e7lar ciddi \u015fekilde artm\u0131\u015ft\u0131. Bu durum halk aras\u0131nda genel bir ho\u015fnutsuzluk yaratm\u0131\u015ft\u0131. Yeni Osmanl\u0131lar Padi\u015fah Abd\u00fclaziz\u2019i tahtan indirdiler. V. Murad padi\u015fah oldu fakat onun psikolojik sorunlar\u0131, delilik boyutlar\u0131na var\u0131nca, \u00fc\u00e7 ay sonra onu da tahtan indirdiler, yerine Me\u015frutiyeti ilan edece\u011fi s\u00f6z\u00fcn\u00fc veren II. Abd\u00fclhamit\u2019i padi\u015fah yapt\u0131lar. \u0130\u015fte bu kitab\u0131n hik\u00e2yesi tam olarak burada ba\u015flar. Ba\u015frolde Abd\u00fclhamit vard\u0131r. Onun bask\u0131c\u0131 y\u00f6netiminde ayd\u0131nlar\u0131n tasfiyesi, Mithat Pa\u015fan\u0131n y\u00fcrekleri ac\u0131tan \u015fehadetini, Nam\u0131k Kemalin s\u00fcrg\u00fcn\u00fc ve Ali Suavi\u2019nin karakol polisi, okuma yazmas\u0131 olmayan sonradan pa\u015fal\u0131\u011fa y\u00fckseltilen, yedi sekiz Hasan taraf\u0131ndan ba\u015f\u0131n\u0131n nas\u0131l ezildi\u011fini okudu\u011funuzda y\u00fcreklerinizde bir burukluk hissedeceksiniz. Hayatta hi\u00e7bir \u015fey sonsuza kadar s\u00fcrmez. \u201cG\u00fcn gelir hesap d\u00f6ner\u201d, ferman Abd\u00fclhamit\u2019inse da\u011flar gen\u00e7 ittihat\u00e7\u0131lar\u0131nd\u0131r. Bu kitapta Mithat Pa\u015fan\u0131n, Nam\u0131k Kemalin, Ali Suavi ve isimlerini sa-yamayaca\u011f\u0131m\u0131z ayd\u0131nlar\u0131n, a\u00e7t\u0131\u011f\u0131 yolda Me\u015frutiyet \u00fclk\u00fcs\u00fc u\u011fruna da\u011flara \u00e7\u0131kan, ceplerinde idam fermanlar\u0131, k\u00f6r\u00fckl\u00fc \u00e7izmeli, avc\u0131 ceketli kayzer b\u0131-y\u0131kl\u0131 \u0130ttihat\u00e7\u0131lar\u0131n Hik\u00e2yelerini okuyacaks\u0131n\u0131z.<\/p>\n","protected":false},"excerpt":{"rendered":"<p>XIX. Y\u00fczy\u0131l\u0131n sonlar\u0131na do\u011fru, Osmanl\u0131 ayd\u0131nlar\u0131 aras\u0131nda \u00f6zg\u00fcrl\u00fck e\u015fitlik, me\u015frutiyet gibi d\u00fc\u015f\u00fcnceler h\u0131zla yay\u0131ld\u0131. Nam\u0131k Kemal, Ziya Pa\u015fa gibi ayd\u0131nlar\u0131n, \u00f6nc\u00fcl\u00fc\u011f\u00fcnde bir \u00f6zg\u00fcrl\u00fck hareketi ba\u015flad\u0131. Avrupal\u0131lar\u0131n<span class=\"excerpt-hellip\"> [\u2026]<\/span><\/p>\n","protected":false},"featured_media":0,"template":"","meta":{"_monsterinsights_skip_tracking":false,"_monsterinsights_sitenote_active":false,"_monsterinsights_sitenote_note":"","_monsterinsights_sitenote_category":0},"product_brand":[],"product_cat":[13517,12304],"product_tag":[],"class_list":{"0":"post-744127","1":"product","2":"type-product","3":"status-publish","5":"product_cat-osmanli-tarihi","6":"product_cat-tarih","7":"pa_cilt-ciltsiz","8":"pa_tur-kitap","9":"pa_yayinevi-northern-lights","10":"pa_yazar-sozer-akyildirim","12":"first","13":"instock","14":"sale","15":"shipping-taxable","16":"purchasable","17":"product-type-simple"},"_links":{"self":[{"href":"https:\/\/roveyayinevi.com.tr\/index.php\/wp-json\/wp\/v2\/product\/744127","targetHints":{"allow":["GET"]}}],"collection":[{"href":"https:\/\/roveyayinevi.com.tr\/index.php\/wp-json\/wp\/v2\/product"}],"about":[{"href":"https:\/\/roveyayinevi.com.tr\/index.php\/wp-json\/wp\/v2\/types\/product"}],"wp:attachment":[{"href":"https:\/\/roveyayinevi.com.tr\/index.php\/wp-json\/wp\/v2\/media?parent=744127"}],"wp:term":[{"taxonomy":"product_brand","embeddable":true,"href":"https:\/\/roveyayinevi.com.tr\/index.php\/wp-json\/wp\/v2\/product_brand?post=744127"},{"taxonomy":"product_cat","embeddable":true,"href":"https:\/\/roveyayinevi.com.tr\/index.php\/wp-json\/wp\/v2\/product_cat?post=744127"},{"taxonomy":"product_tag","embeddable":true,"href":"https:\/\/roveyayinevi.com.tr\/index.php\/wp-json\/wp\/v2\/product_tag?post=744127"}],"curies":[{"name":"wp","href":"https:\/\/api.w.org\/{rel}","templated":true}]}}