{"id":744012,"date":"2025-08-28T01:47:30","date_gmt":"2025-08-27T22:47:30","guid":{"rendered":"https:\/\/roveyayinevi.com.tr\/index.php\/urun\/yeni-deniz-mecmuasi-26-sayi\/"},"modified":"2026-04-16T02:55:38","modified_gmt":"2026-04-15T23:55:38","slug":"yeni-deniz-mecmuasi-26-sayi","status":"publish","type":"product","link":"https:\/\/roveyayinevi.com.tr\/index.php\/urun\/yeni-deniz-mecmuasi-26-sayi\/","title":{"rendered":"Yeni Deniz Mecmuas\u0131 26. Say\u0131"},"content":{"rendered":"<p>Bu y\u0131l Eyl\u00fcl ay\u0131na, her sene b\u00fcy\u00fck co\u015fku ile kutlad\u0131\u011f\u0131m\u0131z B\u00fcy\u00fck Taarruz ve Ba\u015fkomutanl\u0131k Meydan Muharebesi\u2019nin 100. y\u0131l\u0131 sebebiyle, ayr\u0131 bir gurur ya\u015fayarak giriyoruz. Anadolu\u2019nun i\u015fgalden kurtulma s\u00fcreci, Mustafa Kemal Atat\u00fcrk\u2019\u00fcn Kartal istimbotunda s\u00f6yledi\u011fi, \u201cGeldikleri gibi giderler\u201d s\u00f6z\u00fcyle ba\u015flayarak, 9 Eyl\u00fcl \u0130zmir\u2019in kurtulu\u015fundan sonra \u0130ngiliz donanma komutan\u0131na verdi\u011fi, \u201cGemilerinizi hemen kara sular\u0131m\u0131zdan \u00e7ekmeniz konusunda sizi uyar\u0131yorum!\u201d direktifi ile sonlanm\u0131\u015ft\u0131r. Zafere giden yolda, t\u00fcm k\u0131y\u0131lar\u0131m\u0131zda ve \u0130stiklal Yolu\u2019nun ilk dura\u011f\u0131 olan \u0130nebolu\u2019ya cephane ula\u015ft\u0131rmak i\u00e7in fedak\u00e2rca \u00e7al\u0131\u015fan Kuvayi Milliye Donanmas\u0131\u2019n\u0131n pay\u0131 b\u00fcy\u00fckt\u00fcr; \u00e7o\u011fu ismi belli olmayan denizcilerimizi \u015f\u00fckranla an\u0131yoruz.   Yine bu ay, T\u00fcrk ve d\u00fcnya denizcilik tarihinin en b\u00fcy\u00fck sava\u015flar\u0131ndan ve zaferlerinden biri olan Preveze Deniz Zaferi\u2019nin 484. y\u0131l\u0131n\u0131 kutlamaktay\u0131z. Ayn\u0131 zamanda Donanma G\u00fcn\u00fc olarak da kutlanan bu tarih, denizcile\u015fmenin \u00f6nemini her y\u0131l oldu\u011fu gibi bu y\u0131l da bizlere hat\u0131rlatmakta.   Bu say\u0131m\u0131zda yine birbirinden de\u011ferli \u00e7al\u0131\u015fmalarla kar\u015f\u0131n\u0131zday\u0131z.   Yazarlar\u0131m\u0131zdan Kaptan Ali Karakul\u2019un k\u0131z\u0131, 11. s\u0131n\u0131f \u00f6\u011frencisi Melek Naz Karakul\u2019un yazd\u0131\u011f\u0131 ve 19 Nisan 2022 tarihli Kabata\u015f Erkek Lisesi Geleneksel Beh\u00e7et Necatigil 11. \u015eiir Yar\u0131\u015fmas\u0131\u2019nda \u00f6d\u00fcl alarak ayn\u0131 zamanda yar\u0131\u015fman\u0131n \u015fiir kitab\u0131nda yer alan \u201cHayal\u201d isimli \u015fiir, dergimizin ilk sayfalar\u0131nda sizi etkisi alt\u0131na alacak.   Klasik Tekneler Platformu\u2019nun 2018\u2019den bu yana her y\u0131l d\u00fczenledi\u011fi ve d\u00f6rd\u00fcnc\u00fcs\u00fc ger\u00e7ekle\u015ftirilen \u201cKlasik Tekneler Bulu\u015fmas\u0131\u201d ile ilgili yaz\u0131m\u0131z, Cem G\u00fcrdeniz\u2019in etkinlikte yapt\u0131\u011f\u0131 konu\u015fmas\u0131nda belirtti\u011fi gibi denizcilik k\u00fclt\u00fcr\u00fcn\u00fcn denizcile\u015fmedeki \u00f6nemine dikkatinizi \u00e7ekecek.   Amiral Hakan Ercan\u2019\u0131n \u201cAskerlik ve Denizcilik\u201d konulu yaz\u0131s\u0131, askerlik ve denizcilik aras\u0131ndaki ortak y\u00f6nleri belirtti\u011fi gibi, denizcilik bilincinin geli\u015fimi ve yayg\u0131nla\u015ft\u0131r\u0131lmas\u0131 ile denizci karakter in\u015fas\u0131n\u0131n \u00f6nemine vurgu yapmakta.   Hasan Erel\u2019in Yazar Ahmet B\u00fcke ile yapt\u0131\u011f\u0131 \u201cBir Y\u00f6r\u00fck Denizci Yazar: Ahmet B\u00fcke\u201d r\u00f6portaj\u0131n\u0131, Ahmet B\u00fcke\u2019nin usta kaleminden \u00e7\u0131km\u0131\u015f \u201cT\u00fcrk Edebiyat\u0131\u2019nda Deniz ve Denizcilik \u00dczerine\u201d ba\u015fl\u0131kl\u0131 makalesiyle birlikte zevkle okuyacaks\u0131n\u0131z.   Selim \u00d6zen\u2019in \u201cKentler, M\u00fczeler, Gemiler\u201d isimli serisinin ilki olan \u201cMayflower\u2019\u0131n \u0130zinden\u201d yaz\u0131s\u0131, ABD\u2019yi kuran Pilgrimlerin pe\u015finden sizi Yeni D\u00fcnya\u2019ya g\u00f6t\u00fcr\u00fcrken Prof. Dr. Ergun T\u00fcrkcan, \u201cRusya\u2019n\u0131n Tarihi Klostrofobyas\u0131n\u0131 Ka\u015f\u0131mak\u201d ba\u015fl\u0131kl\u0131 yaz\u0131s\u0131n\u0131n ilk b\u00f6l\u00fcm\u00fcyle Atlantik\u2019in \u00f6b\u00fcr taraf\u0131na, g\u00fcncel bir konunun tarihsel plan\u0131na \u0131\u015f\u0131k tutmakta.   Talip \u00d6zcengiz\u2019in deniz k\u0131zlar\u0131n\u0131 konu ald\u0131\u011f\u0131 yaz\u0131s\u0131, t\u0131pk\u0131 deniz k\u0131zlar\u0131n\u0131n \u015fark\u0131lar\u0131 gibi sizi etkisi alt\u0131na alacak.   6 Eyl\u00fcl 1886 y\u0131l\u0131nda kurulan Denizalt\u0131 Filomuzun 136. kurulu\u015f y\u0131ld\u00f6n\u00fcm\u00fcnde yay\u0131mlamaya ba\u015flayaca\u011f\u0131m\u0131z, Kaya \u015eener\u2019in iki b\u00f6l\u00fcmden olu\u015fan \u201cCumhuriyet\u2019in \u0130lk Y\u0131llar\u0131nda Atat\u00fcrk\u2019\u00fcn Denizalt\u0131 Gemilerine Verdi\u011fi \u00d6nem\u201d makalesi, hem d\u00fcnya hem de T\u00fcrk denizalt\u0131 gemileri tarihini okuyucuya titizlikle aktar\u0131yor.   Mehmet Ali S\u00f6kmen \u201cYa\u015farken Yazmak\u201d yaz\u0131s\u0131nda an\u0131lar\u0131n\u0131 yazarl\u0131\u011f\u0131 ile bulu\u015ftururken, arkalar\u0131nda b\u00fcy\u00fck bir deniz k\u00fclt\u00fcr\u00fc miras\u0131 b\u0131rakan Haluk Cecan ve Orhan Tuncel\u2019in haz\u0131rlad\u0131\u011f\u0131 1991 y\u0131l\u0131 yap\u0131m\u0131 \u201cMarmara Adalar\u0131nda\u201d belgeselini konu alan yaz\u0131m\u0131z, H. Can Y\u00fccel\u2019in kaleminden dergimiz sayfalar\u0131na yans\u0131yor.   Ali C\u00f6mert\u2019in ge\u00e7en say\u0131m\u0131zda ba\u015flayan \u201cGemi Manevras\u0131\u201d yaz\u0131s\u0131; gemi hareket kabiliyetinin k\u00fcrekten yelken, buhar g\u00fcc\u00fc, dizel ve turbo motora uzanan geli\u015fimini okuyucuya aktarmakta. \u00d6mer Bozkurt, \u201cRusya Arktikas\u0131\u2019nda B\u00fcy\u00fck Ke\u015fiflerin Sonuncusu: Severnaya Zemliya\u201d yaz\u0131s\u0131nda yery\u00fcz\u00fcnde son ke\u015ffedilen topraklardan birinin ke\u015fif hik\u00e2yesini bizlerle payla\u015f\u0131yor.   Sitem Ate\u015f, \u0130kinci D\u00fcnya Sava\u015f\u0131\u2019nda olas\u0131 Alman sald\u0131r\u0131lar\u0131na kar\u015f\u0131 in\u015fa edilmi\u015f ve zaman\u0131na g\u00f6re b\u00fcy\u00fck bir askeri m\u00fchendislik olan, ancak \u015fimdi unutulmu\u015f ve ne yaz\u0131k ki bir\u00e7o\u011fu da y\u0131k\u0131l\u0131p kaybolmu\u015f olan beton koruganlara, \u201cDur Yolcu\u201d ba\u015fl\u0131kl\u0131 yaz\u0131s\u0131nda edebi zarafetiyle dikkat \u00e7ekiyor.   Funda Songur\u2019un \u201cModern Osmanl\u0131 Bahriyesinde Lojistik \u0130mk\u00e2n ve Kabiliyetler\u201d makalesi bahriyede lojisti\u011fin \u00f6nemini g\u00f6zler \u00f6n\u00fcne sererken, Hasan Erel\u2019in \u201cDeniz Kokusu\u201d yaz\u0131s\u0131 sizi Ege\u2019de nostalji dolu bir yolculu\u011fa \u00e7\u0131karmakta.   Alptu\u011f G\u00fcney\u2019in ge\u00e7en say\u0131m\u0131zdan devam eden ve Kuzey Denizi\u2019nin Robin Hood\u2019u \u201cKlaus St\u00f6rtebeker ve Vitalienbr\u00fcder\u201d konulu yaz\u0131 dizisi, bu say\u0131m\u0131zda da okuyucunun ilgisini \u00e7ekecek.     Numan Pekdemir kendisiyle ayn\u0131 yerde, Bodrum\u2019un Karaba\u011f k\u00f6y\u00fcnde do\u011fmu\u015f olan Turgut Reis\u2019i kendi an\u0131lar\u0131yla harmanlayarak sizlerle bulu\u015ftururken uzun y\u0131llard\u0131r Ankara\u2019da hizmet veren Ankara Deniz Kul\u00fcb\u00fc Yelkencilik Okulu\u2019nun sahipleri Tokdemir ailesiyle yapt\u0131\u011f\u0131m\u0131z s\u00f6yle\u015fiyi de be\u011fenerek okuyacaks\u0131n\u0131z.     Son olarak bal\u0131k av yasa\u011f\u0131n\u0131n kalmas\u0131yla birlikte, \u00f6zledi\u011finiz bal\u0131k sofralar\u0131n\u0131z i\u00e7in lezzetli bir tarif \u00f6nerimiz var: \u201cTran\u00e7a Bal\u0131\u011f\u0131 Dolmas\u0131\u201d.   R\u00fczg\u00e2r\u0131n\u0131z kolay\u0131na ve pruvan\u0131z her zaman neta olsun\u2026 <\/p>\n","protected":false},"excerpt":{"rendered":"<p>Bu y\u0131l Eyl\u00fcl ay\u0131na, her sene b\u00fcy\u00fck co\u015fku ile kutlad\u0131\u011f\u0131m\u0131z B\u00fcy\u00fck Taarruz ve Ba\u015fkomutanl\u0131k Meydan Muharebesi\u2019nin 100. y\u0131l\u0131 sebebiyle, ayr\u0131 bir gurur ya\u015fayarak giriyoruz. Anadolu\u2019nun i\u015fgalden<span class=\"excerpt-hellip\"> [\u2026]<\/span><\/p>\n","protected":false},"featured_media":0,"template":"","meta":{"_monsterinsights_skip_tracking":false,"_monsterinsights_sitenote_active":false,"_monsterinsights_sitenote_note":"","_monsterinsights_sitenote_category":0},"product_brand":[],"product_cat":[17574,13527],"product_tag":[],"class_list":{"0":"post-744012","1":"product","2":"type-product","3":"status-publish","5":"product_cat-politika","6":"product_cat-sureli-yayinlar","7":"pa_cilt-ciltsiz","8":"pa_tur-dergi","9":"pa_yayinevi-pankus-yayinlari","10":"pa_yazar-pankus-yayinlari-kolektif","12":"first","13":"instock","14":"sale","15":"shipping-taxable","16":"purchasable","17":"product-type-simple"},"_links":{"self":[{"href":"https:\/\/roveyayinevi.com.tr\/index.php\/wp-json\/wp\/v2\/product\/744012","targetHints":{"allow":["GET"]}}],"collection":[{"href":"https:\/\/roveyayinevi.com.tr\/index.php\/wp-json\/wp\/v2\/product"}],"about":[{"href":"https:\/\/roveyayinevi.com.tr\/index.php\/wp-json\/wp\/v2\/types\/product"}],"wp:attachment":[{"href":"https:\/\/roveyayinevi.com.tr\/index.php\/wp-json\/wp\/v2\/media?parent=744012"}],"wp:term":[{"taxonomy":"product_brand","embeddable":true,"href":"https:\/\/roveyayinevi.com.tr\/index.php\/wp-json\/wp\/v2\/product_brand?post=744012"},{"taxonomy":"product_cat","embeddable":true,"href":"https:\/\/roveyayinevi.com.tr\/index.php\/wp-json\/wp\/v2\/product_cat?post=744012"},{"taxonomy":"product_tag","embeddable":true,"href":"https:\/\/roveyayinevi.com.tr\/index.php\/wp-json\/wp\/v2\/product_tag?post=744012"}],"curies":[{"name":"wp","href":"https:\/\/api.w.org\/{rel}","templated":true}]}}