{"id":743918,"date":"2025-08-28T01:45:38","date_gmt":"2025-08-27T22:45:38","guid":{"rendered":"https:\/\/roveyayinevi.com.tr\/index.php\/urun\/dil-ve-zihnin-felsefesi\/"},"modified":"2026-04-16T02:55:35","modified_gmt":"2026-04-15T23:55:35","slug":"dil-ve-zihnin-felsefesi","status":"publish","type":"product","link":"https:\/\/roveyayinevi.com.tr\/index.php\/urun\/dil-ve-zihnin-felsefesi\/","title":{"rendered":"Dil (ve Zihnin) Felsefesi"},"content":{"rendered":"<p>Dil felsefesi ve zihin felsefesi art\u0131k ayr\u0131\u015fmaz bir b\u00fct\u00fcn olu\u015fturur. Dilsel anlat\u0131m \u201canlam i\u00e7erir\u201d. Peki, bu ne anlama gelir? Fran\u00e7ois Recanati \u00fc\u00e7 olas\u0131 yan\u0131t\u0131 birbirinden ay\u0131rt eder. Birinci yan\u0131ta g\u00f6re anlam i\u00e7ermek, (dilsel bir anlat\u0131m i\u00e7in) zihinsel temsillerle ili\u015fkilendirilmektir. \u0130kici yan\u0131ta g\u00f6re anlam i\u00e7ermek, \u201cat\u0131fta bulunmak\u201d ve d\u00fcnyada bir \u015feye \u2013dil d\u0131\u015f\u0131 bir ger\u00e7ekli\u011fe\u2013 g\u00f6nderme yapmakt\u0131r. \u00dc\u00e7\u00fcnc\u00fc yan\u0131ta g\u00f6re ise anlam i\u00e7ermek, s\u00f6z denilen bu toplumsal etkinlikte ay\u0131rt edici bir rol oynamakt\u0131r. Birinci yan\u0131t zihinsel temsillere g\u00f6nderme yapar. Ancak zihinsel temsil i\u00e7in bir i\u00e7eri\u011fe sahip olmak ne demektir? As\u0131l soru daha geneldir diye bir d\u00fc\u015f\u00fcnceye y\u00f6neliriz: Anlam i\u00e7ermek ya da bir i\u00e7eri\u011fe sahip olmak ne demek? (Dilsel ya da zihinsel) bir temsil nedir? \u00c7a\u011fda\u015f filozoflar, d\u00fc\u015f\u00fcncenin yan\u0131s\u0131ra dile de uygulanabilecek kadar geni\u015f bir i\u00e7erik kuram\u0131 aray\u0131\u015f\u0131ndad\u0131rlar. Fran\u00e7ois Recanati bunlar\u0131n \u00e7abalar\u0131n\u0131 bize tan\u0131t\u0131p Wittgenstein\u2019dan ilham al\u0131nm\u0131\u015f \u201cpragmatik\u201d yakla\u015f\u0131m lehinde bir sonuca ula\u015f\u0131r. D\u00fc\u015f\u00fcnceyi ve dili d\u00fcnyay\u0131 temsil ettiren \u015fey, her \u015feyden \u00f6nce d\u00fc\u015f\u00fcnce ve dilin d\u00fcnyada olmas\u0131, \u2018burada\u2019 bir yere sahip olmas\u0131 ve \u2018burada\u2019 bir rol oynamas\u0131d\u0131r.    <\/p>\n","protected":false},"excerpt":{"rendered":"<p>Dil felsefesi ve zihin felsefesi art\u0131k ayr\u0131\u015fmaz bir b\u00fct\u00fcn olu\u015fturur. Dilsel anlat\u0131m \u201canlam i\u00e7erir\u201d. Peki, bu ne anlama gelir? Fran\u00e7ois Recanati \u00fc\u00e7 olas\u0131 yan\u0131t\u0131 birbirinden ay\u0131rt<span class=\"excerpt-hellip\"> [\u2026]<\/span><\/p>\n","protected":false},"featured_media":0,"template":"","meta":{"_monsterinsights_skip_tracking":false,"_monsterinsights_sitenote_active":false,"_monsterinsights_sitenote_note":"","_monsterinsights_sitenote_category":0},"product_brand":[],"product_cat":[12389,12388],"product_tag":[],"class_list":{"0":"post-743918","1":"product","2":"type-product","3":"status-publish","5":"product_cat-diger-felsefe","6":"product_cat-felsefe","7":"pa_cilt-ciltsiz","8":"pa_tur-kitap","9":"pa_yayinevi-dogu-bati-yayinlari","10":"pa_yazar-francois-recanati","12":"first","13":"instock","14":"sale","15":"shipping-taxable","16":"purchasable","17":"product-type-simple"},"_links":{"self":[{"href":"https:\/\/roveyayinevi.com.tr\/index.php\/wp-json\/wp\/v2\/product\/743918","targetHints":{"allow":["GET"]}}],"collection":[{"href":"https:\/\/roveyayinevi.com.tr\/index.php\/wp-json\/wp\/v2\/product"}],"about":[{"href":"https:\/\/roveyayinevi.com.tr\/index.php\/wp-json\/wp\/v2\/types\/product"}],"wp:attachment":[{"href":"https:\/\/roveyayinevi.com.tr\/index.php\/wp-json\/wp\/v2\/media?parent=743918"}],"wp:term":[{"taxonomy":"product_brand","embeddable":true,"href":"https:\/\/roveyayinevi.com.tr\/index.php\/wp-json\/wp\/v2\/product_brand?post=743918"},{"taxonomy":"product_cat","embeddable":true,"href":"https:\/\/roveyayinevi.com.tr\/index.php\/wp-json\/wp\/v2\/product_cat?post=743918"},{"taxonomy":"product_tag","embeddable":true,"href":"https:\/\/roveyayinevi.com.tr\/index.php\/wp-json\/wp\/v2\/product_tag?post=743918"}],"curies":[{"name":"wp","href":"https:\/\/api.w.org\/{rel}","templated":true}]}}