{"id":743886,"date":"2025-08-28T01:44:58","date_gmt":"2025-08-27T22:44:58","guid":{"rendered":"https:\/\/roveyayinevi.com.tr\/index.php\/urun\/dunya-acisi-weltschmerz\/"},"modified":"2026-04-16T02:55:34","modified_gmt":"2026-04-15T23:55:34","slug":"dunya-acisi-weltschmerz","status":"publish","type":"product","link":"https:\/\/roveyayinevi.com.tr\/index.php\/urun\/dunya-acisi-weltschmerz\/","title":{"rendered":"D\u00fcnya Ac\u0131s\u0131 (Weltschmerz)"},"content":{"rendered":"<p>D\u00fcnya Ac\u0131s\u0131 (Weltschmerz), on dokuzuncu y\u00fczy\u0131l\u0131n ikinci yar\u0131s\u0131nda Alman felsefesine egemen olan k\u00f6t\u00fcmserli\u011fe dair bir \u00e7al\u0131\u015fmad\u0131r. K\u00f6t\u00fcmserlik, esasen hayat\u0131n ya\u015famaya de\u011fmedi\u011fi teorisiydi. Bu teori, felsefesi 1860\u2019larda \u00e7ok moda olan Schopenhauer taraf\u0131ndan Alman felsefesine tan\u0131t\u0131ld\u0131. Frederick C. Beiser, Almanya\u2019da felsefenin g\u00fcndemini bilimlerin mant\u0131\u011f\u0131ndan uzakla\u015ft\u0131ran ve ya\u015fam\u0131n de\u011ferinin incelenmesine do\u011fru de\u011fi\u015ftiren Schopenhauer\u2019in k\u00f6t\u00fcmserli\u011finden do\u011fan yo\u011fun ve uzun tart\u0131\u015fmay\u0131 irdeliyor. K\u00f6t\u00fcmserli\u011fin ba\u015fl\u0131ca savunucular\u0131n\u0131 (Philipp Mainl\u00e4nder, Eduard von Hartmann ve Julius Bahnsen) ve ba\u015fl\u0131ca ele\u015ftirmenlerini, \u00f6zellikle Eugen D\u00fchring ve Yeni-Kant\u00e7\u0131lar\u0131 ele al\u0131yor.    Y\u00fczy\u0131l\u0131n ikinci yar\u0131s\u0131n\u0131n k\u00f6t\u00fcmserlik tart\u0131\u015fmas\u0131, ikincil literat\u00fcrde b\u00fcy\u00fck \u00f6l\u00e7\u00fcde g\u00f6z ard\u0131 edilmi\u015ftir ve bu kitap, 1880\u2019lerden bu yana, onu yeniden incelemeye ve ortaya att\u0131\u011f\u0131 \u00f6nemli felsefi sorunlar\u0131 analiz etmeye y\u00f6nelik ilk giri\u015fimdir. Tart\u0131\u015fma, hepsinin en temel felsefi sorunuyla ilgiliydi: Hayat\u0131n ya\u015famaya de\u011fer olup olmad\u0131\u011f\u0131. <\/p>\n","protected":false},"excerpt":{"rendered":"<p>D\u00fcnya Ac\u0131s\u0131 (Weltschmerz), on dokuzuncu y\u00fczy\u0131l\u0131n ikinci yar\u0131s\u0131nda Alman felsefesine egemen olan k\u00f6t\u00fcmserli\u011fe dair bir \u00e7al\u0131\u015fmad\u0131r. K\u00f6t\u00fcmserlik, esasen hayat\u0131n ya\u015famaya de\u011fmedi\u011fi teorisiydi. Bu teori, felsefesi 1860\u2019larda<span class=\"excerpt-hellip\"> [\u2026]<\/span><\/p>\n","protected":false},"featured_media":0,"template":"","meta":{"_monsterinsights_skip_tracking":false,"_monsterinsights_sitenote_active":false,"_monsterinsights_sitenote_note":"","_monsterinsights_sitenote_category":0},"product_brand":[],"product_cat":[12388,14717],"product_tag":[],"class_list":{"0":"post-743886","1":"product","2":"type-product","3":"status-publish","5":"product_cat-felsefe","6":"product_cat-felsefe-tarihi","7":"pa_cilt-ciltsiz","8":"pa_tur-kitap","9":"pa_yayinevi-say-yayinlari","10":"pa_yazar-frederick-c-beiser","12":"first","13":"instock","14":"sale","15":"shipping-taxable","16":"purchasable","17":"product-type-simple"},"_links":{"self":[{"href":"https:\/\/roveyayinevi.com.tr\/index.php\/wp-json\/wp\/v2\/product\/743886","targetHints":{"allow":["GET"]}}],"collection":[{"href":"https:\/\/roveyayinevi.com.tr\/index.php\/wp-json\/wp\/v2\/product"}],"about":[{"href":"https:\/\/roveyayinevi.com.tr\/index.php\/wp-json\/wp\/v2\/types\/product"}],"wp:attachment":[{"href":"https:\/\/roveyayinevi.com.tr\/index.php\/wp-json\/wp\/v2\/media?parent=743886"}],"wp:term":[{"taxonomy":"product_brand","embeddable":true,"href":"https:\/\/roveyayinevi.com.tr\/index.php\/wp-json\/wp\/v2\/product_brand?post=743886"},{"taxonomy":"product_cat","embeddable":true,"href":"https:\/\/roveyayinevi.com.tr\/index.php\/wp-json\/wp\/v2\/product_cat?post=743886"},{"taxonomy":"product_tag","embeddable":true,"href":"https:\/\/roveyayinevi.com.tr\/index.php\/wp-json\/wp\/v2\/product_tag?post=743886"}],"curies":[{"name":"wp","href":"https:\/\/api.w.org\/{rel}","templated":true}]}}