{"id":743873,"date":"2025-08-28T01:44:40","date_gmt":"2025-08-27T22:44:40","guid":{"rendered":"https:\/\/roveyayinevi.com.tr\/index.php\/urun\/el-kamilde-selcuklular\/"},"modified":"2026-04-16T02:55:33","modified_gmt":"2026-04-15T23:55:33","slug":"el-kamilde-selcuklular","status":"publish","type":"product","link":"https:\/\/roveyayinevi.com.tr\/index.php\/urun\/el-kamilde-selcuklular\/","title":{"rendered":"El-K\u00e2mil\u2019de Sel\u00e7uklular"},"content":{"rendered":"<p>T\u00fcrk, \u0130sl\u00e2m ve d\u00fcnya tarihinde \u00f6nemli rol oynayan Sel\u00e7uklular hakk\u0131nda zengin ve g\u00fcvenilir malumat i\u00e7eren kaynaklar aras\u0131nda \u0130bn\u00fc\u2019l-Es\u00eer\u2019in el-K\u00e2mil fi\u2019t-T\u00e2r\u00eeh adl\u0131 eserinin hi\u00e7 \u015f\u00fcphesiz m\u00fcstesna bir yeri vard\u0131r. Nitekim \u00fcnl\u00fc m\u00fcste\u015frik Barthold, el-K\u00e2mil\u2019in ne\u015frinden sonra M\u00fcsl\u00fcman Do\u011fu\u2019nun tarihiyle alakal\u0131 incelemelerde bulunanlar\u0131n g\u00fcvenilir kayna\u011fa kavu\u015ftu\u011funu, \u0130bn\u00fc\u2019l-Es\u00eer\u2019in o zamanlar pek az g\u00f6r\u00fclen bir hassasiyetle malzeme toplad\u0131\u011f\u0131n\u0131 ve eserinin basit bir vekayinameden ibaret olmad\u0131\u011f\u0131n\u0131 kaydetmektedir. Nakillerinin sa\u011flaml\u0131\u011f\u0131yla tan\u0131nan \u0130bn\u00fc\u2019l-Es\u00eer, kendisine Orta\u00e7a\u011f\u2019\u0131n en g\u00fcvenilir tarih\u00e7ilerinden biri olma vasf\u0131n\u0131 kazand\u0131ran el-K\u00e2mil fi\u2019t-T\u00e2r\u00eeh\u2019te Sel\u00e7uklu Ailesi\u2019nin men\u015fei, tarih sahnesine \u00e7\u0131k\u0131\u015flar\u0131, B\u00fcy\u00fck Sel\u00e7uklu Devleti\u2019nin kurulu\u015fundan y\u0131k\u0131l\u0131\u015f\u0131na vuku bulan olaylar, taht kavgalar\u0131, Ha\u00e7l\u0131 Seferleri, Ha\u00e7l\u0131lar ve B\u00e2t\u0131n\u00eelerle yap\u0131lan m\u00fccadeleler, k\u0131tl\u0131klar, yang\u0131nlar, mezhep \u00e7at\u0131\u015fmalar\u0131, isyan ve kar\u0131\u015f\u0131kl\u0131klar, depremler, medreseler, m\u00fcderrisler ve me\u015fhur simalar\u0131n k\u0131sa biyografileri hakk\u0131nda, ba\u015fta Sel\u00e7uklu hanedan\u0131 mensuplar\u0131ndan al\u0131nan bilgilerden derlenen Melikn\u00e2me olmak \u00fczere birinci elden kaynaklara, resm\u00ee vesikalara, halife ve sultanlar\u0131n men\u015f\u00fbrlar\u0131na, \u00f6nemli makam ve mevkilerde bulunmu\u015f devlet adamlar\u0131 ve t\u00fcccarlardan ald\u0131\u011f\u0131 \u015fifah\u00ee bilgilere istinaden g\u00fcvenilir bilgiler sunmaktad\u0131r. Tarihte oynad\u0131klar\u0131 rol itibar\u0131yla B\u00fcy\u00fck Sel\u00e7uklu \u0130mparatorlu\u011fu\u2019ndan sonra ikinci s\u0131rada bug\u00fcn \u00fczerinde ya\u015fad\u0131\u011f\u0131m\u0131z Anadolu topraklar\u0131nda kurulan ve 1075 (ya da 1080-1081)-1308 y\u0131llar\u0131 aras\u0131nda h\u00fck\u00fcm s\u00fcren ve Anadolu\u2019yu T\u00fcrkiye (T\u00fcrklerle mesk\u00fbn b\u00f6lge) yaparak 233 y\u0131l boyunca bu topraklarda h\u00e2kimiyet kuran T\u00fcrkiye Sel\u00e7uklular\u0131 (Sel\u00e2cika-i R\u00fbm) yer almaktad\u0131r. \u0130bn\u00fc\u2019l-Es\u00eer el-K\u00e2mil\u2019de Sel\u00e7uklular\u0131n bu koluyla ilgili olarak 628 (1231) y\u0131l\u0131na kadar vuku bulan siyas\u00ee ve i\u00e7tima\u00ee olaylar konusunda bir\u00e7ok malumat aktarmaktad\u0131r. Ayr\u0131ca Kirman Sel\u00e7uklular\u0131 (1048-1187), Suriye Sel\u00e7uklular\u0131 (1079-1117) ve Irak Sel\u00e7uklular\u0131 (1118-1194) hakk\u0131nda da birinci elden kaynaklara, ar\u015fiv belgelerine, tevk\u00ee, men\u015f\u00fbr ve ahidn\u00e2melere, umum\u00ee tarihlere, tabakat ve ter\u00e2cim-i ahv\u00e2l kitaplar\u0131na, \u015fehir ve b\u00f6lge tarihlerine dayanarak olduk\u00e7a ayr\u0131nt\u0131l\u0131 bilgi verir. el-K\u00e2mil fi\u2019t-Tarih, Sel\u00e7uklu tarihiyle ilgilenen ara\u015ft\u0131rmac\u0131 ve tarih\u00e7ilerin asla m\u00fcsta\u011fn\u00ee kalamayacaklar\u0131 e\u015fsiz bir kaynakt\u0131r. <\/p>\n","protected":false},"excerpt":{"rendered":"<p>T\u00fcrk, \u0130sl\u00e2m ve d\u00fcnya tarihinde \u00f6nemli rol oynayan Sel\u00e7uklular hakk\u0131nda zengin ve g\u00fcvenilir malumat i\u00e7eren kaynaklar aras\u0131nda \u0130bn\u00fc\u2019l-Es\u00eer\u2019in el-K\u00e2mil fi\u2019t-T\u00e2r\u00eeh adl\u0131 eserinin hi\u00e7 \u015f\u00fcphesiz m\u00fcstesna bir<span class=\"excerpt-hellip\"> [\u2026]<\/span><\/p>\n","protected":false},"featured_media":0,"template":"","meta":{"_monsterinsights_skip_tracking":false,"_monsterinsights_sitenote_active":false,"_monsterinsights_sitenote_note":"","_monsterinsights_sitenote_category":0},"product_brand":[],"product_cat":[12312,12304],"product_tag":[],"class_list":{"0":"post-743873","1":"product","2":"type-product","3":"status-publish","5":"product_cat-diger","6":"product_cat-tarih","7":"pa_cilt-ciltsiz","8":"pa_tur-kitap","9":"pa_yayinevi-bilge-kultur-sanat","10":"pa_yazar-ibnul-esir","12":"first","13":"instock","14":"sale","15":"shipping-taxable","16":"purchasable","17":"product-type-simple"},"_links":{"self":[{"href":"https:\/\/roveyayinevi.com.tr\/index.php\/wp-json\/wp\/v2\/product\/743873","targetHints":{"allow":["GET"]}}],"collection":[{"href":"https:\/\/roveyayinevi.com.tr\/index.php\/wp-json\/wp\/v2\/product"}],"about":[{"href":"https:\/\/roveyayinevi.com.tr\/index.php\/wp-json\/wp\/v2\/types\/product"}],"wp:attachment":[{"href":"https:\/\/roveyayinevi.com.tr\/index.php\/wp-json\/wp\/v2\/media?parent=743873"}],"wp:term":[{"taxonomy":"product_brand","embeddable":true,"href":"https:\/\/roveyayinevi.com.tr\/index.php\/wp-json\/wp\/v2\/product_brand?post=743873"},{"taxonomy":"product_cat","embeddable":true,"href":"https:\/\/roveyayinevi.com.tr\/index.php\/wp-json\/wp\/v2\/product_cat?post=743873"},{"taxonomy":"product_tag","embeddable":true,"href":"https:\/\/roveyayinevi.com.tr\/index.php\/wp-json\/wp\/v2\/product_tag?post=743873"}],"curies":[{"name":"wp","href":"https:\/\/api.w.org\/{rel}","templated":true}]}}