{"id":743867,"date":"2025-08-28T01:44:34","date_gmt":"2025-08-27T22:44:34","guid":{"rendered":"https:\/\/roveyayinevi.com.tr\/index.php\/urun\/kriz-doneminde-stratejik-yonetim-1\/"},"modified":"2026-04-16T02:55:33","modified_gmt":"2026-04-15T23:55:33","slug":"kriz-doneminde-stratejik-yonetim-1","status":"publish","type":"product","link":"https:\/\/roveyayinevi.com.tr\/index.php\/urun\/kriz-doneminde-stratejik-yonetim-1\/","title":{"rendered":"Kriz D\u00f6neminde Stratejik Y\u00f6netim-1"},"content":{"rendered":"<p>Kriz y\u00f6netimi, bir \u015firketin krizi en az kay\u0131pla atlatmas\u0131n\u0131 sa\u011flar. Say\u0131n Tekeo\u011flu, Koronavir\u00fcs g\u00fcnlerinde \u00f6nemli i\u015f insanlar\u0131 ile s\u00f6yle\u015fi yaparak kriz y\u00f6netimine dair \u00f6nemli bir s\u00f6zl\u00fc tarih \u00e7al\u0131\u015fmas\u0131 yapm\u0131\u015f oldu. (Abdullah Ki\u011f\u0131l\u0131 &#8211; Ki\u011f\u0131l\u0131 Y\u00f6netim Kurulu Ba\u015fkan\u0131) *** \u00d6\u011frencilere ve i\u015f d\u00fcnyas\u0131na destek olmak \u00fczere haz\u0131rlanan bu k\u0131ymetli eser, d\u00fcnyay\u0131 derinden etkileyen Covid-19 pandemisinin i\u015f d\u00fcnyas\u0131na etkilerini ve bu iki y\u0131lda \u015firketlerin uygulad\u0131\u011f\u0131 kriz y\u00f6netimi (bize g\u00f6re endi\u015fe y\u00f6netimi) yakla\u015f\u0131mlar\u0131n\u0131 anlat\u0131yor. (Mehmet Nane &#8211; Pegasus \u0130cra Kurulu Ba\u015fkan\u0131) *** Gelece\u011fi planlaman\u0131n en iyi yolu onu tasarlamakt\u0131r. Kriz d\u00f6nemlerinde en g\u00fc\u00e7l\u00fc olanlar de\u011fil, de\u011fi\u015fime ayak uyduranlar hayatta kalmay\u0131 ba\u015far\u0131r. (Mehmet Reis &#8211; Reis G\u0131da Y\u00f6netim Kurulu Ba\u015fkan\u0131) *** Koronavir\u00fcs d\u00f6neminde ekonomi durma noktas\u0131na geldi, i\u015f yapma bi\u00e7imlerimiz de\u011fi\u015fti. Bu d\u00f6nemde i\u015f d\u00fcnyas\u0131n\u0131n \u00f6nemli temsilcileriyle yap\u0131lan bu s\u00f6yle\u015filer gelecek nesiller i\u00e7in kal\u0131c\u0131 bir kaynak olacak. (Meltem Kurtsan &#8211; Otac\u0131 ve HerbaFarm Akademi Kurucusu) *** Sekt\u00f6rlerinde fark yaratm\u0131\u015f isimlerin, pandemi d\u00f6nemi ajandalar\u0131n\u0131n ve ayakta durmay\u0131 ba\u015farmalar\u0131n\u0131 sa\u011flayan \u00e7al\u0131\u015fmalar\u0131n gelecek nesillere ta\u015f\u0131nacak olmas\u0131 beni \u00e7ok mutlu etti. (\u00d6mer Tavilo\u011flu \u2013 Mudo CEO\u2019su) *** Pandemi d\u00f6nemi, i\u015f d\u00fcnyas\u0131n\u0131n akademik \u00e7evrelerle deneyim payla\u015f\u0131m\u0131nda yeni a\u00e7\u0131l\u0131mlar sa\u011flad\u0131. Ben de bu de\u011ferli \u00e7al\u0131\u015fmada yer almaktan mesleki haz ve gurur duydum. (Sevdil Y\u0131ld\u0131r\u0131m, Tahsildaro\u011flu Genel M\u00fcd\u00fcr CEO) *** \u00c7ok de\u011fil, daha iki y\u0131l \u00f6nce ya\u015fad\u0131\u011f\u0131m\u0131z endi\u015fe ve s\u0131k\u0131nt\u0131lar\u0131 sanki hi\u00e7 ya\u015famam\u0131\u015f gibiyiz. Ge\u00e7irdi\u011fimiz zor g\u00fcnlerin daha iyi hat\u0131rlanmas\u0131n\u0131 sa\u011flayacak bu s\u00f6yle\u015fi kitab\u0131 \u00e7ok de\u011ferli. (Sinan \u00d6ncel \u2013 Birle\u015fmi\u015f Markalar Derne\u011fi Ba\u015fkan\u0131, Twigy Y\u00f6netim Kurulu Ba\u015fkan\u0131) *** De\u011ferli dostum Nurdan\u2019a perakende sekt\u00f6r\u00fc i\u00e7in verdi\u011fi t\u00fcm emekler ve de\u011ferli \u00e7al\u0131\u015fmalar\u0131 i\u00e7in te\u015fekk\u00fcrlerimi sunar\u0131m. (Suat Soysal \u2013 Soysal Kurucu Ba\u015fkan\u0131) <\/p>\n","protected":false},"excerpt":{"rendered":"<p>Kriz y\u00f6netimi, bir \u015firketin krizi en az kay\u0131pla atlatmas\u0131n\u0131 sa\u011flar. Say\u0131n Tekeo\u011flu, Koronavir\u00fcs g\u00fcnlerinde \u00f6nemli i\u015f insanlar\u0131 ile s\u00f6yle\u015fi yaparak kriz y\u00f6netimine dair \u00f6nemli bir s\u00f6zl\u00fc<span class=\"excerpt-hellip\"> [\u2026]<\/span><\/p>\n","protected":false},"featured_media":0,"template":"","meta":{"_monsterinsights_skip_tracking":false,"_monsterinsights_sitenote_active":false,"_monsterinsights_sitenote_note":"","_monsterinsights_sitenote_category":0},"product_brand":[],"product_cat":[13059,12337],"product_tag":[],"class_list":{"0":"post-743867","1":"product","2":"type-product","3":"status-publish","5":"product_cat-diger-politika-siyaset","6":"product_cat-politika-siyaset","7":"pa_cilt-ciltsiz","8":"pa_tur-kitap","9":"pa_yayinevi-cinaralti-yayinlari","10":"pa_yazar-nurdan-tumbek-tekeoglu","12":"first","13":"instock","14":"sale","15":"shipping-taxable","16":"purchasable","17":"product-type-simple"},"_links":{"self":[{"href":"https:\/\/roveyayinevi.com.tr\/index.php\/wp-json\/wp\/v2\/product\/743867","targetHints":{"allow":["GET"]}}],"collection":[{"href":"https:\/\/roveyayinevi.com.tr\/index.php\/wp-json\/wp\/v2\/product"}],"about":[{"href":"https:\/\/roveyayinevi.com.tr\/index.php\/wp-json\/wp\/v2\/types\/product"}],"wp:attachment":[{"href":"https:\/\/roveyayinevi.com.tr\/index.php\/wp-json\/wp\/v2\/media?parent=743867"}],"wp:term":[{"taxonomy":"product_brand","embeddable":true,"href":"https:\/\/roveyayinevi.com.tr\/index.php\/wp-json\/wp\/v2\/product_brand?post=743867"},{"taxonomy":"product_cat","embeddable":true,"href":"https:\/\/roveyayinevi.com.tr\/index.php\/wp-json\/wp\/v2\/product_cat?post=743867"},{"taxonomy":"product_tag","embeddable":true,"href":"https:\/\/roveyayinevi.com.tr\/index.php\/wp-json\/wp\/v2\/product_tag?post=743867"}],"curies":[{"name":"wp","href":"https:\/\/api.w.org\/{rel}","templated":true}]}}