{"id":743845,"date":"2025-08-28T01:44:09","date_gmt":"2025-08-27T22:44:09","guid":{"rendered":"https:\/\/roveyayinevi.com.tr\/index.php\/urun\/erken-cocukluk-doneminde-ozel-ustun-yetenekli-cocuklar\/"},"modified":"2026-04-16T02:55:32","modified_gmt":"2026-04-15T23:55:32","slug":"erken-cocukluk-doneminde-ozel-ustun-yetenekli-cocuklar","status":"publish","type":"product","link":"https:\/\/roveyayinevi.com.tr\/index.php\/urun\/erken-cocukluk-doneminde-ozel-ustun-yetenekli-cocuklar\/","title":{"rendered":"Erken \u00c7ocukluk D\u00f6neminde \u00d6zel \/ \u00dcst\u00fcn Yetenekli \u00c7ocuklar"},"content":{"rendered":"<p>21. y\u00fczy\u0131lda soru soran, d\u00fc\u015f\u00fcnen, ara\u015ft\u0131ran, \u00fcreten ve kendini ifade edebilen bireyler yeti\u015ftirmek hem ebeveynlerin hem de e\u011fitimcilerin en b\u00fcy\u00fck arzusu. Bu s\u00fcre\u00e7, bizi h\u0131zla sonuca g\u00f6t\u00fcrmeyi hedefleyen \u201cnas\u0131l\u201d sorusunu hemen sormak yerine \u201cneyi\/kimi\u201d sorusuyla ba\u015flamay\u0131 gerektirir.   Bu \u00e7al\u0131\u015fma da, birey yeti\u015ftirmenin bilindi\u011fi \u00fczere en kritik ve en etkili periyodu olan erken \u00e7ocukluk d\u00f6nemi i\u00e7in bu kavramlar\u0131 daha net hale getirerek kavramlar\u0131n niteledi\u011fi bireylerin belirlenmesi, tan\u0131lanmas\u0131 ve e\u011fitilmesi konusunda bilgi, tecr\u00fcbe ve \u00f6neriler verilmi\u015f, uygulama \u00f6rnekleri ile konular peki\u015ftirilmeye \u00e7al\u0131\u015f\u0131lm\u0131\u015ft\u0131r.<\/p>\n","protected":false},"excerpt":{"rendered":"<p>21. y\u00fczy\u0131lda soru soran, d\u00fc\u015f\u00fcnen, ara\u015ft\u0131ran, \u00fcreten ve kendini ifade edebilen bireyler yeti\u015ftirmek hem ebeveynlerin hem de e\u011fitimcilerin en b\u00fcy\u00fck arzusu. Bu s\u00fcre\u00e7, bizi h\u0131zla sonuca<span class=\"excerpt-hellip\"> [\u2026]<\/span><\/p>\n","protected":false},"featured_media":0,"template":"","meta":{"_monsterinsights_skip_tracking":false,"_monsterinsights_sitenote_active":false,"_monsterinsights_sitenote_note":"","_monsterinsights_sitenote_category":0},"product_brand":[],"product_cat":[12573,12566],"product_tag":[],"class_list":{"0":"post-743845","1":"product","2":"type-product","3":"status-publish","5":"product_cat-akademik-kitaplar","6":"product_cat-egitim","7":"pa_cilt-ciltsiz","8":"pa_tur-kitap","9":"pa_yayinevi-egiten-kitap","10":"pa_yazar-filiz-karadag","12":"first","13":"instock","14":"sale","15":"shipping-taxable","16":"purchasable","17":"product-type-simple"},"_links":{"self":[{"href":"https:\/\/roveyayinevi.com.tr\/index.php\/wp-json\/wp\/v2\/product\/743845","targetHints":{"allow":["GET"]}}],"collection":[{"href":"https:\/\/roveyayinevi.com.tr\/index.php\/wp-json\/wp\/v2\/product"}],"about":[{"href":"https:\/\/roveyayinevi.com.tr\/index.php\/wp-json\/wp\/v2\/types\/product"}],"wp:attachment":[{"href":"https:\/\/roveyayinevi.com.tr\/index.php\/wp-json\/wp\/v2\/media?parent=743845"}],"wp:term":[{"taxonomy":"product_brand","embeddable":true,"href":"https:\/\/roveyayinevi.com.tr\/index.php\/wp-json\/wp\/v2\/product_brand?post=743845"},{"taxonomy":"product_cat","embeddable":true,"href":"https:\/\/roveyayinevi.com.tr\/index.php\/wp-json\/wp\/v2\/product_cat?post=743845"},{"taxonomy":"product_tag","embeddable":true,"href":"https:\/\/roveyayinevi.com.tr\/index.php\/wp-json\/wp\/v2\/product_tag?post=743845"}],"curies":[{"name":"wp","href":"https:\/\/api.w.org\/{rel}","templated":true}]}}