{"id":743830,"date":"2025-08-28T01:43:53","date_gmt":"2025-08-27T22:43:53","guid":{"rendered":"https:\/\/roveyayinevi.com.tr\/index.php\/urun\/doga-temelli-cevre-egitimi-cilt1\/"},"modified":"2026-04-16T02:55:32","modified_gmt":"2026-04-15T23:55:32","slug":"doga-temelli-cevre-egitimi-cilt1","status":"publish","type":"product","link":"https:\/\/roveyayinevi.com.tr\/index.php\/urun\/doga-temelli-cevre-egitimi-cilt1\/","title":{"rendered":"Do\u011fa Temelli \u00c7evre E\u011fitimi  Cilt:1"},"content":{"rendered":"<p>Bu kitapta temel al\u0131nan yakla\u015f\u0131m, do\u011fa deneyimine dayal\u0131 \u00e7evre e\u011fitimi yakla\u015f\u0131m\u0131d\u0131r. Bu yakla\u015f\u0131m kendi i\u00e7erisinde farkl\u0131 \u015fekillerde kavramsalla\u015ft\u0131r\u0131l\u0131yor olsa da kitab\u0131m\u0131z kapsam\u0131nda temel alaca\u011f\u0131m\u0131z kavram &#8220;Do\u011fa Temelli \u00c7evre E\u011fitimi&#8221; \u015feklinde olacakt\u0131r. Bu nedenle de kitab\u0131n isimlendirme s\u00fcrecinde bu kavram tercih edilmi\u015ftir. \u00f6zellikle son y\u0131llarda literat\u00fcrde daha \u00e7ok de\u011finilmeye ba\u015flanan Do\u011fa Temelli \u00c7evre E\u011fitimi kavram\u0131 bireylerin do\u011fa yoluyla daha derin \u00f6\u011frenmelerine olanak sa\u011flamak amac\u0131yla kullan\u0131labilecek etkili bir ara\u00e7 olarak kar\u015f\u0131m\u0131za \u00e7\u0131kmaktad\u0131r. Do\u011fay\u0131 do\u011fadan \u00f6\u011frenen \u00e7ocuklar ve di\u011fer bireyler, ekolojik sistemleri daha iyi anlayarak b\u00fct\u00fcnc\u00fcl d\u00fc\u015f\u00fcnmeye, hem do\u011fay\u0131 hem de \u00e7evrelerini korumaya daha kolay adapte olabilirler.   Daha g\u00fczel bir d\u00fcnya i\u00e7in hep birlikte \u00e7al\u0131\u015fmal\u0131 ve \u00e7evre konusunda bilin\u00e7li nesiller yeti\u015ftirmeliyiz. \u00c7\u00fcnk\u00fc \u00e7evre miras de\u011fil, gelecek nesillere devredilecek bir emanettir.<\/p>\n","protected":false},"excerpt":{"rendered":"<p>Bu kitapta temel al\u0131nan yakla\u015f\u0131m, do\u011fa deneyimine dayal\u0131 \u00e7evre e\u011fitimi yakla\u015f\u0131m\u0131d\u0131r. Bu yakla\u015f\u0131m kendi i\u00e7erisinde farkl\u0131 \u015fekillerde kavramsalla\u015ft\u0131r\u0131l\u0131yor olsa da kitab\u0131m\u0131z kapsam\u0131nda temel alaca\u011f\u0131m\u0131z kavram &#8220;Do\u011fa<span class=\"excerpt-hellip\"> [\u2026]<\/span><\/p>\n","protected":false},"featured_media":0,"template":"","meta":{"_monsterinsights_skip_tracking":false,"_monsterinsights_sitenote_active":false,"_monsterinsights_sitenote_note":"","_monsterinsights_sitenote_category":0},"product_brand":[],"product_cat":[12573,12566],"product_tag":[],"class_list":{"0":"post-743830","1":"product","2":"type-product","3":"status-publish","5":"product_cat-akademik-kitaplar","6":"product_cat-egitim","7":"pa_cilt-ciltsiz","8":"pa_tur-kitap","9":"pa_yayinevi-egiten-kitap","10":"pa_yazar-kolektif","12":"first","13":"instock","14":"sale","15":"shipping-taxable","16":"purchasable","17":"product-type-simple"},"_links":{"self":[{"href":"https:\/\/roveyayinevi.com.tr\/index.php\/wp-json\/wp\/v2\/product\/743830","targetHints":{"allow":["GET"]}}],"collection":[{"href":"https:\/\/roveyayinevi.com.tr\/index.php\/wp-json\/wp\/v2\/product"}],"about":[{"href":"https:\/\/roveyayinevi.com.tr\/index.php\/wp-json\/wp\/v2\/types\/product"}],"wp:attachment":[{"href":"https:\/\/roveyayinevi.com.tr\/index.php\/wp-json\/wp\/v2\/media?parent=743830"}],"wp:term":[{"taxonomy":"product_brand","embeddable":true,"href":"https:\/\/roveyayinevi.com.tr\/index.php\/wp-json\/wp\/v2\/product_brand?post=743830"},{"taxonomy":"product_cat","embeddable":true,"href":"https:\/\/roveyayinevi.com.tr\/index.php\/wp-json\/wp\/v2\/product_cat?post=743830"},{"taxonomy":"product_tag","embeddable":true,"href":"https:\/\/roveyayinevi.com.tr\/index.php\/wp-json\/wp\/v2\/product_tag?post=743830"}],"curies":[{"name":"wp","href":"https:\/\/api.w.org\/{rel}","templated":true}]}}