{"id":743641,"date":"2025-08-28T01:39:27","date_gmt":"2025-08-27T22:39:27","guid":{"rendered":"https:\/\/roveyayinevi.com.tr\/index.php\/urun\/28-subat-sincandan-tarihe-notlar-cilt-1-2-birlikte-basim\/"},"modified":"2026-04-16T02:54:52","modified_gmt":"2026-04-15T23:54:52","slug":"28-subat-sincandan-tarihe-notlar-cilt-1-2-birlikte-basim","status":"publish","type":"product","link":"https:\/\/roveyayinevi.com.tr\/index.php\/urun\/28-subat-sincandan-tarihe-notlar-cilt-1-2-birlikte-basim\/","title":{"rendered":"28 \u015eubat Sincan&#8217;dan Tarihe Notlar (Cilt 1-2 Birlikte Bas\u0131m)"},"content":{"rendered":"<p>Yazar\u0131m\u0131z Alican T\u00fcrk, ikinci bask\u0131s\u0131 olan kitab\u0131n\u0131n arka kapa\u011f\u0131nda, okuyucu ile duygular\u0131n\u0131 \u015fu \u015fekilde payla\u015f\u0131yor;   \u201c\u2026 Cezaevinden h\u00e2kimlere hitaben yazd\u0131\u011f\u0131m bir mektupta; \u201cYa\u015fad\u0131\u011f\u0131m s\u00fcrece 28 \u015eubat soru\u015fturmas\u0131 ve davas\u0131 kapsam\u0131nda ortaya konan b\u00fct\u00fcn \u2018eserlerin\u2019 unutulmamas\u0131, kal\u0131c\u0131 olarak gelecek ku\u015faklara aktar\u0131lmas\u0131 i\u00e7in elim, dilim ve kalemim erdi\u011fince her t\u00fcrl\u00fc \u00e7abay\u0131 harcayaca\u011f\u0131ma s\u00f6z veriyorum.\u201d diye vurgulam\u0131\u015ft\u0131m. H\u00e2kimlere verilen o s\u00f6z\u00fcn bir par\u00e7as\u0131 ve sonucu olarak ortaya \u00e7\u0131kan bu kitap, 28 \u015eubat davas\u0131n\u0131n SORU\u015eTURMA S\u00dcREC\u0130N\u0130 \u201can\u0131 &#8211; belgesel\u201d y\u00f6n\u00fcyle ele alan ve o s\u00fcrece ili\u015fkin t\u00fcm ayr\u0131nt\u0131lar\u0131 bulabilece\u011finiz \u0130LK VE TEK KAYNAK K\u0130TAPTIR. Cezaevinden o d\u00f6neme ili\u015fkin T\u00fcrkiye\u2019nin resminin de \u00e7izildi\u011fi kitapta, yak\u0131n ge\u00e7mi\u015fimize ili\u015fkin hi\u00e7 bilinmeyen ya da yanl\u0131\u015f bilinen olaylar ger\u00e7ek y\u00f6nleriyle ayd\u0131nlat\u0131larak tarihe \u00e7ok \u00f6nemli notlar d\u00fc\u015f\u00fclm\u00fc\u015ft\u00fcr\u2026\u201d         Okuduk\u00e7a m\u00fcthi\u015f \u015fa\u015f\u0131racak ve bitmesini istemeyeceksiniz.         \u0130yi okumalar diliyoruz. <\/p>\n","protected":false},"excerpt":{"rendered":"<p>Yazar\u0131m\u0131z Alican T\u00fcrk, ikinci bask\u0131s\u0131 olan kitab\u0131n\u0131n arka kapa\u011f\u0131nda, okuyucu ile duygular\u0131n\u0131 \u015fu \u015fekilde payla\u015f\u0131yor; \u201c\u2026 Cezaevinden h\u00e2kimlere hitaben yazd\u0131\u011f\u0131m bir mektupta; \u201cYa\u015fad\u0131\u011f\u0131m s\u00fcrece 28 \u015eubat<span class=\"excerpt-hellip\"> [\u2026]<\/span><\/p>\n","protected":false},"featured_media":0,"template":"","meta":{"_monsterinsights_skip_tracking":false,"_monsterinsights_sitenote_active":false,"_monsterinsights_sitenote_note":"","_monsterinsights_sitenote_category":0},"product_brand":[],"product_cat":[13701,12291],"product_tag":[],"class_list":{"0":"post-743641","1":"product","2":"type-product","3":"status-publish","5":"product_cat-ani-mektup-gunluk","6":"product_cat-edebiyat","7":"pa_cilt-ciltsiz","8":"pa_tur-kitap","9":"pa_yayinevi-galeati-yayincilik","10":"pa_yazar-alican-turk","12":"first","13":"instock","14":"sale","15":"shipping-taxable","16":"purchasable","17":"product-type-simple"},"_links":{"self":[{"href":"https:\/\/roveyayinevi.com.tr\/index.php\/wp-json\/wp\/v2\/product\/743641","targetHints":{"allow":["GET"]}}],"collection":[{"href":"https:\/\/roveyayinevi.com.tr\/index.php\/wp-json\/wp\/v2\/product"}],"about":[{"href":"https:\/\/roveyayinevi.com.tr\/index.php\/wp-json\/wp\/v2\/types\/product"}],"wp:attachment":[{"href":"https:\/\/roveyayinevi.com.tr\/index.php\/wp-json\/wp\/v2\/media?parent=743641"}],"wp:term":[{"taxonomy":"product_brand","embeddable":true,"href":"https:\/\/roveyayinevi.com.tr\/index.php\/wp-json\/wp\/v2\/product_brand?post=743641"},{"taxonomy":"product_cat","embeddable":true,"href":"https:\/\/roveyayinevi.com.tr\/index.php\/wp-json\/wp\/v2\/product_cat?post=743641"},{"taxonomy":"product_tag","embeddable":true,"href":"https:\/\/roveyayinevi.com.tr\/index.php\/wp-json\/wp\/v2\/product_tag?post=743641"}],"curies":[{"name":"wp","href":"https:\/\/api.w.org\/{rel}","templated":true}]}}