{"id":743560,"date":"2025-08-28T01:37:24","date_gmt":"2025-08-27T22:37:24","guid":{"rendered":"https:\/\/roveyayinevi.com.tr\/index.php\/urun\/istiklal\/"},"modified":"2026-04-16T02:54:49","modified_gmt":"2026-04-15T23:54:49","slug":"istiklal","status":"publish","type":"product","link":"https:\/\/roveyayinevi.com.tr\/index.php\/urun\/istiklal\/","title":{"rendered":"\u0130stiklal"},"content":{"rendered":"<p>\u0130stiklal: Vatan\u0131mda Bir Tek D\u00fc\u015fman Kalmas\u0131n 31 A\u011fustos 1922&#8230; B\u00fcy\u00fck Taarruz&#8217;la son a\u015famas\u0131 ba\u015flayan T\u00fcrk&#8217;\u00fcn istiklal y\u00fcr\u00fcy\u00fc\u015f\u00fc meyvelerini vermi\u015f, d\u00fc\u015fman\u0131n muharip g\u00fcc\u00fc Dumlup\u0131nar&#8217;da \u00e7ok a\u011f\u0131r bir darbe alm\u0131\u015ft\u0131r. Ba\u015fkomutanl\u0131k Meydan Muharebesi&#8217;yle Yunan K\u00fc\u00e7\u00fck Asya Ordusu&#8217;nun \u00fc\u00e7te biri sava\u015f d\u0131\u015f\u0131 kalm\u0131\u015ft\u0131r ama geriye kalan kuvvetler daha geride, \u00f6rne\u011fin Milne Hatt\u0131&#8217;nda savunmaya ge\u00e7me ve \u0130zmir yolunu kapatma potansiyeline sahiptir. Ba\u015fkomutan Mare\u015fal Mustafa Kemal Pa\u015fa&#8217;n\u0131n \u201cOrdular, ilk hedefiniz Akdeniz\u2019dir ileri!\u201d emri i\u015fte bu tehdidi ortadan kald\u0131rmak, vatan\u0131 son d\u00fc\u015fman askerinden de temizlemek i\u00e7in ortaya konan stratejinin \u00f6zetidir. Nitekim 9 Eyl\u00fcl\u2019de \u0130zmir\u2019in geri al\u0131nmas\u0131yla sava\u015f bitmeyecek, \u0130stiklal Harbi&#8217;nin son kur\u015funu namludan \u00e7\u0131kmak i\u00e7in dokuz g\u00fcn daha bekleyecektir. T\u00fcrk \u00fc\u00e7 bu\u00e7uk y\u0131l s\u00fcren Milli M\u00fccadele\u2019nin sonunda, ba\u011f\u0131ms\u0131zl\u0131\u011fa a\u00e7\u0131lan son kap\u0131n\u0131n e\u015fi\u011findedir. 1 Eyl\u00fcl-9 Eyl\u00fcl 1922 aras\u0131nda Bat\u0131 Cephesi\u2019nde neler ya\u015fanm\u0131\u015ft\u0131r? Yunan ordusu d\u00f6v\u00fc\u015fmeye devam m\u0131 etmi\u015ftir, yoksa ard\u0131na bakmadan ka\u00e7m\u0131\u015f m\u0131d\u0131r? Zaferin ard\u0131ndan Mustafa Kemal Pa\u015fa&#8217;n\u0131n yeniden k\u0131l\u0131c\u0131n\u0131 ku\u015fanmas\u0131na neden olan \u015fey nedir? Yunan ordusunun yapt\u0131\u011f\u0131 etnik temizlik ve sistematik y\u0131k\u0131mdan sonra T\u00fcrk&#8217;\u00fc nas\u0131l bir gelecek beklemektedir? \u0130zmir yang\u0131n\u0131n\u0131 kim \u00e7\u0131karm\u0131\u015ft\u0131r? General Trikupis nerede ve nas\u0131l esir al\u0131nm\u0131\u015ft\u0131r? \u0130stanbul ve \u00c7anakkale&#8217;de \u0130ngilizlerle yeniden kar\u015f\u0131 kar\u015f\u0131ya gelen T\u00fcrk Ordusu \u0130stanbul&#8217;u nas\u0131l tek kur\u015fun atmadan geri alm\u0131\u015ft\u0131r? Milli M\u00fccadele sadece Yunanl\u0131lara kar\u015f\u0131 m\u0131 verilmi\u015ftir; \u0130ngilizler bu sava\u015f\u0131n neresindedir? \u00c7anak Krizi nedir? Mudanya M\u00fctarekesi\u2019ne giden diplomatik s\u00fcre\u00e7te neler ya\u015fanm\u0131\u015ft\u0131r? B\u00fct\u00fcn bu sorular\u0131n cevaplar\u0131 Sakarya ve B\u00fcy\u00fck Taarruz kitaplar\u0131n\u0131n yazar\u0131 Selim Erdo\u011fan\u2019\u0131n \u0130ngiliz ve Frans\u0131z ar\u015fivleri ba\u015fta olmak \u00fczere, kulland\u0131\u011f\u0131 kaynaklar\u0131 muharebe sahalar\u0131ndaki \u00e7al\u0131\u015fmalar\u0131yla do\u011frulad\u0131\u011f\u0131 \u0130stiklal kitab\u0131nda. Cephede Milli M\u00fccadele Serisi&#8217;nin yeni kitab\u0131 Lloyd George&#8217;u k\u00f6\u015feye s\u0131k\u0131\u015ft\u0131ran ve pes etmesine neden olan dinleme skandal\u0131n\u0131 ilk kez g\u00fcndeme getirmesi ya da B\u00fcy\u00fck \u0130zmir Yang\u0131n\u0131&#8217;n\u0131n failini bizzat isim vererek i\u015faret etmesi a\u00e7\u0131s\u0131ndan da Milli M\u00fccadele literat\u00fcr\u00fcne yeni katk\u0131larda bulunmaktad\u0131r. &#8220;\u0130stiklal: Vatan\u0131mda Bir Tek D\u00fc\u015fman Kalmas\u0131n&#8221; \u00fc\u00e7 bu\u00e7uk y\u0131l s\u00fcren Milli M\u00fccadele\u2019nin son perdesini belgelerle, atlas k\u0131sm\u0131ndaki renkli foto\u011fraflar ve haritalarla t\u00fcm ger\u00e7ekli\u011fiyle g\u00f6zler \u00f6n\u00fcne seriyor. <\/p>\n","protected":false},"excerpt":{"rendered":"<p>\u0130stiklal: Vatan\u0131mda Bir Tek D\u00fc\u015fman Kalmas\u0131n 31 A\u011fustos 1922&#8230; B\u00fcy\u00fck Taarruz&#8217;la son a\u015famas\u0131 ba\u015flayan T\u00fcrk&#8217;\u00fcn istiklal y\u00fcr\u00fcy\u00fc\u015f\u00fc meyvelerini vermi\u015f, d\u00fc\u015fman\u0131n muharip g\u00fcc\u00fc Dumlup\u0131nar&#8217;da \u00e7ok a\u011f\u0131r bir<span class=\"excerpt-hellip\"> [\u2026]<\/span><\/p>\n","protected":false},"featured_media":0,"template":"","meta":{"_monsterinsights_skip_tracking":false,"_monsterinsights_sitenote_active":false,"_monsterinsights_sitenote_note":"","_monsterinsights_sitenote_category":0},"product_brand":[],"product_cat":[12304,13650],"product_tag":[],"class_list":{"0":"post-743560","1":"product","2":"type-product","3":"status-publish","5":"product_cat-tarih","6":"product_cat-turk-tarihi-arastirmalari","7":"pa_cilt-ciltsiz","8":"pa_tur-kitap","9":"pa_yayinevi-kronik-kitap","10":"pa_yazar-selim-erdogan","12":"first","13":"instock","14":"sale","15":"shipping-taxable","16":"purchasable","17":"product-type-simple"},"_links":{"self":[{"href":"https:\/\/roveyayinevi.com.tr\/index.php\/wp-json\/wp\/v2\/product\/743560","targetHints":{"allow":["GET"]}}],"collection":[{"href":"https:\/\/roveyayinevi.com.tr\/index.php\/wp-json\/wp\/v2\/product"}],"about":[{"href":"https:\/\/roveyayinevi.com.tr\/index.php\/wp-json\/wp\/v2\/types\/product"}],"wp:attachment":[{"href":"https:\/\/roveyayinevi.com.tr\/index.php\/wp-json\/wp\/v2\/media?parent=743560"}],"wp:term":[{"taxonomy":"product_brand","embeddable":true,"href":"https:\/\/roveyayinevi.com.tr\/index.php\/wp-json\/wp\/v2\/product_brand?post=743560"},{"taxonomy":"product_cat","embeddable":true,"href":"https:\/\/roveyayinevi.com.tr\/index.php\/wp-json\/wp\/v2\/product_cat?post=743560"},{"taxonomy":"product_tag","embeddable":true,"href":"https:\/\/roveyayinevi.com.tr\/index.php\/wp-json\/wp\/v2\/product_tag?post=743560"}],"curies":[{"name":"wp","href":"https:\/\/api.w.org\/{rel}","templated":true}]}}