{"id":743558,"date":"2025-08-28T01:37:21","date_gmt":"2025-08-27T22:37:21","guid":{"rendered":"https:\/\/roveyayinevi.com.tr\/index.php\/urun\/turklerin-tarihi-2\/"},"modified":"2026-04-16T02:54:49","modified_gmt":"2026-04-15T23:54:49","slug":"turklerin-tarihi-2","status":"publish","type":"product","link":"https:\/\/roveyayinevi.com.tr\/index.php\/urun\/turklerin-tarihi-2\/","title":{"rendered":"T\u00fcrklerin Tarihi"},"content":{"rendered":"<p>ORTA ASYA\u2019NIN BOZKIRLARINDAN AVRUPA\u2019NIN KAPILARINA   \u201cKoca bir kavmin binlerce kilometreyi \u00fc\u00e7 as\u0131r i\u00e7inde ge\u00e7ti\u011fini d\u00fc\u015f\u00fcn\u00fcn\u2026 Bu, d\u00fcnyay\u0131 de\u011fi\u015ftirmez de ne yapar? \u0130\u015fte T\u00fcrkler d\u00fcnyay\u0131 b\u00f6yle de\u011fi\u015ftirdi. Bu sebeple, bizim hayal\u00ee bir tarih ve kahramanlar \u00fcretmeye de\u011fil, yaln\u0131zca do\u011fruyu \u00f6\u011frenmeye ihtiyac\u0131m\u0131z var\u2026\u201d \u0130lber Ortayl\u0131T\u00fcrklerin Tarihi, g\u00f6\u00e7ebe bir kavimken Ortado\u011fu\u2019nun g\u00fc\u00e7l\u00fc uygarl\u0131klar\u0131ndan birini tesis eden T\u00fcrklerin g\u00fcn\u00fcm\u00fczde de \u00e7ok konu\u015fulan men\u015fei tart\u0131\u015fmalar\u0131yla ba\u015fl\u0131yor. Akabinde Orta Asya\u2019dan Anadolu\u2019ya g\u00f6\u00e7 edip b\u00f6lgeyi T\u00fcrkle\u015ftirmeleri ve orada in\u015fa ettikleri k\u00fclt\u00fcr\u00fcn esaslar\u0131\u2026B\u00fcy\u00fck bir mirasa, g\u00fc\u00e7l\u00fc bir yap\u0131lanmaya ve tarih\u00ee bir zenginli\u011fe sahip bir milletin, T\u00fcrklerin ad\u0131n\u0131n nereden geldi\u011fi ve bu co\u011frafyaya ne zamandan beri \u201cT\u00fcrkiye\u201d dendi\u011fi tart\u0131\u015fmalar\u0131n\u0131n t\u00fcm detaylar\u0131\u2026Kazan\u0131lan \u00f6nemli sava\u015flar ve geri \u00e7ekilmelerle, dahas\u0131 \u0131zd\u0131rabl\u0131 toprak kay\u0131plar\u0131yla bug\u00fcnk\u00fc h\u00e2lini alan Anadolu\u2019nun hik\u00e2yesi\u2026T\u00fcrkiye\u2019nin Malazgirt Sava\u015f\u0131\u2019yla Bosna\u2019n\u0131n fethi aras\u0131ndaki 400 y\u0131l boyunca Avrupa a\u00e7\u0131s\u0131ndan \u00f6nemli bir \u00fclke ve ba\u015f edilmesi gereken bir sorun olmas\u0131n\u0131n gerek\u00e7eleri\u2026Dahas\u0131 O\u011fuzlardan K\u0131p\u00e7aklara, Pe\u00e7eneklerden Sel\u00e7uklulara ve b\u00fcy\u00fck bir imparatorluk olan Osmanl\u0131lara kadar uzanan ve sadece T\u00fcrklerin de\u011fil; Ruslar\u0131n, Meml\u00fbklular\u0131n, Karakoyunlular\u0131n, Gaznelilerin, Safev\u00eelerin, \u00c7inlilerin, Hindlerin ve Araplar\u0131n tarihi\u2026Yani ayn\u0131 co\u011frafyay\u0131 y\u00fczy\u0131llar boyunca payla\u015fan uygarl\u0131klara hep etki etmi\u015f ve Do\u011fu ve Bat\u0131 k\u00fclt\u00fcrlerini birbirine ta\u015f\u0131makta \u00f6nemli bir rol oynam\u0131\u015f T\u00fcrklerin d\u00fcnya tarihindeki yeri mercek alt\u0131na al\u0131n\u0131yor. Orta Asya\u2019n\u0131n bozk\u0131rlar\u0131ndan Avrupa\u2019n\u0131n kap\u0131lar\u0131na, \u0130lber Ortayl\u0131\u2019n\u0131n sat\u0131rlar\u0131 aras\u0131nda dola\u015fmak isteyen her ya\u015ftan okurun zevkle okuyaca\u011f\u0131 bir ba\u015fucu kitab\u0131&#8230; <\/p>\n","protected":false},"excerpt":{"rendered":"<p>ORTA ASYA\u2019NIN BOZKIRLARINDAN AVRUPA\u2019NIN KAPILARINA \u201cKoca bir kavmin binlerce kilometreyi \u00fc\u00e7 as\u0131r i\u00e7inde ge\u00e7ti\u011fini d\u00fc\u015f\u00fcn\u00fcn\u2026 Bu, d\u00fcnyay\u0131 de\u011fi\u015ftirmez de ne yapar? \u0130\u015fte T\u00fcrkler d\u00fcnyay\u0131 b\u00f6yle de\u011fi\u015ftirdi.<span class=\"excerpt-hellip\"> [\u2026]<\/span><\/p>\n","protected":false},"featured_media":0,"template":"","meta":{"_monsterinsights_skip_tracking":false,"_monsterinsights_sitenote_active":false,"_monsterinsights_sitenote_note":"","_monsterinsights_sitenote_category":0},"product_brand":[],"product_cat":[12304,13650],"product_tag":[],"class_list":{"0":"post-743558","1":"product","2":"type-product","3":"status-publish","5":"product_cat-tarih","6":"product_cat-turk-tarihi-arastirmalari","7":"pa_cilt-ciltsiz","8":"pa_tur-kitap","9":"pa_yayinevi-kronik-kitap","10":"pa_yazar-ilber-ortayli","12":"first","13":"instock","14":"sale","15":"shipping-taxable","16":"purchasable","17":"product-type-simple"},"_links":{"self":[{"href":"https:\/\/roveyayinevi.com.tr\/index.php\/wp-json\/wp\/v2\/product\/743558","targetHints":{"allow":["GET"]}}],"collection":[{"href":"https:\/\/roveyayinevi.com.tr\/index.php\/wp-json\/wp\/v2\/product"}],"about":[{"href":"https:\/\/roveyayinevi.com.tr\/index.php\/wp-json\/wp\/v2\/types\/product"}],"wp:attachment":[{"href":"https:\/\/roveyayinevi.com.tr\/index.php\/wp-json\/wp\/v2\/media?parent=743558"}],"wp:term":[{"taxonomy":"product_brand","embeddable":true,"href":"https:\/\/roveyayinevi.com.tr\/index.php\/wp-json\/wp\/v2\/product_brand?post=743558"},{"taxonomy":"product_cat","embeddable":true,"href":"https:\/\/roveyayinevi.com.tr\/index.php\/wp-json\/wp\/v2\/product_cat?post=743558"},{"taxonomy":"product_tag","embeddable":true,"href":"https:\/\/roveyayinevi.com.tr\/index.php\/wp-json\/wp\/v2\/product_tag?post=743558"}],"curies":[{"name":"wp","href":"https:\/\/api.w.org\/{rel}","templated":true}]}}