{"id":743509,"date":"2025-08-28T01:36:19","date_gmt":"2025-08-27T22:36:19","guid":{"rendered":"https:\/\/roveyayinevi.com.tr\/index.php\/urun\/avrupa-volkani-patlamadan\/"},"modified":"2026-04-16T02:54:47","modified_gmt":"2026-04-15T23:54:47","slug":"avrupa-volkani-patlamadan","status":"publish","type":"product","link":"https:\/\/roveyayinevi.com.tr\/index.php\/urun\/avrupa-volkani-patlamadan\/","title":{"rendered":"Avrupa Volkan\u0131 Patlamadan"},"content":{"rendered":"<p>\u201cHalk\u0131n \u00e7ehresine bak\u0131yorum. Herkes ne\u015fe i\u00e7inde. Hani ya harp tehlikesi vard\u0131?.. Hi\u00e7 kimse korkuyu akl\u0131na bile getirmiyor. Herkes g\u00fcl\u00fcyor, \u015fakala\u015f\u0131yor, \u015fark\u0131 s\u00f6yl\u00fcyor, \u0131sl\u0131k \u00e7al\u0131yor.\u201dCemil S\u00fcleyman\u2019\u0131n B\u00fckre\u015f ziyaretinden Y\u0131l 1939&#8230; Avrupa\u2019n\u0131n ve dolay\u0131s\u0131yla d\u00fcnyan\u0131n da kaderini de\u011fi\u015ftiren II. D\u00fcnya Sava\u015f\u0131\u2019n\u0131n hemen \u00f6ncesi&#8230; Fecr-i \u00c2ti toplulu\u011funun en etkili isimlerinden Cemil S\u00fcleyman, Almanya\u2019ya sipari\u015f edilen yolcu gemilerini almak \u00fczere g\u00f6nderilen m\u00fcrettebatta doktor olarak g\u00f6revlendirilir. Bu vesileyle k\u0131sa s\u00fcreli bir Avrupa seyahatine \u00e7\u0131kar ve notlar almaya ba\u015flar. Ancak kaleme ald\u0131\u011f\u0131 seyahat notlar\u0131ndaki edeb\u00ee dil, keskin zek\u00e2 ve g\u00fc\u00e7l\u00fc g\u00f6zlem yetene\u011fi Cemil S\u00fcleyman\u2019\u0131n eserini s\u0131radan bir gezi g\u00fcnl\u00fc\u011f\u00fc olmaktan \u00e7\u0131kar\u0131r. Nihayet II. D\u00fcnya Sava\u015f\u0131 \u00f6ncesi Avrupa\u2019n\u0131n nabz\u0131n\u0131 tutan, okumas\u0131 m\u00fcthi\u015f keyifli bir seyahatname meydana gelir.Cemil S\u00fcleyman\u2019\u0131n bindi\u011fi tren bizi \u00f6nce Romanya\u2019ya g\u00f6t\u00fcr\u00fcr; yazar Romanya halk\u0131n\u0131n ufukta beliren sava\u015fa kar\u015f\u0131 kay\u0131ts\u0131zl\u0131\u011f\u0131na hayret eder. Bir sonraki dura\u011f\u0131 Polonya\u2019da ise Danzig Meselesi\u2019nden dolay\u0131 Polonya halk\u0131n\u0131n sava\u015f ihtimalini \u00e7oktan g\u00f6ze ald\u0131\u011f\u0131n\u0131 ve bu u\u011furda can\u0131n\u0131 vermeye haz\u0131r oldu\u011funu g\u00f6zlemler. Yolculu\u011fun geri kalan\u0131na gemiyle devam eden Cemil S\u00fcleyman, ziyaret etti\u011fi \u00fclkeler aras\u0131nda sava\u015f havas\u0131n\u0131 belki de en yo\u011fun \u015fekilde Almanya\u2019da hisseder: Friedrichstraze\u2019den sert ad\u0131mlarla ge\u00e7erek g\u00f6steri yapan askerler, top ve cephane dolu y\u00fczlerce vagonun sevkiyat\u0131, g\u0131da fiyatlar\u0131nda g\u00f6r\u00fclen kayda de\u011fer art\u0131\u015f, yiyecek k\u0131tl\u0131\u011f\u0131, nihayetinde Yahudi vatanda\u015flara ard\u0131 ard\u0131na getirilen yasaklar\u2026 Avrupa\u2019daki son dura\u011f\u0131 olan Hollanda\u2019da ise hava donanmas\u0131n\u0131n tatbikat\u0131na rast gelir.Ba\u015flamak \u00fczere olan II. D\u00fcnya Sava\u015f\u0131\u2019n\u0131n b\u00fct\u00fcn k\u0131taya sirayet eden havas\u0131n\u0131 teneff\u00fcs eden Cemil S\u00fcleyman, k\u0131ymetli ve ger\u00e7ek\u00e7i g\u00f6zlemlerini tecr\u00fcbelerinin imbi\u011finden ge\u00e7irerek d\u00f6nemin Avrupa\u2019s\u0131n\u0131 g\u00f6zler \u00f6n\u00fcne serer. Patlamak \u00fczere olan Avrupa volkan\u0131 \u00fczerinde bir seyahate; b\u00fct\u00fcn k\u0131taya yay\u0131lan gerilime, tedirginli\u011fe ve teyakkuz h\u00e2line \u015fahit olmaya haz\u0131r m\u0131s\u0131n\u0131z?<\/p>\n","protected":false},"excerpt":{"rendered":"<p>\u201cHalk\u0131n \u00e7ehresine bak\u0131yorum. Herkes ne\u015fe i\u00e7inde. Hani ya harp tehlikesi vard\u0131?.. Hi\u00e7 kimse korkuyu akl\u0131na bile getirmiyor. Herkes g\u00fcl\u00fcyor, \u015fakala\u015f\u0131yor, \u015fark\u0131 s\u00f6yl\u00fcyor, \u0131sl\u0131k \u00e7al\u0131yor.\u201dCemil S\u00fcleyman\u2019\u0131n B\u00fckre\u015f<span class=\"excerpt-hellip\"> [\u2026]<\/span><\/p>\n","protected":false},"featured_media":0,"template":"","meta":{"_monsterinsights_skip_tracking":false,"_monsterinsights_sitenote_active":false,"_monsterinsights_sitenote_note":"","_monsterinsights_sitenote_category":0},"product_brand":[],"product_cat":[12312,12304],"product_tag":[],"class_list":{"0":"post-743509","1":"product","2":"type-product","3":"status-publish","5":"product_cat-diger","6":"product_cat-tarih","7":"pa_cilt-ciltsiz","8":"pa_tur-kitap","9":"pa_yayinevi-timas-yayinlari","10":"pa_yazar-cemil-suleyman-alyanakoglu","12":"first","13":"instock","14":"sale","15":"shipping-taxable","16":"purchasable","17":"product-type-simple"},"_links":{"self":[{"href":"https:\/\/roveyayinevi.com.tr\/index.php\/wp-json\/wp\/v2\/product\/743509","targetHints":{"allow":["GET"]}}],"collection":[{"href":"https:\/\/roveyayinevi.com.tr\/index.php\/wp-json\/wp\/v2\/product"}],"about":[{"href":"https:\/\/roveyayinevi.com.tr\/index.php\/wp-json\/wp\/v2\/types\/product"}],"wp:attachment":[{"href":"https:\/\/roveyayinevi.com.tr\/index.php\/wp-json\/wp\/v2\/media?parent=743509"}],"wp:term":[{"taxonomy":"product_brand","embeddable":true,"href":"https:\/\/roveyayinevi.com.tr\/index.php\/wp-json\/wp\/v2\/product_brand?post=743509"},{"taxonomy":"product_cat","embeddable":true,"href":"https:\/\/roveyayinevi.com.tr\/index.php\/wp-json\/wp\/v2\/product_cat?post=743509"},{"taxonomy":"product_tag","embeddable":true,"href":"https:\/\/roveyayinevi.com.tr\/index.php\/wp-json\/wp\/v2\/product_tag?post=743509"}],"curies":[{"name":"wp","href":"https:\/\/api.w.org\/{rel}","templated":true}]}}