{"id":743507,"date":"2025-08-28T01:36:17","date_gmt":"2025-08-27T22:36:17","guid":{"rendered":"https:\/\/roveyayinevi.com.tr\/index.php\/urun\/6-7-eylul-1955-olaylari\/"},"modified":"2026-04-16T02:54:47","modified_gmt":"2026-04-15T23:54:47","slug":"6-7-eylul-1955-olaylari","status":"publish","type":"product","link":"https:\/\/roveyayinevi.com.tr\/index.php\/urun\/6-7-eylul-1955-olaylari\/","title":{"rendered":"6-7 Eyl\u00fcl 1955 Olaylar\u0131"},"content":{"rendered":"<p>Bu \u00e7al\u0131\u015fma, ne nesnellikten koparak duygusal ya da milliyet\u00e7i bir refleksle olaylar\u0131 mecras\u0131ndan farkl\u0131 bir yere ta\u015f\u0131may\u0131 ne de ak\u0131nt\u0131ya kendini kapt\u0131rarak T\u00fcrk devlet gelene\u011fine sald\u0131rmay\u0131 bir marifet sayar. 6-7 Eyl\u00fcl Olaylar\u0131&#8217;n\u0131n ger\u00e7ekle\u015fti\u011fi d\u00f6nemde Trabzon Milletvekili Mahmut Golo\u011flu\u2019nun \u00f6zel ar\u015fivinden kuvvetle beslenen elinizdeki \u00e7al\u0131\u015fma, mevcut literat\u00fcrde kullan\u0131lmayan ar\u015fiv belgelerini ve gazete koleksiyonlar\u0131n\u0131 zengin bir kaynak\u00e7ayla sentezleyerek yeni bir bak\u0131\u015f a\u00e7\u0131s\u0131 kazand\u0131rmay\u0131 hedefliyor. Bunu yaparken olgular\u0131 \u00f6n plana \u00e7\u0131kartarak okuyucuyu y\u00f6nlendirmeden zihin berrakl\u0131\u011f\u0131yla kendi bak\u0131\u015f a\u00e7\u0131s\u0131n\u0131 olu\u015fturmas\u0131n\u0131 sa\u011flamay\u0131 ama\u00e7lar ve takdiri onlara b\u0131rak\u0131yor.1950\u2019lerin ortalar\u0131ndan itibaren T\u00fcrk-Yunan ili\u015fkilerini germeye ba\u015flayan K\u0131br\u0131s Meselesi, T\u00fcrk kamuoyu taraf\u0131ndan sahiplenilmi\u015f, h\u00fck\u00fbmeti de dikkatli bir tutum tak\u0131nmaya itmi\u015fti. 6-7 Eyl\u00fcl 1955 Olaylar\u0131 ve akabinde ya\u015fanan trajedi ise ili\u015fkileri bamba\u015fka bir noktaya ta\u015f\u0131m\u0131\u015ft\u0131. Demokrat Parti h\u00fck\u00fbmetleri ya\u015fananlar\u0131n sanc\u0131lar\u0131n\u0131 \u00e7ekmi\u015f, T\u00fcrkiye\u2019nin uluslararas\u0131 arenada bozulan imaj\u0131n\u0131 d\u00fczeltme m\u00fccadelesi ise hep s\u00fcrm\u00fc\u015ft\u00fc. 6-7 Eyl\u00fcl Olaylar\u0131, 27 May\u0131s 1960 Darbesi\u2019nden sonra Yass\u0131ada mahkemelerinde ciddi bir g\u00fcndem te\u015fkil etmi\u015fti.T\u00fcrk milletinin iki bin y\u0131ld\u0131r ayakta tuttu\u011fu devlet gelene\u011finin yara ald\u0131\u011f\u0131 6-7 Eyl\u00fcl Olaylar\u0131 salt psikolojik etkenlerle a\u00e7\u0131klanabilir mi? Olaylar h\u00fck\u00fbmetin tertibi miydi? H\u00fck\u00fbmetin sorumlulu\u011fu kom\u00fcnistlere y\u00fcklemesi ne kadar do\u011fruydu? Olaylarda d\u0131\u015f servis, pop\u00fcler s\u00f6ylemle \u201cderin yap\u0131\u201d ba\u011flant\u0131s\u0131 var m\u0131yd\u0131? Yoksa ya\u015fananlar do\u011fal bir s\u00fcrecin par\u00e7as\u0131 m\u0131yd\u0131? Olaylar iktidar, muhalefet ve az\u0131nl\u0131klar \u00fczerinde ne gibi etkiler b\u0131rakt\u0131? Prof. Dr. U\u011fur \u00dc\u00e7\u00fcnc\u00fc ve Prof. Dr. Hikmet \u00d6ks\u00fcz\u2019\u00fcn kaleme ald\u0131\u011f\u0131 6-7 Eyl\u00fcl Olaylar\u0131: Yak\u0131n Tarihin Sis Perdesi, olaylarla ilgili t\u00fcm sorulara cevap ar\u0131yor. <\/p>\n","protected":false},"excerpt":{"rendered":"<p>Bu \u00e7al\u0131\u015fma, ne nesnellikten koparak duygusal ya da milliyet\u00e7i bir refleksle olaylar\u0131 mecras\u0131ndan farkl\u0131 bir yere ta\u015f\u0131may\u0131 ne de ak\u0131nt\u0131ya kendini kapt\u0131rarak T\u00fcrk devlet gelene\u011fine sald\u0131rmay\u0131<span class=\"excerpt-hellip\"> [\u2026]<\/span><\/p>\n","protected":false},"featured_media":0,"template":"","meta":{"_monsterinsights_skip_tracking":false,"_monsterinsights_sitenote_active":false,"_monsterinsights_sitenote_note":"","_monsterinsights_sitenote_category":0},"product_brand":[],"product_cat":[12304,14128],"product_tag":[],"class_list":{"0":"post-743507","1":"product","2":"type-product","3":"status-publish","5":"product_cat-tarih","6":"product_cat-yakin-tarih","7":"pa_cilt-ciltsiz","8":"pa_tur-kitap","9":"pa_yayinevi-timas-yayinlari","10":"pa_yazar-hikmet-oksuz-ugur-ucuncu","12":"first","13":"instock","14":"sale","15":"shipping-taxable","16":"purchasable","17":"product-type-simple"},"_links":{"self":[{"href":"https:\/\/roveyayinevi.com.tr\/index.php\/wp-json\/wp\/v2\/product\/743507","targetHints":{"allow":["GET"]}}],"collection":[{"href":"https:\/\/roveyayinevi.com.tr\/index.php\/wp-json\/wp\/v2\/product"}],"about":[{"href":"https:\/\/roveyayinevi.com.tr\/index.php\/wp-json\/wp\/v2\/types\/product"}],"wp:attachment":[{"href":"https:\/\/roveyayinevi.com.tr\/index.php\/wp-json\/wp\/v2\/media?parent=743507"}],"wp:term":[{"taxonomy":"product_brand","embeddable":true,"href":"https:\/\/roveyayinevi.com.tr\/index.php\/wp-json\/wp\/v2\/product_brand?post=743507"},{"taxonomy":"product_cat","embeddable":true,"href":"https:\/\/roveyayinevi.com.tr\/index.php\/wp-json\/wp\/v2\/product_cat?post=743507"},{"taxonomy":"product_tag","embeddable":true,"href":"https:\/\/roveyayinevi.com.tr\/index.php\/wp-json\/wp\/v2\/product_tag?post=743507"}],"curies":[{"name":"wp","href":"https:\/\/api.w.org\/{rel}","templated":true}]}}