{"id":743471,"date":"2025-08-28T01:35:34","date_gmt":"2025-08-27T22:35:34","guid":{"rendered":"https:\/\/roveyayinevi.com.tr\/index.php\/urun\/kronolojik-olarak-250-turk-buyugu\/"},"modified":"2026-04-16T02:54:46","modified_gmt":"2026-04-15T23:54:46","slug":"kronolojik-olarak-250-turk-buyugu","status":"publish","type":"product","link":"https:\/\/roveyayinevi.com.tr\/index.php\/urun\/kronolojik-olarak-250-turk-buyugu\/","title":{"rendered":"Kronolojik Olarak 250 T\u00fcrk B\u00fcy\u00fc\u011f\u00fc"},"content":{"rendered":"<p>T\u00fcrk milletinin tarihi \u00e7ok eskilere dayanmaktad\u0131r. Dolay\u0131s\u0131yla zengin bir tarihi birikimi bulunmaktad\u0131r. Tarihi birikim i\u00e7erisinde devlet adamlar\u0131, bilim adamlar\u0131, k\u00fclt\u00fcr adamlar\u0131, \u015fairler, yazarlar, say\u0131lamayacak kadar \u00e7oktur. Onlar\u0131n her biri ayr\u0131 ayr\u0131 insanl\u0131\u011fa hizmet etmi\u015fler, kal\u0131c\u0131 eserler b\u0131rakm\u0131\u015flard\u0131r. T\u00fcrkiye Cumhuriyeti\u2019nin kurucusu Atat\u00fcrk\u2019\u00fcn T\u00fcrk\u00fcn atalar\u0131 ile ilgili \u00e7ok \u00f6nemli bir s\u00f6z\u00fc vard\u0131r: \u201cT\u00fcrk \u00e7ocu\u011fu ecdad\u0131n\u0131 tan\u0131d\u0131k\u00e7a daha b\u00fcy\u00fck i\u015fler yapmak i\u00e7in kendinde kuvvet bulacakt\u0131r\u201d. T\u00fcrk tarihini iyi bilmek ve T\u00fcrk \u00e7ocuklar\u0131na tan\u0131tmak herkesin g\u00f6revidir ve Atat\u00fcrk\u2019\u00fcn belirtti\u011fi gibi \u00e7ok \u00f6nemlidir. Kalender Erol Kaya, T\u00fcrk\u2019\u00fcn atalar\u0131n\u0131 iyi tan\u0131tabilmek i\u00e7in uzun y\u0131llar \u00e7al\u0131\u015farak 250 T\u00fcrk b\u00fcy\u00fc\u011f\u00fcn\u00fc belirlemi\u015f; onlar\u0131n hayatlar\u0131n\u0131, ba\u015far\u0131lar\u0131n\u0131, insanl\u0131\u011fa katk\u0131lar\u0131n\u0131 \u00f6zene kaleme alm\u0131\u015ft\u0131r. Bu \u00e7al\u0131\u015fma ile ortaya T\u00fcrk\u00fcn atalar\u0131 ile ilgili toplu bir kaynak \u00e7\u0131km\u0131\u015ft\u0131r. B\u00f6ylece Atat\u00fcrk\u2019\u00fcn g\u00f6sterdi\u011fi hedefe ula\u015fmak i\u00e7in de \u00f6nemli bir yol kat etmi\u015ftir.<\/p>\n","protected":false},"excerpt":{"rendered":"<p>T\u00fcrk milletinin tarihi \u00e7ok eskilere dayanmaktad\u0131r. Dolay\u0131s\u0131yla zengin bir tarihi birikimi bulunmaktad\u0131r. Tarihi birikim i\u00e7erisinde devlet adamlar\u0131, bilim adamlar\u0131, k\u00fclt\u00fcr adamlar\u0131, \u015fairler, yazarlar, say\u0131lamayacak kadar \u00e7oktur.<span class=\"excerpt-hellip\"> [\u2026]<\/span><\/p>\n","protected":false},"featured_media":0,"template":"","meta":{"_monsterinsights_skip_tracking":false,"_monsterinsights_sitenote_active":false,"_monsterinsights_sitenote_note":"","_monsterinsights_sitenote_category":0},"product_brand":[],"product_cat":[14009,12291],"product_tag":[],"class_list":{"0":"post-743471","1":"product","2":"type-product","3":"status-publish","5":"product_cat-biyografi-otobiyografi-edebiyat","6":"product_cat-edebiyat","7":"pa_cilt-ciltsiz","8":"pa_tur-kitap","9":"pa_yayinevi-altinordu-yayinlari","10":"pa_yazar-kalender-erol-kaya","12":"first","13":"instock","14":"sale","15":"shipping-taxable","16":"purchasable","17":"product-type-simple"},"_links":{"self":[{"href":"https:\/\/roveyayinevi.com.tr\/index.php\/wp-json\/wp\/v2\/product\/743471","targetHints":{"allow":["GET"]}}],"collection":[{"href":"https:\/\/roveyayinevi.com.tr\/index.php\/wp-json\/wp\/v2\/product"}],"about":[{"href":"https:\/\/roveyayinevi.com.tr\/index.php\/wp-json\/wp\/v2\/types\/product"}],"wp:attachment":[{"href":"https:\/\/roveyayinevi.com.tr\/index.php\/wp-json\/wp\/v2\/media?parent=743471"}],"wp:term":[{"taxonomy":"product_brand","embeddable":true,"href":"https:\/\/roveyayinevi.com.tr\/index.php\/wp-json\/wp\/v2\/product_brand?post=743471"},{"taxonomy":"product_cat","embeddable":true,"href":"https:\/\/roveyayinevi.com.tr\/index.php\/wp-json\/wp\/v2\/product_cat?post=743471"},{"taxonomy":"product_tag","embeddable":true,"href":"https:\/\/roveyayinevi.com.tr\/index.php\/wp-json\/wp\/v2\/product_tag?post=743471"}],"curies":[{"name":"wp","href":"https:\/\/api.w.org\/{rel}","templated":true}]}}