{"id":743463,"date":"2025-08-28T01:35:23","date_gmt":"2025-08-27T22:35:23","guid":{"rendered":"https:\/\/roveyayinevi.com.tr\/index.php\/urun\/sorgu-odasinda-apo\/"},"modified":"2026-04-16T02:54:46","modified_gmt":"2026-04-15T23:54:46","slug":"sorgu-odasinda-apo","status":"publish","type":"product","link":"https:\/\/roveyayinevi.com.tr\/index.php\/urun\/sorgu-odasinda-apo\/","title":{"rendered":"Sorgu Odas\u0131nda Apo"},"content":{"rendered":"<p>\u201cT\u00fcrkiye Cumhuriyeti\u2019ni kuran T\u00fcrkiye halk\u0131na, T\u00dcRK M\u0130LLET\u0130 denir.\u201d \u2013 Mustafa Kemal Atat\u00fcrk   Milletlerin haf\u0131zas\u0131nda baz\u0131 olaylar vard\u0131r ki hi\u00e7 unutulmazlar, unutulmamal\u0131d\u0131r da zaten&#8230; \u00d6zellikle yeni nesiller a\u00e7\u0131s\u0131ndan bu olaylar\u0131n \u00fczerinden ge\u00e7ilmezse ya da do\u011frular\u0131n d\u0131\u015f\u0131nda kalarak yalan yanl\u0131\u015f ve eksik anlatmaya devam edilirse, yaz\u0131k ki millet haf\u0131zas\u0131nda tehlikeli kay\u0131plar olu\u015fmaya ba\u015flar. Ger\u00e7ek tarihin yerini alg\u0131 operasyonlar\u0131na dayal\u0131 birtak\u0131m y\u00f6nlendirmeler al\u0131r ki bu da toplumlar\u0131 y\u0131k\u0131ma g\u00f6t\u00fcr\u00fcr. Uluslararas\u0131 ter\u00f6r \u00f6rg\u00fct\u00fc PKK ile veya FET\u00d6 ile m\u00fccadele etmek demek, haf\u0131zam\u0131zdan bu tehlikeleri hi\u00e7 \u00e7\u0131karmamak demektir. \u201cK\u00fcrt D\u00fc\u015fmanl\u0131\u011f\u0131\u201d veya \u201cDin D\u00fc\u015fmanl\u0131\u011f\u0131\u201d anlam\u0131na gelmez. Bu t\u00fcr \u00f6rg\u00fctlerin olu\u015fmas\u0131na neden olan her \u015feyi sorgulamak esast\u0131r. Memleketinin nas\u0131l y\u00f6netildi\u011finin fark\u0131nda olmakt\u0131r. SORGU ODASINDA APO kitab\u0131n\u0131, PKK ter\u00f6r \u00f6rg\u00fct\u00fc eleba\u015f\u0131 Abdullah \u00d6calan\u2019\u0131 tutuklu bulundu\u011fu \u0130mral\u0131 Adas\u0131\u2019nda sorgulayan Jandarma K\u0131demli Albay Atilla U\u011fur kaleme ald\u0131. \u00dcstelik sadece sorgu odas\u0131nda olanlar\u0131 de\u011fil, b\u00fcy\u00fck resmin her bir par\u00e7as\u0131n\u0131n tarih sahnesinde ne anlama geldi\u011fini ve neye yol a\u00e7abilece\u011fini de yazd\u0131. \u201cAlbay U\u011fur, yak\u0131n tarihe \u0131\u015f\u0131k tutacak bir\u00e7ok konuya \u015fahitlik yapm\u0131\u015f ve olaylar\u0131n i\u00e7erisinde g\u00f6revleri nedeniyle yer alm\u0131\u015ft\u0131r. Ter\u00f6rist ba\u015f\u0131 Abdullah \u00d6calan\u2019\u0131 \u0130mral\u0131\u2019da sorgulam\u0131\u015f, t\u00fcm s\u00fcreci izlemi\u015f ve koordine etmi\u015ftir. PKK ve t\u00fcrevlerine ili\u015fkin en yal\u0131n de\u011ferlendirmeleri bu kitap i\u00e7erisinde belgeleriyle bulacaks\u0131n\u0131z. Bazen \u015fa\u015f\u0131racak, bazen de ger\u00e7e\u011fi \u00f6\u011frenmenin \u015fa\u015fk\u0131nl\u0131\u011f\u0131n\u0131 ve \u00fcz\u00fcnt\u00fcs\u00fcn\u00fc ya\u015fayacaks\u0131n\u0131z.\u201d \u2013 Emekli Hava Pilot T\u00fcmgeneral Beyaz\u0131t Karata\u015f <\/p>\n","protected":false},"excerpt":{"rendered":"<p>\u201cT\u00fcrkiye Cumhuriyeti\u2019ni kuran T\u00fcrkiye halk\u0131na, T\u00dcRK M\u0130LLET\u0130 denir.\u201d \u2013 Mustafa Kemal Atat\u00fcrk Milletlerin haf\u0131zas\u0131nda baz\u0131 olaylar vard\u0131r ki hi\u00e7 unutulmazlar, unutulmamal\u0131d\u0131r da zaten&#8230; \u00d6zellikle yeni nesiller<span class=\"excerpt-hellip\"> [\u2026]<\/span><\/p>\n","protected":false},"featured_media":0,"template":"","meta":{"_monsterinsights_skip_tracking":false,"_monsterinsights_sitenote_active":false,"_monsterinsights_sitenote_note":"","_monsterinsights_sitenote_category":0},"product_brand":[],"product_cat":[12304,14128],"product_tag":[],"class_list":{"0":"post-743463","1":"product","2":"type-product","3":"status-publish","5":"product_cat-tarih","6":"product_cat-yakin-tarih","7":"pa_cilt-ciltsiz","8":"pa_tur-kitap","9":"pa_yayinevi-destek-yayinlari","10":"pa_yazar-h-atilla-ugur","12":"first","13":"instock","14":"sale","15":"shipping-taxable","16":"purchasable","17":"product-type-simple"},"_links":{"self":[{"href":"https:\/\/roveyayinevi.com.tr\/index.php\/wp-json\/wp\/v2\/product\/743463","targetHints":{"allow":["GET"]}}],"collection":[{"href":"https:\/\/roveyayinevi.com.tr\/index.php\/wp-json\/wp\/v2\/product"}],"about":[{"href":"https:\/\/roveyayinevi.com.tr\/index.php\/wp-json\/wp\/v2\/types\/product"}],"wp:attachment":[{"href":"https:\/\/roveyayinevi.com.tr\/index.php\/wp-json\/wp\/v2\/media?parent=743463"}],"wp:term":[{"taxonomy":"product_brand","embeddable":true,"href":"https:\/\/roveyayinevi.com.tr\/index.php\/wp-json\/wp\/v2\/product_brand?post=743463"},{"taxonomy":"product_cat","embeddable":true,"href":"https:\/\/roveyayinevi.com.tr\/index.php\/wp-json\/wp\/v2\/product_cat?post=743463"},{"taxonomy":"product_tag","embeddable":true,"href":"https:\/\/roveyayinevi.com.tr\/index.php\/wp-json\/wp\/v2\/product_tag?post=743463"}],"curies":[{"name":"wp","href":"https:\/\/api.w.org\/{rel}","templated":true}]}}