{"id":743445,"date":"2025-08-28T01:35:03","date_gmt":"2025-08-27T22:35:03","guid":{"rendered":"https:\/\/roveyayinevi.com.tr\/index.php\/urun\/arnavutluk-suclar-ve-seraplar-arasinda\/"},"modified":"2026-04-16T02:54:45","modified_gmt":"2026-04-15T23:54:45","slug":"arnavutluk-suclar-ve-seraplar-arasinda","status":"publish","type":"product","link":"https:\/\/roveyayinevi.com.tr\/index.php\/urun\/arnavutluk-suclar-ve-seraplar-arasinda\/","title":{"rendered":"Arnavutluk: Su\u00e7lar ve Seraplar Aras\u0131nda"},"content":{"rendered":"<p>Arnavutluk\u2026 Avrupa\u2019n\u0131n bu k\u00fc\u00e7\u00fck ve tamam\u0131yla kendine has \u00fclkesi 1990\u2019lar\u0131n ba\u015f\u0131nda b\u00fcy\u00fck \u00e7alkant\u0131lar ya\u015fad\u0131. Enver Hoca\u2019n\u0131n kurdu\u011fu tek parti, tek adam rejiminden, halk\u0131n talebiyle \u00e7o\u011fulcu demokrasiye ge\u00e7ti. Arnavutluk\u2019un \u00f6nemli yazarlar\u0131ndan Besnik Mustafaj, b\u00fct\u00fcn bu s\u00fcrecin tan\u0131\u011f\u0131 oldu\u011fu kadar akt\u00f6rlerinden biriydi de. Fitili ate\u015fleyen \u00f6\u011frenci hareketine do\u011frudan destek verdi, Demokrat Parti\u2019nin kurucular\u0131 aras\u0131nda yer ald\u0131 ve bu partiden milletvekili se\u00e7ildi.   Arnavutluk: Su\u00e7lar ve Seraplar Aras\u0131nda, \u00fclkenin i\u00e7inden ge\u00e7ti\u011fi \u00e7alkant\u0131l\u0131 s\u00fcreci birinci elden tan\u0131kl\u0131kla g\u00f6zler \u00f6n\u00fcne seriyor: diktat\u00f6rl\u00fc\u011f\u00fcn yaratt\u0131\u011f\u0131 psikolojik, siyasi ve ahlaki tahribat, co\u015fkulu sokak g\u00f6sterileri, demokrasiye ge\u00e7i\u015f s\u00fcrecinin getirdi\u011fi b\u00fcy\u00fck umutlar ve hayal k\u0131r\u0131kl\u0131klar\u0131, ard\u0131ndan gelen g\u00f6\u00e7 dalgas\u0131\u2026 Kitab\u0131n sonunda yer alan \u201cK\u00fc\u00e7\u00fck Arnavut Ansiklopedisi\u201d ise, \u00fclkenin siyasi ve toplumsal hayat\u0131na a\u015fina olmayanlar i\u00e7in ayd\u0131nlat\u0131c\u0131 \u015fifreler i\u00e7eriyor. <\/p>\n","protected":false},"excerpt":{"rendered":"<p>Arnavutluk\u2026 Avrupa\u2019n\u0131n bu k\u00fc\u00e7\u00fck ve tamam\u0131yla kendine has \u00fclkesi 1990\u2019lar\u0131n ba\u015f\u0131nda b\u00fcy\u00fck \u00e7alkant\u0131lar ya\u015fad\u0131. Enver Hoca\u2019n\u0131n kurdu\u011fu tek parti, tek adam rejiminden, halk\u0131n talebiyle \u00e7o\u011fulcu demokrasiye<span class=\"excerpt-hellip\"> [\u2026]<\/span><\/p>\n","protected":false},"featured_media":0,"template":"","meta":{"_monsterinsights_skip_tracking":false,"_monsterinsights_sitenote_active":false,"_monsterinsights_sitenote_note":"","_monsterinsights_sitenote_category":0},"product_brand":[],"product_cat":[13701,12291],"product_tag":[],"class_list":{"0":"post-743445","1":"product","2":"type-product","3":"status-publish","5":"product_cat-ani-mektup-gunluk","6":"product_cat-edebiyat","7":"pa_cilt-ciltsiz","8":"pa_tur-kitap","9":"pa_yayinevi-kirmizi-kedi-yayinevi","10":"pa_yazar-besnik-mustafaj","12":"first","13":"instock","14":"sale","15":"shipping-taxable","16":"purchasable","17":"product-type-simple"},"_links":{"self":[{"href":"https:\/\/roveyayinevi.com.tr\/index.php\/wp-json\/wp\/v2\/product\/743445","targetHints":{"allow":["GET"]}}],"collection":[{"href":"https:\/\/roveyayinevi.com.tr\/index.php\/wp-json\/wp\/v2\/product"}],"about":[{"href":"https:\/\/roveyayinevi.com.tr\/index.php\/wp-json\/wp\/v2\/types\/product"}],"wp:attachment":[{"href":"https:\/\/roveyayinevi.com.tr\/index.php\/wp-json\/wp\/v2\/media?parent=743445"}],"wp:term":[{"taxonomy":"product_brand","embeddable":true,"href":"https:\/\/roveyayinevi.com.tr\/index.php\/wp-json\/wp\/v2\/product_brand?post=743445"},{"taxonomy":"product_cat","embeddable":true,"href":"https:\/\/roveyayinevi.com.tr\/index.php\/wp-json\/wp\/v2\/product_cat?post=743445"},{"taxonomy":"product_tag","embeddable":true,"href":"https:\/\/roveyayinevi.com.tr\/index.php\/wp-json\/wp\/v2\/product_tag?post=743445"}],"curies":[{"name":"wp","href":"https:\/\/api.w.org\/{rel}","templated":true}]}}