{"id":743390,"date":"2025-08-28T01:33:46","date_gmt":"2025-08-27T22:33:46","guid":{"rendered":"https:\/\/roveyayinevi.com.tr\/index.php\/urun\/tarih-ve-kurgu\/"},"modified":"2026-04-16T02:54:43","modified_gmt":"2026-04-15T23:54:43","slug":"tarih-ve-kurgu","status":"publish","type":"product","link":"https:\/\/roveyayinevi.com.tr\/index.php\/urun\/tarih-ve-kurgu\/","title":{"rendered":"Tarih ve Kurgu"},"content":{"rendered":"<p>\u0130senbike Togan\u2019\u0131n 2011 y\u0131l\u0131na kadar yay\u0131mlanan T\u00fcrk\u00e7e makalelerinin derlendi\u011fi Tarih ve Kurgu \u2019daki ilk yaz\u0131, \u201cBu yaz\u0131n\u0131n konusu ODT\u00dc Tarih B\u00f6l\u00fcm\u00fc\u2019nde verdi\u011fim T\u00fcrklerin Tarihi dersleriyle beraber geli\u015fti. T\u00fcrklerin ve onlar gibi g\u00f6\u00e7ebe boy toplumu olmu\u015f Orta ve \u0130\u00e7 Asya halklar\u0131n\u0131n tarihini sadece sava\u015flardan meydana gelen bir tarih anlay\u0131\u015f\u0131 i\u00e7inde ele alman\u0131n tatmin edici olmad\u0131\u011f\u0131 konusunda, art\u0131k hem yurti\u00e7inde hem de yurtd\u0131\u015f\u0131nda geni\u015f bir fikir birli\u011fi olu\u015fmu\u015ftur\u201d ifadeleriyle ba\u015flar. Tarih ve Kurgu \u2019da be\u015f ana ba\u015fl\u0131k alt\u0131nda toplad\u0131\u011f\u0131 yaz\u0131lar\u0131nda tarihe yeni olu\u015fumlar\u0131n ortaya \u00e7\u0131kt\u0131\u011f\u0131 dinamik bir s\u00fcre\u00e7 olarak bakan \u0130senbike Togan, g\u00f6rece az incelenen, g\u00f6lgede kalan d\u00f6nemleri ve topluluklar\u0131 ele almaktad\u0131r. \u00c7ok geni\u015f bir co\u011frafya ve tarihsel kesitten gelen kaynaklardan s\u00fcz\u00fclen bilgiler, \u00e7e\u015fitli disiplinlerin y\u00f6ntemleriyle bu yaz\u0131larda i\u015flenmi\u015f, farkl\u0131 unsurlar uyum i\u00e7inde ama kendi varl\u0131klar\u0131n\u0131 da koruyarak bir araya getirilmi\u015ftir. B\u00f6ylelikle \u00c7in, Mo\u011fol, Osmanl\u0131 ve Timur d\u00f6nemi Orta Asyas\u0131 gibi, farkl\u0131klar\u0131na ra\u011fmen benzerlikler de ta\u015f\u0131yan aray\u0131\u015flar\u0131, bulunan \u00e7\u00f6z\u00fcmleri kar\u015f\u0131la\u015ft\u0131rmak m\u00fcmk\u00fcn olmaktad\u0131r. <\/p>\n","protected":false},"excerpt":{"rendered":"<p>\u0130senbike Togan\u2019\u0131n 2011 y\u0131l\u0131na kadar yay\u0131mlanan T\u00fcrk\u00e7e makalelerinin derlendi\u011fi Tarih ve Kurgu \u2019daki ilk yaz\u0131, \u201cBu yaz\u0131n\u0131n konusu ODT\u00dc Tarih B\u00f6l\u00fcm\u00fc\u2019nde verdi\u011fim T\u00fcrklerin Tarihi dersleriyle beraber<span class=\"excerpt-hellip\"> [\u2026]<\/span><\/p>\n","protected":false},"featured_media":0,"template":"","meta":{"_monsterinsights_skip_tracking":false,"_monsterinsights_sitenote_active":false,"_monsterinsights_sitenote_note":"","_monsterinsights_sitenote_category":0},"product_brand":[],"product_cat":[12312,12304],"product_tag":[],"class_list":{"0":"post-743390","1":"product","2":"type-product","3":"status-publish","5":"product_cat-diger","6":"product_cat-tarih","7":"pa_cilt-ciltsiz","8":"pa_tur-kitap","9":"pa_yayinevi-is-bankasi-kultur-yayinlari","10":"pa_yazar-isenbike-togan","12":"first","13":"instock","14":"sale","15":"shipping-taxable","16":"purchasable","17":"product-type-simple"},"_links":{"self":[{"href":"https:\/\/roveyayinevi.com.tr\/index.php\/wp-json\/wp\/v2\/product\/743390","targetHints":{"allow":["GET"]}}],"collection":[{"href":"https:\/\/roveyayinevi.com.tr\/index.php\/wp-json\/wp\/v2\/product"}],"about":[{"href":"https:\/\/roveyayinevi.com.tr\/index.php\/wp-json\/wp\/v2\/types\/product"}],"wp:attachment":[{"href":"https:\/\/roveyayinevi.com.tr\/index.php\/wp-json\/wp\/v2\/media?parent=743390"}],"wp:term":[{"taxonomy":"product_brand","embeddable":true,"href":"https:\/\/roveyayinevi.com.tr\/index.php\/wp-json\/wp\/v2\/product_brand?post=743390"},{"taxonomy":"product_cat","embeddable":true,"href":"https:\/\/roveyayinevi.com.tr\/index.php\/wp-json\/wp\/v2\/product_cat?post=743390"},{"taxonomy":"product_tag","embeddable":true,"href":"https:\/\/roveyayinevi.com.tr\/index.php\/wp-json\/wp\/v2\/product_tag?post=743390"}],"curies":[{"name":"wp","href":"https:\/\/api.w.org\/{rel}","templated":true}]}}