{"id":743372,"date":"2025-08-28T01:33:20","date_gmt":"2025-08-27T22:33:20","guid":{"rendered":"https:\/\/roveyayinevi.com.tr\/index.php\/urun\/yasamimdan-aci-dilimler\/"},"modified":"2026-04-16T02:54:43","modified_gmt":"2026-04-15T23:54:43","slug":"yasamimdan-aci-dilimler","status":"publish","type":"product","link":"https:\/\/roveyayinevi.com.tr\/index.php\/urun\/yasamimdan-aci-dilimler\/","title":{"rendered":"Ya\u015fam\u0131mdan Ac\u0131 Dilimler"},"content":{"rendered":"<p>1968-69 gibi alabildi\u011fine hareketli bir d\u00f6nemde \u0130T\u00dc \u00d6\u011frenci Birli\u011fi ba\u015fkanl\u0131\u011f\u0131 yapan Harun Karadeniz, hem ku\u015fa\u011f\u0131 taraf\u0131ndan hem de \u00e7e\u015fitli defalar bas\u0131lan Olayl\u0131 Y\u0131llar ve Gen\u00e7lik kitab\u0131ndan \u00f6t\u00fcr\u00fc bir gen\u00e7lik lideri olarak an\u0131l\u0131r. \u00d6\u011frenci Birli\u011fi ba\u015fkanl\u0131\u011f\u0131 s\u0131ras\u0131nda NATO\u2019ya Hay\u0131r, 6. Filo\u2019ya kar\u015f\u0131 vb g\u00f6sterilerin yan\u0131 s\u0131ra do\u011frudan \u00f6\u011frenci gen\u00e7li\u011fin alan\u0131nda g\u00f6z\u00fckmeyen Gerze T\u00fct\u00fcn Mitingi, Ortak Pazara Hay\u0131r Y\u00fcr\u00fcy\u00fc\u015f\u00fc gibi eylemlerin d\u00fczenlenmesinde de \u00f6nemli katk\u0131da bulunmu\u015ftur. Kapitalsiz Kapitalistler (1968) kitap\u00e7\u0131\u011f\u0131yla pop\u00fcler bir dille s\u00f6m\u00fcr\u00fcy\u00fc a\u00e7\u0131klamaya \u00e7al\u0131\u015fm\u0131\u015f ve \u201cYeter ki s\u00f6m\u00fcr\u00fc mekanizmas\u0131 ve iktisadi ger\u00e7ekler halka halk diliyle anlat\u0131ls\u0131n\u201d diyerek kendi aray\u0131\u015f\u0131n\u0131n y\u00f6r\u00fcngesini \u00e7izmeye ba\u015flam\u0131\u015f, fakat siyasal ya\u015fam\u0131n\u0131n en \u00f6nemli deneyimi g\u00f6lgede kalm\u0131\u015ft\u0131r.  Harun Karadeniz 1968 \u00fcniversite i\u015fgallerinin hemen ard\u0131ndan ba\u015flayan fabrika i\u015fgallerinin ilki olan Derby fabrikas\u0131nda grevin i\u015fgale d\u00f6n\u00fc\u015ft\u00fcr\u00fclmesi i\u00e7in kendisinden destek istenmesinden ba\u015flayarak i\u015f\u00e7i hareketi ile organik bir ili\u015fki kurman\u0131n yollar\u0131n\u0131 aram\u0131\u015ft\u0131r. Bu t\u00fcr eylemlere a\u011f\u0131rl\u0131kl\u0131 olarak \u0130T\u00dc\u2019den olmak \u00fczere en az 100 ki\u015fi kat\u0131lmaktayd\u0131. Harun Karadeniz i\u00e7in bir not d\u00fc\u015fmek gerekirse yak\u0131n dostu, hocas\u0131 \u0130dris K\u00fc\u00e7\u00fck\u00f6mer\u2019den bir al\u0131nt\u0131 yapmak yerinde olur: \u201cD\u00fc\u015f\u00fcnen, d\u00fc\u015f\u00fcnmesini bilen bir insand\u0131. Somut g\u00f6zlemleri, \u00e7ocuklu\u011fundan beri olan ya\u015fam\u0131, onu \u00f6nceden \u00f6\u011fretilen baz\u0131 kavramlardan \u015f\u00fcphe etmeye, sonra d\u00fc\u015f\u00fcnmeye y\u00f6neltti. Yoksul ve k\u0131zg\u0131n k\u00f6yl\u00fc \u00e7ocu\u011fu m\u00fchendis olacakt\u0131. Matematik, bir lojik y\u00f6ntem olarak onu pusatland\u0131racakt\u0131. \u00dcniversitelerdeki \u00f6\u011freti ile hayattaki toplumsal ili\u015fkilerin uyu\u015fmazl\u0131\u011f\u0131n\u0131 anlad\u0131. Somut \u00f6nerilerini lider olarak uygulamaya ge\u00e7ti. &#8230; Giderek \u00f6\u011frenci eylemlerinden i\u015f\u00e7iler i\u00e7ine kar\u0131\u015fman\u0131n ye\u011f oldu\u011funu kabul etti ve \u00f6yle eyledi.\u201d   <\/p>\n","protected":false},"excerpt":{"rendered":"<p>1968-69 gibi alabildi\u011fine hareketli bir d\u00f6nemde \u0130T\u00dc \u00d6\u011frenci Birli\u011fi ba\u015fkanl\u0131\u011f\u0131 yapan Harun Karadeniz, hem ku\u015fa\u011f\u0131 taraf\u0131ndan hem de \u00e7e\u015fitli defalar bas\u0131lan Olayl\u0131 Y\u0131llar ve Gen\u00e7lik kitab\u0131ndan<span class=\"excerpt-hellip\"> [\u2026]<\/span><\/p>\n","protected":false},"featured_media":0,"template":"","meta":{"_monsterinsights_skip_tracking":false,"_monsterinsights_sitenote_active":false,"_monsterinsights_sitenote_note":"","_monsterinsights_sitenote_category":0},"product_brand":[],"product_cat":[12304,14128],"product_tag":[],"class_list":{"0":"post-743372","1":"product","2":"type-product","3":"status-publish","5":"product_cat-tarih","6":"product_cat-yakin-tarih","7":"pa_cilt-ciltsiz","8":"pa_tur-kitap","9":"pa_yayinevi-ayrinti-yayinlari","10":"pa_yazar-harun-karadeniz","12":"first","13":"instock","14":"sale","15":"shipping-taxable","16":"purchasable","17":"product-type-simple"},"_links":{"self":[{"href":"https:\/\/roveyayinevi.com.tr\/index.php\/wp-json\/wp\/v2\/product\/743372","targetHints":{"allow":["GET"]}}],"collection":[{"href":"https:\/\/roveyayinevi.com.tr\/index.php\/wp-json\/wp\/v2\/product"}],"about":[{"href":"https:\/\/roveyayinevi.com.tr\/index.php\/wp-json\/wp\/v2\/types\/product"}],"wp:attachment":[{"href":"https:\/\/roveyayinevi.com.tr\/index.php\/wp-json\/wp\/v2\/media?parent=743372"}],"wp:term":[{"taxonomy":"product_brand","embeddable":true,"href":"https:\/\/roveyayinevi.com.tr\/index.php\/wp-json\/wp\/v2\/product_brand?post=743372"},{"taxonomy":"product_cat","embeddable":true,"href":"https:\/\/roveyayinevi.com.tr\/index.php\/wp-json\/wp\/v2\/product_cat?post=743372"},{"taxonomy":"product_tag","embeddable":true,"href":"https:\/\/roveyayinevi.com.tr\/index.php\/wp-json\/wp\/v2\/product_tag?post=743372"}],"curies":[{"name":"wp","href":"https:\/\/api.w.org\/{rel}","templated":true}]}}