{"id":743255,"date":"2025-08-28T01:30:53","date_gmt":"2025-08-27T22:30:53","guid":{"rendered":"https:\/\/roveyayinevi.com.tr\/index.php\/urun\/hikayeyi-hanedan-i-al-i-osman\/"},"modified":"2026-04-16T02:54:39","modified_gmt":"2026-04-15T23:54:39","slug":"hikayeyi-hanedan-i-al-i-osman","status":"publish","type":"product","link":"https:\/\/roveyayinevi.com.tr\/index.php\/urun\/hikayeyi-hanedan-i-al-i-osman\/","title":{"rendered":"Hik\u00e2yeyi Hanedan-\u0131 \u00c2l-i Osman"},"content":{"rendered":"<p>Osmanl\u0131 \u0130mparatorlu\u011fu, B\u00fcy\u00fck Roma \u0130mparatorlu\u011fundan sonra d\u00fcnyan\u0131n stratejik \u00f6neme sahip topraklar\u0131nda ve \u00fc\u00e7 k\u0131tada uzun s\u00fcre h\u00e2kimiyet kuran ikinci devlet oldu. Halil \u0130nalc\u0131k\u2019a g\u00f6re Osmanl\u0131 h\u00e2kimiyet anlay\u0131\u015f\u0131n\u0131n temeli, T\u00fcrk-Mo\u011fol-\u0130sl\u00e2m-Roma-Hint-\u0130ran gelene\u011fine dayan\u0131r. Kurucu Osman Gazi\u2019nin babas\u0131 Ertu\u011frul Bey\u2019in atalar\u0131, 1071 deki Malazgirt Sava\u015f\u0131 sonras\u0131 Ahlat Emirine ba\u011fl\u0131 olarak Anadolu\u2019da fetihlere kat\u0131lm\u0131\u015flard\u0131. Ertu\u011frul Bey\u2019in obas\u0131, &#8220;Emir Timur ve o\u011flu  \u015eahruh kabul etmese de &#8221; IYI simgesini kullanan O\u011fuzlar\u0131n Kay\u0131 Boyuna ba\u011fl\u0131 idi. Kay\u0131 Boyu damgas\u0131n\u0131 II. Murad\u2019\u0131n sikkelerinde g\u00f6rebiliyoruz. Ertu\u011frul Bey\u2019in  ismi, ilk defa Cezer\u00ee\u2019nin &#8220;Tarih\u00fcl \u0130sl\u00e2m&#8221; kitab\u0131nda ge\u00e7er, t\u00fcrbesi  devletin ilk merkezi olan S\u00f6\u011f\u00fct\u2019tedir. Anadolu Sel\u00e7uklu Devletinin son zaman\u0131nda, Bizans s\u0131n\u0131r\u0131na yerle\u015fen d\u00f6rt bin ki\u015filik Kay\u0131 obas\u0131, D\u00fcnyan\u0131n en b\u00fcy\u00fck imparatorluklar\u0131ndan birini kurmaya muvaffak oldu. Cengiz \u0130mparatorlu\u011funun devam\u0131 olan \u0130lhanl\u0131 Mo\u011fol  Devleti\u2019nin Asya Bozk\u0131rlar\u0131ndan \u0130ran ve Anadolu\u2019ya s\u00fcrd\u00fc\u011f\u00fc y\u00fczbinlerce T\u00fcrk-T\u00fcrkmen, Osmanl\u0131 Hanedan\u0131n\u0131n kurdu\u011fu  devletin yap\u0131ta\u015flar\u0131 oldu.<\/p>\n","protected":false},"excerpt":{"rendered":"<p>Osmanl\u0131 \u0130mparatorlu\u011fu, B\u00fcy\u00fck Roma \u0130mparatorlu\u011fundan sonra d\u00fcnyan\u0131n stratejik \u00f6neme sahip topraklar\u0131nda ve \u00fc\u00e7 k\u0131tada uzun s\u00fcre h\u00e2kimiyet kuran ikinci devlet oldu. Halil \u0130nalc\u0131k\u2019a g\u00f6re Osmanl\u0131 h\u00e2kimiyet<span class=\"excerpt-hellip\"> [\u2026]<\/span><\/p>\n","protected":false},"featured_media":0,"template":"","meta":{"_monsterinsights_skip_tracking":false,"_monsterinsights_sitenote_active":false,"_monsterinsights_sitenote_note":"","_monsterinsights_sitenote_category":0},"product_brand":[],"product_cat":[13517,12304],"product_tag":[],"class_list":{"0":"post-743255","1":"product","2":"type-product","3":"status-publish","5":"product_cat-osmanli-tarihi","6":"product_cat-tarih","7":"pa_cilt-ciltsiz","8":"pa_tur-kitap","9":"pa_yayinevi-korkut-yayinlari","10":"pa_yazar-uygun-ahmet-aker","12":"first","13":"instock","14":"sale","15":"shipping-taxable","16":"purchasable","17":"product-type-simple"},"_links":{"self":[{"href":"https:\/\/roveyayinevi.com.tr\/index.php\/wp-json\/wp\/v2\/product\/743255","targetHints":{"allow":["GET"]}}],"collection":[{"href":"https:\/\/roveyayinevi.com.tr\/index.php\/wp-json\/wp\/v2\/product"}],"about":[{"href":"https:\/\/roveyayinevi.com.tr\/index.php\/wp-json\/wp\/v2\/types\/product"}],"wp:attachment":[{"href":"https:\/\/roveyayinevi.com.tr\/index.php\/wp-json\/wp\/v2\/media?parent=743255"}],"wp:term":[{"taxonomy":"product_brand","embeddable":true,"href":"https:\/\/roveyayinevi.com.tr\/index.php\/wp-json\/wp\/v2\/product_brand?post=743255"},{"taxonomy":"product_cat","embeddable":true,"href":"https:\/\/roveyayinevi.com.tr\/index.php\/wp-json\/wp\/v2\/product_cat?post=743255"},{"taxonomy":"product_tag","embeddable":true,"href":"https:\/\/roveyayinevi.com.tr\/index.php\/wp-json\/wp\/v2\/product_tag?post=743255"}],"curies":[{"name":"wp","href":"https:\/\/api.w.org\/{rel}","templated":true}]}}