{"id":743218,"date":"2025-08-28T01:30:05","date_gmt":"2025-08-27T22:30:05","guid":{"rendered":"https:\/\/roveyayinevi.com.tr\/index.php\/urun\/kulturun-huzursuzlugu\/"},"modified":"2026-04-16T02:54:37","modified_gmt":"2026-04-15T23:54:37","slug":"kulturun-huzursuzlugu","status":"publish","type":"product","link":"https:\/\/roveyayinevi.com.tr\/index.php\/urun\/kulturun-huzursuzlugu\/","title":{"rendered":"K\u00fclt\u00fcr\u00fcn Huzursuzlu\u011fu"},"content":{"rendered":"<p>\u201cKar\u015f\u0131l\u0131kl\u0131l\u0131\u011fa dayal\u0131 k\u00fclt\u00fcrel ser\u00fcven \u201cyukar\u0131dan\u201d ayr\u0131\u015ft\u0131rmalarla ve hummal\u0131 \u00e7al\u0131\u015fmalarla ne kadar y\u00f6nlendirilmek istenirse istensin, s\u0131n\u0131fl\u0131 toplumun ink\u00e2r\u0131na adanm\u0131\u015f ideolojiler ne kadar g\u00fc\u00e7lenirse g\u00fc\u00e7lensin, ister nefret s\u00f6ylemiyle s\u00fcslensin ister aparatlarla g\u00fcd\u00fclensin, c\u00fcmle kutupla\u015ft\u0131rmaya ra\u011fmen burjuva iktidar ibreyi tek bir y\u00f6ne b\u00fckemez.\u201d   Yasin Durak elinizdeki kitab\u0131nda \u201c\u00e7a\u011f\u0131m\u0131z\u0131n bize d\u00fc\u015fen hissesi\u201d dedi\u011fi Erdo\u011fan d\u00f6neminin k\u00fclt\u00fcr politikalar\u0131na odaklan\u0131yor. Semboller, zaman anlat\u0131s\u0131 ve fantazya izleklerine \u00f6zel bir \u00f6nem vererek, iktidar eliyle T\u00fcrkiye k\u00fclt\u00fcr\u00fcn\u00fcn nas\u0131l \u0130slamla\u015ft\u0131r\u0131ld\u0131\u011f\u0131n\u0131n farkl\u0131 u\u011fraklardaki tahliline giri\u015fiyor. Bununla da yetinmeyerek, \u00e7al\u0131\u015fmas\u0131n\u0131 bitirmeden evvel T\u00fcrkiye\u2019de direni\u015f k\u00fclt\u00fcr\u00fcn\u00fcn sundu\u011fu olanaklara dair etkili bir siyasal antropoloji tart\u0131\u015fmas\u0131 y\u00fcr\u00fctmeyi de ihmal etmiyor. T\u00fcrkiye toplumuna atfedilen \u201cola\u011fan muhafazak\u00e2rl\u0131k\u201d nitelemesinin arka plan\u0131n\u0131 merak edenler i\u00e7in ufuk a\u00e7\u0131c\u0131 bir \u00e7al\u0131\u015fma\u2026 <\/p>\n","protected":false},"excerpt":{"rendered":"<p>\u201cKar\u015f\u0131l\u0131kl\u0131l\u0131\u011fa dayal\u0131 k\u00fclt\u00fcrel ser\u00fcven \u201cyukar\u0131dan\u201d ayr\u0131\u015ft\u0131rmalarla ve hummal\u0131 \u00e7al\u0131\u015fmalarla ne kadar y\u00f6nlendirilmek istenirse istensin, s\u0131n\u0131fl\u0131 toplumun ink\u00e2r\u0131na adanm\u0131\u015f ideolojiler ne kadar g\u00fc\u00e7lenirse g\u00fc\u00e7lensin, ister nefret s\u00f6ylemiyle<span class=\"excerpt-hellip\"> [\u2026]<\/span><\/p>\n","protected":false},"featured_media":0,"template":"","meta":{"_monsterinsights_skip_tracking":false,"_monsterinsights_sitenote_active":false,"_monsterinsights_sitenote_note":"","_monsterinsights_sitenote_category":0},"product_brand":[],"product_cat":[31194,12337],"product_tag":[],"class_list":{"0":"post-743218","1":"product","2":"type-product","3":"status-publish","5":"product_cat-guncel-siyaset","6":"product_cat-politika-siyaset","7":"pa_cilt-ciltsiz","8":"pa_tur-kitap","9":"pa_yayinevi-sol-kultur","10":"pa_yazar-yasin-durak","12":"first","13":"instock","14":"sale","15":"shipping-taxable","16":"purchasable","17":"product-type-simple"},"_links":{"self":[{"href":"https:\/\/roveyayinevi.com.tr\/index.php\/wp-json\/wp\/v2\/product\/743218","targetHints":{"allow":["GET"]}}],"collection":[{"href":"https:\/\/roveyayinevi.com.tr\/index.php\/wp-json\/wp\/v2\/product"}],"about":[{"href":"https:\/\/roveyayinevi.com.tr\/index.php\/wp-json\/wp\/v2\/types\/product"}],"wp:attachment":[{"href":"https:\/\/roveyayinevi.com.tr\/index.php\/wp-json\/wp\/v2\/media?parent=743218"}],"wp:term":[{"taxonomy":"product_brand","embeddable":true,"href":"https:\/\/roveyayinevi.com.tr\/index.php\/wp-json\/wp\/v2\/product_brand?post=743218"},{"taxonomy":"product_cat","embeddable":true,"href":"https:\/\/roveyayinevi.com.tr\/index.php\/wp-json\/wp\/v2\/product_cat?post=743218"},{"taxonomy":"product_tag","embeddable":true,"href":"https:\/\/roveyayinevi.com.tr\/index.php\/wp-json\/wp\/v2\/product_tag?post=743218"}],"curies":[{"name":"wp","href":"https:\/\/api.w.org\/{rel}","templated":true}]}}