{"id":743073,"date":"2025-08-28T01:27:09","date_gmt":"2025-08-27T22:27:09","guid":{"rendered":"https:\/\/roveyayinevi.com.tr\/index.php\/urun\/ankarali-bir-sahafin-hatirlari\/"},"modified":"2026-04-16T02:54:01","modified_gmt":"2026-04-15T23:54:01","slug":"ankarali-bir-sahafin-hatirlari","status":"publish","type":"product","link":"https:\/\/roveyayinevi.com.tr\/index.php\/urun\/ankarali-bir-sahafin-hatirlari\/","title":{"rendered":"Ankaral\u0131 Bir Sahaf\u0131n Hat\u0131rlar\u0131"},"content":{"rendered":"<p>Turgut Konuralp\u2019in ve Etem Co\u015fkun Bey\u2019in vefat\u0131ndan sonra hat\u0131rat\u0131n haz\u0131rlanmas\u0131 a\u015famas\u0131nda kaybetti\u011fimiz Ankara\u2019n\u0131n 1.ku\u015fak sahaflar\u0131ndan Salih Elhan Bey\u2019inde vefat\u0131 Ankara\u2019da ya\u015fayan, yolu Ankara\u2019dan ge\u00e7en kitap dostlar\u0131nda buruklu\u011fa yol a\u00e7t\u0131. Ankara Sahafl\u0131\u011f\u0131nda bir devir sona eriyordu. Salih Elhan\u2019\u0131n hat\u0131ralar\u0131 bu alanda \u00f6nemli bir bo\u015flu\u011fu doldurmaya adayd\u0131r. Farkl\u0131 okumalar yap\u0131labilir elbette. Mesela Kilis\u2019in antropolojik ve yak\u0131n tarih ara\u015ft\u0131rmalar\u0131na katk\u0131 sunmaktad\u0131r. Salih Elhan\u2019\u0131n \u0130stanbul Tecr\u00fcbesi, Sahafl\u0131k piyasas\u0131n\u0131n dinamiklerini fark etmesinde etkili olmu\u015fa benzemektedir. Ba\u015fkent\u2019in yar\u0131m as\u0131rl\u0131k d\u00f6nemindeki, kitap ve yay\u0131n faaliyetleri kadar, fiziki imar\u0131 da hat\u0131ralardan izlenebilmektedir. Anafartalar Caddesi: Ulus merkezli Ankara\u2019n\u0131n, K\u0131z\u0131lay merkezli hale d\u00f6n\u00fc\u015fmesi, sahaflar\u0131n da bu d\u00f6n\u00fc\u015f\u00fcmde kendilerine yer bulabilmesi bir uyum ve ba\u015far\u0131 \u00f6yk\u00fcs\u00fcd\u00fcr. D\u00f6nemin, yolu sahaflara d\u00fc\u015fen herkes de\u011fil elbette, sadece Salih Elhan\u2019\u0131n hat\u0131rlayabildikleri bile \u00f6nemli bir ayd\u0131nlar ge\u00e7ididir. \u201cM\u00fc\u015fterilerim benden daha k\u00fclt\u00fcrl\u00fc ve kitaptan anlayan insanlard\u0131\u201d, c\u00fcmlesiyle hat\u0131rat da bu hakk\u0131 teslim etmektedir.<\/p>\n","protected":false},"excerpt":{"rendered":"<p>Turgut Konuralp\u2019in ve Etem Co\u015fkun Bey\u2019in vefat\u0131ndan sonra hat\u0131rat\u0131n haz\u0131rlanmas\u0131 a\u015famas\u0131nda kaybetti\u011fimiz Ankara\u2019n\u0131n 1.ku\u015fak sahaflar\u0131ndan Salih Elhan Bey\u2019inde vefat\u0131 Ankara\u2019da ya\u015fayan, yolu Ankara\u2019dan ge\u00e7en kitap dostlar\u0131nda<span class=\"excerpt-hellip\"> [\u2026]<\/span><\/p>\n","protected":false},"featured_media":0,"template":"","meta":{"_monsterinsights_skip_tracking":false,"_monsterinsights_sitenote_active":false,"_monsterinsights_sitenote_note":"","_monsterinsights_sitenote_category":0},"product_brand":[],"product_cat":[13701,12291],"product_tag":[],"class_list":{"0":"post-743073","1":"product","2":"type-product","3":"status-publish","5":"product_cat-ani-mektup-gunluk","6":"product_cat-edebiyat","7":"pa_cilt-ciltsiz","8":"pa_tur-kitap","9":"pa_yayinevi-altinordu-yayinlari","10":"pa_yazar-salih-elhan","12":"first","13":"instock","14":"sale","15":"shipping-taxable","16":"purchasable","17":"product-type-simple"},"_links":{"self":[{"href":"https:\/\/roveyayinevi.com.tr\/index.php\/wp-json\/wp\/v2\/product\/743073","targetHints":{"allow":["GET"]}}],"collection":[{"href":"https:\/\/roveyayinevi.com.tr\/index.php\/wp-json\/wp\/v2\/product"}],"about":[{"href":"https:\/\/roveyayinevi.com.tr\/index.php\/wp-json\/wp\/v2\/types\/product"}],"wp:attachment":[{"href":"https:\/\/roveyayinevi.com.tr\/index.php\/wp-json\/wp\/v2\/media?parent=743073"}],"wp:term":[{"taxonomy":"product_brand","embeddable":true,"href":"https:\/\/roveyayinevi.com.tr\/index.php\/wp-json\/wp\/v2\/product_brand?post=743073"},{"taxonomy":"product_cat","embeddable":true,"href":"https:\/\/roveyayinevi.com.tr\/index.php\/wp-json\/wp\/v2\/product_cat?post=743073"},{"taxonomy":"product_tag","embeddable":true,"href":"https:\/\/roveyayinevi.com.tr\/index.php\/wp-json\/wp\/v2\/product_tag?post=743073"}],"curies":[{"name":"wp","href":"https:\/\/api.w.org\/{rel}","templated":true}]}}