{"id":743063,"date":"2025-08-28T01:26:57","date_gmt":"2025-08-27T22:26:57","guid":{"rendered":"https:\/\/roveyayinevi.com.tr\/index.php\/urun\/salamina-askerleri-ciltli\/"},"modified":"2026-04-16T02:54:01","modified_gmt":"2026-04-15T23:54:01","slug":"salamina-askerleri-ciltli","status":"publish","type":"product","link":"https:\/\/roveyayinevi.com.tr\/index.php\/urun\/salamina-askerleri-ciltli\/","title":{"rendered":"Salamina Askerleri  -Ciltli"},"content":{"rendered":"<p>\u201cMuhte\u015fem bir kitap\u2026 Uzun zamand\u0131r okudu\u011fum en iyi kitaplardan biri!\u201d Mario Vargas Llosa Javier Cercas, ad\u0131n\u0131n t\u00fcm d\u00fcnyada duyulmas\u0131n\u0131 sa\u011flayan ve Mario Vargas Llosa, J. M. Coetzee, Doris Lessing gibi yazarlar\u0131n b\u00fcy\u00fck be\u011fenisini kazanan Salamina Askerleri roman\u0131nda \u0130spanya tarihinin \u00e7ok belirleyici bir d\u00f6nemine farkl\u0131 bir a\u00e7\u0131dan yakla\u015f\u0131yor. \u0130spanya \u0130\u00e7 Sava\u015f\u0131\u2019n\u0131n son aylar\u0131nda, Cumhuriyet\u00e7i birlikler bir grup Franco taraftar\u0131n\u0131 kur\u015funa dizer. Fakat i\u00e7lerinden biri, Falanj\u2019\u0131n kurucusu Rafael S\u00e1nchez Mazas, Cumhuriyet\u00e7i bir asker sayesinde hayatta kal\u0131r. Bu olaydan 60 y\u0131l sonra, bir gazeteci bilinmezliklerle dolu bu tuhaf hik\u00e2yenin asl\u0131n\u0131 ke\u015ffetmek i\u00e7in uzun bir maceraya at\u0131l\u0131r. Javier Cercas\u2019\u0131n \u201cyazd\u0131\u011f\u0131m en iyi roman\u201d olarak niteledi\u011fi Salamina Askerleri, hik\u00e2ye i\u00e7inde hik\u00e2yelerle ger\u00e7ekle kurmaca aras\u0131ndaki ince \u00e7izgide seyreden, hat\u0131rlamak ve unutmak \u00fczerine bir ba\u015fyap\u0131t. \u201cJavier Cercas, kar\u015f\u0131 konulamaz bir dolays\u0131zl\u0131k ve incelikle, g\u00fcnl\u00fck ya\u015famlar\u0131m\u0131zda tarihle uzla\u015fmaolas\u0131l\u0131\u011f\u0131na do\u011fru, h\u0131zl\u0131, zekice ve \u015fefkatli bir aray\u0131\u015fa giriyor&#8230; Muhte\u015fem bir roman yazm\u0131\u015f.\u201d Susan Sontag<\/p>\n","protected":false},"excerpt":{"rendered":"<p>\u201cMuhte\u015fem bir kitap\u2026 Uzun zamand\u0131r okudu\u011fum en iyi kitaplardan biri!\u201d Mario Vargas Llosa Javier Cercas, ad\u0131n\u0131n t\u00fcm d\u00fcnyada duyulmas\u0131n\u0131 sa\u011flayan ve Mario Vargas Llosa, J. M.<span class=\"excerpt-hellip\"> [\u2026]<\/span><\/p>\n","protected":false},"featured_media":0,"template":"","meta":{"_monsterinsights_skip_tracking":false,"_monsterinsights_sitenote_active":false,"_monsterinsights_sitenote_note":"","_monsterinsights_sitenote_category":0},"product_brand":[],"product_cat":[12416,12291],"product_tag":[],"class_list":{"0":"post-743063","1":"product","2":"type-product","3":"status-publish","5":"product_cat-cizgi-roman","6":"product_cat-edebiyat","7":"pa_cilt-ciltli","8":"pa_tur-kitap","9":"pa_yayinevi-everest-yayinlari","10":"pa_yazar-javier-cercas-jose-pablo-garcia","12":"first","13":"instock","14":"sale","15":"shipping-taxable","16":"purchasable","17":"product-type-simple"},"_links":{"self":[{"href":"https:\/\/roveyayinevi.com.tr\/index.php\/wp-json\/wp\/v2\/product\/743063","targetHints":{"allow":["GET"]}}],"collection":[{"href":"https:\/\/roveyayinevi.com.tr\/index.php\/wp-json\/wp\/v2\/product"}],"about":[{"href":"https:\/\/roveyayinevi.com.tr\/index.php\/wp-json\/wp\/v2\/types\/product"}],"wp:attachment":[{"href":"https:\/\/roveyayinevi.com.tr\/index.php\/wp-json\/wp\/v2\/media?parent=743063"}],"wp:term":[{"taxonomy":"product_brand","embeddable":true,"href":"https:\/\/roveyayinevi.com.tr\/index.php\/wp-json\/wp\/v2\/product_brand?post=743063"},{"taxonomy":"product_cat","embeddable":true,"href":"https:\/\/roveyayinevi.com.tr\/index.php\/wp-json\/wp\/v2\/product_cat?post=743063"},{"taxonomy":"product_tag","embeddable":true,"href":"https:\/\/roveyayinevi.com.tr\/index.php\/wp-json\/wp\/v2\/product_tag?post=743063"}],"curies":[{"name":"wp","href":"https:\/\/api.w.org\/{rel}","templated":true}]}}