{"id":743034,"date":"2025-08-28T01:26:20","date_gmt":"2025-08-27T22:26:20","guid":{"rendered":"https:\/\/roveyayinevi.com.tr\/index.php\/urun\/yusuf-izzeddin\/"},"modified":"2026-04-16T02:54:00","modified_gmt":"2026-04-15T23:54:00","slug":"yusuf-izzeddin","status":"publish","type":"product","link":"https:\/\/roveyayinevi.com.tr\/index.php\/urun\/yusuf-izzeddin\/","title":{"rendered":"Yusuf \u0130zzeddin"},"content":{"rendered":"<p>Yapt\u0131\u011f\u0131 \u00f6zg\u00fcn \u00e7al\u0131\u015fmalarla T\u00fcrk ve d\u00fcnya tarih literat\u00fcr\u00fcne \u00f6nemli katk\u0131larda bulunmu\u015f \u00e7ok de\u011ferli bir isim olan Prof. Dr. Ali Aky\u0131ld\u0131z bu kitab\u0131nda hayat\u0131 ve \u00f6l\u00fcm\u00fc h\u00e2l\u00e2 tart\u0131\u015f\u0131lan Sultan Abd\u00fclaziz\u2019in o\u011flu Yusuf \u0130zzeddin\u2019i ve d\u00f6nemini anlat\u0131yor.\u00b7         Yusuf \u0130zzeddin\u2019in do\u011fumu ve varl\u0131\u011f\u0131 uzun s\u00fcre neden gizlendi?\u00b7         Yusuf \u0130zzeddin\u2019in \u201cola\u011fan\u00fcst\u00fc\u201d asker\u00ee kariyerinin ve 15 ya\u015f\u0131nda mare\u015falli\u011fe y\u00fckseli\u015finin s\u0131rr\u0131 neydi?\u00b7         Sultan Abd\u00fclaziz\u2019in 1867\u2019de ye\u011fenleri ve 10 ya\u015f\u0131ndaki o\u011flu Yusuf \u0130zzeddin\u2019le \u00e7\u0131kt\u0131\u011f\u0131 Avrupa seyahatinde neler ya\u015fand\u0131?\u00b7         Sultan Abd\u00fclaziz, o\u011flunu taht aday\u0131 olarak parlatmak ad\u0131na hangi \u201cilgin\u00e7\u201d yollara ba\u015fvurdu?\u00b7         Sultan Abd\u00fclaziz\u2019in tahttan indirildi\u011fi d\u00f6nemle ilgili olarak Yusuf \u0130zzeddin\u2019e hangi su\u00e7lamalar y\u00f6neltildi?\u00b7         Yusuf \u0130zzeddin, tahta \u00e7\u0131kmas\u0131na yard\u0131m etmesi kar\u015f\u0131l\u0131\u011f\u0131nda Rus \u00c7ar\u0131 II. Aleksand\u0131r\u2019a i\u015f birli\u011fi \u00f6nerdi mi?\u00b7         \u015eehzadenin \u0130ttihat\u00e7\u0131larla ili\u015fkisi nas\u0131ld\u0131?\u00b7         Taht s\u0131ras\u0131n\u0131 bekleyen Yusuf \u0130zzeddin gelecekten haber verdi\u011fini s\u00f6yleyenlerle irtibat kurdu mu?\u00b7         \u00c7anakkale sava\u015f alanlar\u0131n\u0131 tefti\u015fe giden Yusuf \u0130zzeddin burada \u201cT\u00fcrkl\u00fc\u011f\u00fcn yerlere serildi\u011fini\u201d ileri s\u00fcrerek Enver Pa\u015fa\u2019y\u0131 tabancayla yaralad\u0131 m\u0131?\u00b7         Kansere yakaland\u0131\u011f\u0131 ve veliahtl\u0131ktan \u0131skat edildi\u011fi vehimlerine kap\u0131lan veliaht bu d\u00f6nemde neler ya\u015fad\u0131?\u00b7         Ve nihayet iddia edildi\u011fi gibi \u00f6ld\u00fcr\u00fcld\u00fc m\u00fc yoksa intihar m\u0131 etti? Prof. Dr. Ali Aky\u0131ld\u0131z\u2019\u0131n Osmanl\u0131, Alman, Frans\u0131z ve \u0130ngiliz bas\u0131n\u0131na, hat\u0131ratlara, ar\u015fiv belgelerine ve literat\u00fcre dayanarak ve uzun y\u0131llar emek vererek haz\u0131rlad\u0131\u011f\u0131 Yusuf \u0130zzeddin: \u0130kbal, \u0130dbar, \u0130ntihar, b\u00fct\u00fcn bu sorulara ve s\u00fcregelen tart\u0131\u015fmalar yepyeni bir boyut kazand\u0131racak.<\/p>\n","protected":false},"excerpt":{"rendered":"<p>Yapt\u0131\u011f\u0131 \u00f6zg\u00fcn \u00e7al\u0131\u015fmalarla T\u00fcrk ve d\u00fcnya tarih literat\u00fcr\u00fcne \u00f6nemli katk\u0131larda bulunmu\u015f \u00e7ok de\u011ferli bir isim olan Prof. Dr. Ali Aky\u0131ld\u0131z bu kitab\u0131nda hayat\u0131 ve \u00f6l\u00fcm\u00fc h\u00e2l\u00e2<span class=\"excerpt-hellip\"> [\u2026]<\/span><\/p>\n","protected":false},"featured_media":0,"template":"","meta":{"_monsterinsights_skip_tracking":false,"_monsterinsights_sitenote_active":false,"_monsterinsights_sitenote_note":"","_monsterinsights_sitenote_category":0},"product_brand":[],"product_cat":[13517,12304],"product_tag":[],"class_list":{"0":"post-743034","1":"product","2":"type-product","3":"status-publish","5":"product_cat-osmanli-tarihi","6":"product_cat-tarih","7":"pa_cilt-ciltsiz","8":"pa_tur-kitap","9":"pa_yayinevi-timas-yayinlari","10":"pa_yazar-ali-akyildiz","12":"first","13":"instock","14":"sale","15":"shipping-taxable","16":"purchasable","17":"product-type-simple"},"_links":{"self":[{"href":"https:\/\/roveyayinevi.com.tr\/index.php\/wp-json\/wp\/v2\/product\/743034","targetHints":{"allow":["GET"]}}],"collection":[{"href":"https:\/\/roveyayinevi.com.tr\/index.php\/wp-json\/wp\/v2\/product"}],"about":[{"href":"https:\/\/roveyayinevi.com.tr\/index.php\/wp-json\/wp\/v2\/types\/product"}],"wp:attachment":[{"href":"https:\/\/roveyayinevi.com.tr\/index.php\/wp-json\/wp\/v2\/media?parent=743034"}],"wp:term":[{"taxonomy":"product_brand","embeddable":true,"href":"https:\/\/roveyayinevi.com.tr\/index.php\/wp-json\/wp\/v2\/product_brand?post=743034"},{"taxonomy":"product_cat","embeddable":true,"href":"https:\/\/roveyayinevi.com.tr\/index.php\/wp-json\/wp\/v2\/product_cat?post=743034"},{"taxonomy":"product_tag","embeddable":true,"href":"https:\/\/roveyayinevi.com.tr\/index.php\/wp-json\/wp\/v2\/product_tag?post=743034"}],"curies":[{"name":"wp","href":"https:\/\/api.w.org\/{rel}","templated":true}]}}