{"id":742950,"date":"2025-08-28T01:24:06","date_gmt":"2025-08-27T22:24:06","guid":{"rendered":"https:\/\/roveyayinevi.com.tr\/index.php\/urun\/i-kilic-arslan\/"},"modified":"2026-04-16T02:53:58","modified_gmt":"2026-04-15T23:53:58","slug":"i-kilic-arslan","status":"publish","type":"product","link":"https:\/\/roveyayinevi.com.tr\/index.php\/urun\/i-kilic-arslan\/","title":{"rendered":"I. K\u0131l\u0131\u00e7 Arslan"},"content":{"rendered":"<p>T\u00dcRK TAR\u0130H\u0130N\u0130N EFSANEV\u00ce \u015eAHS\u0130YET\u0130: I. KILI\u00c7 ARSLAN\u201cK\u0131l\u0131\u00e7 Arslan\u2019\u0131n Ha\u00e7l\u0131lara kar\u015f\u0131 verdi\u011fi m\u00fccadele onu T\u00fcrk tarihinde efsanev\u00ee bir \u015fahsiyet h\u00e2line getirmi\u015ftir. Burak Nazif Sar\u0131c\u0131 taraf\u0131ndan kaleme al\u0131nan bu kitap \u015fimdiye kadar Sultan I. K\u0131l\u0131\u00e7 Arslan hakk\u0131nda yaz\u0131lan en kapsaml\u0131 ve en ba\u015far\u0131l\u0131 \u00e7al\u0131\u015fma olmu\u015ftur.\u201d &#8211; Prof. Dr. Muharrem Kesik\u201cBazen bir \u015feyi d\u00fczeltmek onu yapmaktan daha zordur. I. K\u0131l\u0131\u00e7 Arslan, babas\u0131n\u0131n \u00f6l\u00fcm\u00fcyle birlikte sekteye u\u011frayan devleti gen\u00e7 ya\u015fta tekrar dirilten, Ha\u00e7l\u0131lara Anadolu\u2019yu dar eden, \u00c7aka Bey ile yapt\u0131\u011f\u0131 ittifakla Bizans\u2019\u0131 s\u0131k\u0131\u015ft\u0131ran, Anadolu\u2019nun T\u00fcrk yurdu olma s\u00fcrecine b\u00fcy\u00fck katk\u0131 sa\u011flayan sultand\u0131r. T\u00fcm ba\u015far\u0131lar\u0131na ra\u011fmen dedesi Kutalm\u0131\u015f ve babas\u0131 S\u00fcleyman\u015fah gibi B\u00fcy\u00fck Sel\u00e7uklu taht\u0131 u\u011fruna hayat\u0131n\u0131 kaybeden yine odur.  I. K\u0131l\u0131\u00e7 Arslan Ha\u00e7l\u0131lar\u0131 Durduran Sel\u00e7uklu Sultan\u0131, u\u00e7larda ya\u015fanm\u0131\u015f, ancak \u00e7ok fazla bilinmeyen bir ya\u015fam\u0131n hikayesi!\u201d- Prof. Dr. Cihan Piyadeo\u011fluBa\u015f\u0131ndan sonuna dek m\u00fccadele ile ge\u00e7en bir \u00f6m\u00fcr. Akl\u0131n\u0131, bilgisini, cesaretini; h\u00fckmetme g\u00fcc\u00fcyle ve otoritesiyle birle\u015ftirmi\u015f bir ruh. T\u00fcrk d\u00fcnyas\u0131 ve di\u011fer M\u00fcsl\u00fcman devletler i\u00e7in zaman\u0131n en b\u00fcy\u00fck tehdidini olu\u015fturan Ha\u00e7l\u0131 ordular\u0131n\u0131 at s\u0131rt\u0131nda, insan\u00fcst\u00fc m\u00fccadeleyle b\u00fcy\u00fck kay\u0131plara u\u011fratan bir komutan. Anadolu topraklar\u0131n\u0131 da\u011f\u0131lmaktan koruyan kararlara imza atm\u0131\u015f bir stratejist: I. K\u0131l\u0131\u00e7 Arslan.K\u0131l\u0131\u00e7 Arslan\u2019\u0131n elde etti\u011fi zaferler, T\u00fcrklerin Ha\u00e7l\u0131 ordular\u0131na kar\u015f\u0131 verdi\u011fi ba\u015far\u0131l\u0131 m\u00fccadelenin ilk safhas\u0131n\u0131 olu\u015fturmu\u015ftur. Onun t\u00fcm gayretleri, \u0130sl\u00e2m d\u00fcnyas\u0131n\u0131 aya\u011fa kald\u0131racak m\u00fccadele ate\u015finin ilk b\u00fcy\u00fck k\u0131v\u0131lc\u0131m\u0131n\u0131 meydana getirmi\u015ftir. Anadolu i\u00e7lerinden Musul\u2019a kadar geni\u015fletti\u011fi devletinde adaleti, huzuru, emniyeti temin eden K\u0131l\u0131\u00e7 Arslan; hem soyda\u015f ve dinda\u015flar\u0131 hem de ba\u015fka dinlere mensup halklar taraf\u0131ndan tarih boyunca en \u00e7ok sevilen komutanlardan biri olmu\u015ftur.I. K\u0131l\u0131\u00e7 Arslan-Ha\u00e7l\u0131lar\u0131 Durduran Sel\u00e7uklu Sultan\u0131; on d\u00f6rt y\u0131ll\u0131k h\u00fck\u00fcmdarl\u0131k s\u00fcresinde ad\u0131n\u0131 T\u00fcrk tarihinin m\u00fcstesna bir yerine yazd\u0131ran, Anadolu\u2019nun T\u00fcrk yurdu olmas\u0131nda ve Ha\u00e7l\u0131lar\u0131n durdurulmas\u0131nda \u00e7ok kritik bir rol oynayan I. K\u0131l\u0131\u00e7 Arslan\u2019\u0131 t\u00fcm y\u00f6nleriyle inceliyor. <\/p>\n","protected":false},"excerpt":{"rendered":"<p>T\u00dcRK TAR\u0130H\u0130N\u0130N EFSANEV\u00ce \u015eAHS\u0130YET\u0130: I. KILI\u00c7 ARSLAN\u201cK\u0131l\u0131\u00e7 Arslan\u2019\u0131n Ha\u00e7l\u0131lara kar\u015f\u0131 verdi\u011fi m\u00fccadele onu T\u00fcrk tarihinde efsanev\u00ee bir \u015fahsiyet h\u00e2line getirmi\u015ftir. Burak Nazif Sar\u0131c\u0131 taraf\u0131ndan kaleme al\u0131nan<span class=\"excerpt-hellip\"> [\u2026]<\/span><\/p>\n","protected":false},"featured_media":0,"template":"","meta":{"_monsterinsights_skip_tracking":false,"_monsterinsights_sitenote_active":false,"_monsterinsights_sitenote_note":"","_monsterinsights_sitenote_category":0},"product_brand":[],"product_cat":[12304,13650],"product_tag":[],"class_list":{"0":"post-742950","1":"product","2":"type-product","3":"status-publish","5":"product_cat-tarih","6":"product_cat-turk-tarihi-arastirmalari","7":"pa_cilt-ciltsiz","8":"pa_tur-kitap","9":"pa_yayinevi-kronik-kitap","10":"pa_yazar-burak-nazif-sarici","12":"first","13":"instock","14":"sale","15":"shipping-taxable","16":"purchasable","17":"product-type-simple"},"_links":{"self":[{"href":"https:\/\/roveyayinevi.com.tr\/index.php\/wp-json\/wp\/v2\/product\/742950","targetHints":{"allow":["GET"]}}],"collection":[{"href":"https:\/\/roveyayinevi.com.tr\/index.php\/wp-json\/wp\/v2\/product"}],"about":[{"href":"https:\/\/roveyayinevi.com.tr\/index.php\/wp-json\/wp\/v2\/types\/product"}],"wp:attachment":[{"href":"https:\/\/roveyayinevi.com.tr\/index.php\/wp-json\/wp\/v2\/media?parent=742950"}],"wp:term":[{"taxonomy":"product_brand","embeddable":true,"href":"https:\/\/roveyayinevi.com.tr\/index.php\/wp-json\/wp\/v2\/product_brand?post=742950"},{"taxonomy":"product_cat","embeddable":true,"href":"https:\/\/roveyayinevi.com.tr\/index.php\/wp-json\/wp\/v2\/product_cat?post=742950"},{"taxonomy":"product_tag","embeddable":true,"href":"https:\/\/roveyayinevi.com.tr\/index.php\/wp-json\/wp\/v2\/product_tag?post=742950"}],"curies":[{"name":"wp","href":"https:\/\/api.w.org\/{rel}","templated":true}]}}