{"id":742948,"date":"2025-08-28T01:24:05","date_gmt":"2025-08-27T22:24:05","guid":{"rendered":"https:\/\/roveyayinevi.com.tr\/index.php\/urun\/kibris-icin-havalandilar-g-gunu\/"},"modified":"2026-04-16T02:53:58","modified_gmt":"2026-04-15T23:53:58","slug":"kibris-icin-havalandilar-g-gunu","status":"publish","type":"product","link":"https:\/\/roveyayinevi.com.tr\/index.php\/urun\/kibris-icin-havalandilar-g-gunu\/","title":{"rendered":"K\u0131br\u0131s \u0130\u00e7in Havaland\u0131lar &#8220;G-G\u00fcn\u00fc&#8221;"},"content":{"rendered":"<p>Son Tan\u0131klar\u0131n Anlat\u0131mlar\u0131yla K\u0131br\u0131s Bar\u0131\u015f Harek\u00e2t\u0131\u2019n\u0131n Hava Cephesi (Temmuz &#8211; A\u011fustos 1974) K\u0131br\u0131s \u0130\u00e7in Havaland\u0131lar \u201cG-G\u00fcn\u00fc\u201d kitab\u0131, T\u00fcrk havac\u0131l\u0131k tarihi ara\u015ft\u0131rmac\u0131lar\u0131 Levent Ba\u015fara ile Serhat G\u00fcven\u00e7\u2019in Hava, Kara ve Jandarma havac\u0131l\u0131k birliklerinde g\u00f6rev yapm\u0131\u015f 30\u2019un \u00fczerinde K\u0131br\u0131s gazisiyle yapt\u0131klar\u0131 r\u00f6portajlardan olu\u015fuyor. S\u00f6z konusu r\u00f6portajlar, hava indirme, u\u00e7arbirlik ve foto-ke\u015fif faaliyetlerine ili\u015fkin teknik ayr\u0131nt\u0131lar, foto\u011fraflar ve \u00f6zel olarak haz\u0131rlanan haritalarla destekleniyor. T\u00fcrk havac\u0131l\u0131k tarihinde b\u00fcy\u00fck bir bo\u015flu\u011fu dolduran bu kitap, ayr\u0131ca K\u0131br\u0131s Bar\u0131\u015f Harek\u00e2t\u0131\u2019n\u0131n daha do\u011fru bir tarihinin yaz\u0131lmas\u0131na katk\u0131 sa\u011fl\u0131yor.   K\u0131br\u0131s\u2019a hangi rotalardan gidildi ve hava indirme hangi b\u00f6lgelere yap\u0131ld\u0131? K\u0131br\u0131s\u2019a hangi birlikler ta\u015f\u0131nd\u0131? Rumlar nas\u0131l haz\u0131rl\u0131ks\u0131z yakaland\u0131? Harek\u00e2t\u0131n ba\u015far\u0131 y\u00fczdesi neydi? Helikopterler kay\u0131p vermeden nas\u0131l g\u00f6rev yapt\u0131? Harek\u00e2t\u0131n ikinci g\u00fcn\u00fcnde, t\u00fcm helikopterler neden geri d\u00f6nd\u00fcr\u00fcld\u00fc? Adaya inen askerler ne ile kar\u015f\u0131la\u015ft\u0131? Harek\u00e2t\u0131n ilk \u015fehidi \u00dct\u011fm. \u0130lker Karter\u2019in u\u00e7a\u011f\u0131 nas\u0131l vuruldu? Cenazesine ve u\u00e7a\u011f\u0131n\u0131n enkaz\u0131na nas\u0131l ula\u015f\u0131ld\u0131? Kocatepe gemisine yap\u0131lan hava taarruzlar\u0131 \u00f6nlenebilir miydi? Ke\u015fif foto\u011fraflar\u0131ndan \u00e7\u0131kan sonu\u00e7lar neden dikkate al\u0131nmad\u0131? D\u00fcnya tarihinin en \u00f6nemli deniza\u015f\u0131r\u0131 m\u00fc\u015fterek harek\u00e2tlar\u0131ndan biri olan K\u0131br\u0131s Bar\u0131\u015f Harek\u00e2t\u0131\u2019yla ilgili bir\u00e7ok sorunun cevab\u0131n\u0131 K\u0131br\u0131s \u0130\u00e7in Havaland\u0131lar \u201cG-G\u00fcn\u00fc\u201d kitab\u0131nda bulacaks\u0131n\u0131z.   K\u0131br\u0131s Bar\u0131\u015f Harek\u00e2t\u0131\u2019n\u0131n havac\u0131 tan\u0131klar\u0131 o g\u00fcnleri ilk kez anlat\u0131rken, \u015fu noktay\u0131 hep vurgulad\u0131lar: \u201cBunlar\u0131 torunlar\u0131m\u0131z okusun, dedelerinin harek\u00e2tta neler yapt\u0131\u011f\u0131n\u0131, neler ya\u015fad\u0131\u011f\u0131n\u0131 bilsinler.\u201d Levent Ba\u015fara ve Serhat G\u00fcven\u00e7, elinizdeki kitapta hem havac\u0131 gazilerimizin bu anlaml\u0131 iste\u011fini yerine getiriyor hem de K\u0131br\u0131s Bar\u0131\u015f Harek\u00e2t\u0131\u2019na dair ilk kez g\u00fcn y\u00fcz\u00fcne \u00e7\u0131kan bilgilerle havac\u0131l\u0131k tarihimize de\u011ferli bir katk\u0131 sunuyor. <\/p>\n","protected":false},"excerpt":{"rendered":"<p>Son Tan\u0131klar\u0131n Anlat\u0131mlar\u0131yla K\u0131br\u0131s Bar\u0131\u015f Harek\u00e2t\u0131\u2019n\u0131n Hava Cephesi (Temmuz &#8211; A\u011fustos 1974) K\u0131br\u0131s \u0130\u00e7in Havaland\u0131lar \u201cG-G\u00fcn\u00fc\u201d kitab\u0131, T\u00fcrk havac\u0131l\u0131k tarihi ara\u015ft\u0131rmac\u0131lar\u0131 Levent Ba\u015fara ile Serhat G\u00fcven\u00e7\u2019in<span class=\"excerpt-hellip\"> [\u2026]<\/span><\/p>\n","protected":false},"featured_media":0,"template":"","meta":{"_monsterinsights_skip_tracking":false,"_monsterinsights_sitenote_active":false,"_monsterinsights_sitenote_note":"","_monsterinsights_sitenote_category":0},"product_brand":[],"product_cat":[12304,13493],"product_tag":[],"class_list":{"0":"post-742948","1":"product","2":"type-product","3":"status-publish","5":"product_cat-tarih","6":"product_cat-turkiye-ve-cumhuriyet-tarihi","7":"pa_cilt-ciltsiz","8":"pa_tur-kitap","9":"pa_yayinevi-kronik-kitap","10":"pa_yazar-levent-basara-serhat-guvenc","12":"first","13":"instock","14":"sale","15":"shipping-taxable","16":"purchasable","17":"product-type-simple"},"_links":{"self":[{"href":"https:\/\/roveyayinevi.com.tr\/index.php\/wp-json\/wp\/v2\/product\/742948","targetHints":{"allow":["GET"]}}],"collection":[{"href":"https:\/\/roveyayinevi.com.tr\/index.php\/wp-json\/wp\/v2\/product"}],"about":[{"href":"https:\/\/roveyayinevi.com.tr\/index.php\/wp-json\/wp\/v2\/types\/product"}],"wp:attachment":[{"href":"https:\/\/roveyayinevi.com.tr\/index.php\/wp-json\/wp\/v2\/media?parent=742948"}],"wp:term":[{"taxonomy":"product_brand","embeddable":true,"href":"https:\/\/roveyayinevi.com.tr\/index.php\/wp-json\/wp\/v2\/product_brand?post=742948"},{"taxonomy":"product_cat","embeddable":true,"href":"https:\/\/roveyayinevi.com.tr\/index.php\/wp-json\/wp\/v2\/product_cat?post=742948"},{"taxonomy":"product_tag","embeddable":true,"href":"https:\/\/roveyayinevi.com.tr\/index.php\/wp-json\/wp\/v2\/product_tag?post=742948"}],"curies":[{"name":"wp","href":"https:\/\/api.w.org\/{rel}","templated":true}]}}