{"id":742932,"date":"2025-08-28T01:23:45","date_gmt":"2025-08-27T22:23:45","guid":{"rendered":"https:\/\/roveyayinevi.com.tr\/index.php\/urun\/cocuklar-adalet-haklar-ve-elestirel-sosyal-hizmet-sevda-ulugtekine-armagan\/"},"modified":"2026-04-16T02:53:57","modified_gmt":"2026-04-15T23:53:57","slug":"cocuklar-adalet-haklar-ve-elestirel-sosyal-hizmet-sevda-ulugtekine-armagan","status":"publish","type":"product","link":"https:\/\/roveyayinevi.com.tr\/index.php\/urun\/cocuklar-adalet-haklar-ve-elestirel-sosyal-hizmet-sevda-ulugtekine-armagan\/","title":{"rendered":"\u00c7ocuklar, Adalet, Haklar ve Ele\u015ftirel Sosyal Hizmet: Sevda Ulu\u011ftekin\u2019e Arma\u011fan"},"content":{"rendered":"<p>Prof. Dr. Sevda ULU\u011eTEK\u0130N, 10 Ocak 1945\u2019te \u0130stanbul\u2019da do\u011fdu. \u0130lk ve orta \u00f6\u011frenimini Anadolu\u2019nun \u00e7e\u015fitli kentlerinde s\u00fcrd\u00fcrd\u00fc ve 1962 y\u0131l\u0131nda Ankara K\u0131z Lisesinden mezun oldu. Ayn\u0131 y\u0131l Sosyal Hizmetler Akademisine girdi ve 1966 y\u0131l\u0131nda bu okuldan birincilikle mezun oldu.Y\u00fcksek lisans ve doktora \u00e7al\u0131\u015fmalar\u0131na CENTO bursiyeri olarak gitti\u011fiYork \u00dcniversitesi (\u0130ngiltere) ve Ankara \u00dcniversitesinde devam ederek 1977 y\u0131l\u0131nda Ankara \u00dcniversitesinden doktora derecesi almaya hak kazand\u0131.Mezun oldu\u011fu Sosyal Hizmetler Akademisinde 1966 y\u0131l\u0131nda asistan olarak g\u00f6reve ba\u015flad\u0131. Hacettepe \u00dcniversitesinde Sosyal Hizmet Anabilim Dal\u0131nda yard\u0131mc\u0131 do\u00e7ent (1983), do\u00e7ent (1986) ve profes\u00f6r (1995) oldu.1970\u2019lerden itibaren \u00e7ocuk su\u00e7lulu\u011fu, korunmas\u0131 gereken \u00e7ocuklar, \u00e7ocuk refah\u0131, \u00e7ocuk adalet sistemi, \u00e7ocuk haklar\u0131 ve politikalar\u0131 konusunda e\u011fitici, ara\u015ft\u0131rmac\u0131 ve dan\u0131\u015fman olarak \u00e7al\u0131\u015ft\u0131. S\u00f6z\u00fc edilen alanlarda \u00e7ok say\u0131da ulusal ve uluslararas\u0131 sempozyum, kongre, konferans, proje ve mevzuat \u00e7al\u0131\u015fmalar\u0131nda aktif g\u00f6rev ald\u0131: Bunlardan baz\u0131lar\u0131 aras\u0131nda \u201c\u00c7ocuk Haklar\u0131na Dair S\u00f6zle\u015fmenin onaylanmas\u0131ndan sonra SH\u00c7EK\u2019te \u00c7ocuk Haklar\u0131 Konseyinin \u00f6rg\u00fctlenme \u00e7al\u0131\u015fmalar\u0131n\u0131 y\u00fcr\u00fctmek (1995), Adalet Bakanl\u0131\u011f\u0131n\u0131n daveti ile 5395 say\u0131l\u0131 \u00c7ocuk Koruma Kanunu Tasar\u0131s\u0131na haz\u0131rl\u0131k olmak \u00fczere \u201cKorunmaya Muhta\u00e7 \u00c7ocuklar\u201d raporunu kaleme almak (2004), UNICEF\u2019e \u00e7ocuk adalet sistemi ve \u00e7ocuk koruma sistemi hakk\u0131nda bir \u00f6n rapor yazarak \u201c\u00d6nce \u00c7ocuklar\u201d projesinde ulusal koordinat\u00f6r ve dan\u0131\u015fman olarak \u00e7al\u0131\u015fmak (2006) say\u0131labilir.Prof. Dr. Sevda Ulu\u011ftekin, \u00e7al\u0131\u015fmalar\u0131ndan bir b\u00f6l\u00fcm\u00fcn\u00fc kitap ve makale olarak yay\u0131mlad\u0131. \u201cDevletimizin Gen\u00e7lere Bak\u0131\u015f A\u00e7\u0131s\u0131\u201d adl\u0131 makale 1985 y\u0131l\u0131nda Bal\u0131kesir Barosunun uluslararas\u0131 Gen\u00e7lik Y\u0131l\u0131 nedeniyle a\u00e7m\u0131\u015f oldu\u011fu yar\u0131\u015fmada \u00f6d\u00fcl ald\u0131.En son 3. ENSACT Avrupa Konferans\u0131n\u0131n a\u00e7\u0131l\u0131\u015f konu\u015fmalar\u0131ndan birini yapt\u0131 (2013). \u201cKanunla \u0130htilaf Halindeki \u00c7ocuklar: Ele\u015ftirel D\u00fc\u015f\u00fcnme ve T\u00fcrkiye\u2019de \u00c7ocuk Adalet Sisteminin Baz\u0131 \u00d6zellikleri\u201d ba\u015fl\u0131kl\u0131 bu <\/p>\n","protected":false},"excerpt":{"rendered":"<p>Prof. Dr. Sevda ULU\u011eTEK\u0130N, 10 Ocak 1945\u2019te \u0130stanbul\u2019da do\u011fdu. \u0130lk ve orta \u00f6\u011frenimini Anadolu\u2019nun \u00e7e\u015fitli kentlerinde s\u00fcrd\u00fcrd\u00fc ve 1962 y\u0131l\u0131nda Ankara K\u0131z Lisesinden mezun oldu. Ayn\u0131<span class=\"excerpt-hellip\"> [\u2026]<\/span><\/p>\n","protected":false},"featured_media":0,"template":"","meta":{"_monsterinsights_skip_tracking":false,"_monsterinsights_sitenote_active":false,"_monsterinsights_sitenote_note":"","_monsterinsights_sitenote_category":0},"product_brand":[],"product_cat":[12573,12566],"product_tag":[],"class_list":{"0":"post-742932","1":"product","2":"type-product","3":"status-publish","5":"product_cat-akademik-kitaplar","6":"product_cat-egitim","7":"pa_cilt-ciltsiz","8":"pa_tur-kitap","9":"pa_yayinevi-nika-yayinevi","10":"pa_yazar-kolektif","12":"first","13":"instock","14":"sale","15":"shipping-taxable","16":"purchasable","17":"product-type-simple"},"_links":{"self":[{"href":"https:\/\/roveyayinevi.com.tr\/index.php\/wp-json\/wp\/v2\/product\/742932","targetHints":{"allow":["GET"]}}],"collection":[{"href":"https:\/\/roveyayinevi.com.tr\/index.php\/wp-json\/wp\/v2\/product"}],"about":[{"href":"https:\/\/roveyayinevi.com.tr\/index.php\/wp-json\/wp\/v2\/types\/product"}],"wp:attachment":[{"href":"https:\/\/roveyayinevi.com.tr\/index.php\/wp-json\/wp\/v2\/media?parent=742932"}],"wp:term":[{"taxonomy":"product_brand","embeddable":true,"href":"https:\/\/roveyayinevi.com.tr\/index.php\/wp-json\/wp\/v2\/product_brand?post=742932"},{"taxonomy":"product_cat","embeddable":true,"href":"https:\/\/roveyayinevi.com.tr\/index.php\/wp-json\/wp\/v2\/product_cat?post=742932"},{"taxonomy":"product_tag","embeddable":true,"href":"https:\/\/roveyayinevi.com.tr\/index.php\/wp-json\/wp\/v2\/product_tag?post=742932"}],"curies":[{"name":"wp","href":"https:\/\/api.w.org\/{rel}","templated":true}]}}