{"id":742787,"date":"2025-08-28T01:20:17","date_gmt":"2025-08-27T22:20:17","guid":{"rendered":"https:\/\/roveyayinevi.com.tr\/index.php\/urun\/balkan-facialari-1912-1913\/"},"modified":"2026-04-16T02:53:53","modified_gmt":"2026-04-15T23:53:53","slug":"balkan-facialari-1912-1913","status":"publish","type":"product","link":"https:\/\/roveyayinevi.com.tr\/index.php\/urun\/balkan-facialari-1912-1913\/","title":{"rendered":"Balkan Facialar\u0131 (1912-1913)"},"content":{"rendered":"<p>\u201cGe\u00e7irdi\u011fimiz fel\u00e2ketler, her an tehdidi alt\u0131nda bulundu\u011fumuz muh\u00e2taralar bize \u00f6\u011fretmi\u015f olabilmelidir ki efr\u00e2d\u0131n ayr\u0131 ayr\u0131 refah ve saadetinden evvel umum vatan\u0131n h\u00e2rici tehlikelere kar\u015f\u0131 mas\u00fbniyyet ve mahf\u00fbziyyeti m\u00fchimdir&#8230; \u201d   Ahmed Cevad   Oku, A\u011fla, D\u00fc\u015f\u00fcn ve Uyan! ifadeleriyle ba\u015flayan ve \u00f6zellikle Osmanl\u0131 T\u00fcrklerinin Balkanlarda u\u011frad\u0131klar\u0131 mezalimden \u00e7\u0131kar\u0131lacak dersleri vurgulayan bu eser, basit bir \u201cpropaganda\u201d \u00e7abas\u0131 olarak g\u00f6r\u00fclemez. Aksine, \u2018mill\u00ee bir \u015fuur ve haf\u0131za in\u015f\u00e2s\u0131\u2019 olarak de\u011ferlendirmek, yak\u0131n ge\u00e7mi\u015ften y\u00fckselen bir iht\u00e2r belgesi olarak g\u00f6rmek daha yerinde olacakt\u0131r. <\/p>\n","protected":false},"excerpt":{"rendered":"<p>\u201cGe\u00e7irdi\u011fimiz fel\u00e2ketler, her an tehdidi alt\u0131nda bulundu\u011fumuz muh\u00e2taralar bize \u00f6\u011fretmi\u015f olabilmelidir ki efr\u00e2d\u0131n ayr\u0131 ayr\u0131 refah ve saadetinden evvel umum vatan\u0131n h\u00e2rici tehlikelere kar\u015f\u0131 mas\u00fbniyyet ve<span class=\"excerpt-hellip\"> [\u2026]<\/span><\/p>\n","protected":false},"featured_media":0,"template":"","meta":{"_monsterinsights_skip_tracking":false,"_monsterinsights_sitenote_active":false,"_monsterinsights_sitenote_note":"","_monsterinsights_sitenote_category":0},"product_brand":[],"product_cat":[12304,14128],"product_tag":[],"class_list":{"0":"post-742787","1":"product","2":"type-product","3":"status-publish","5":"product_cat-tarih","6":"product_cat-yakin-tarih","7":"pa_cilt-ciltsiz","8":"pa_tur-kitap","9":"pa_yayinevi-ideal-kultur-yayincilik","10":"pa_yazar-ahmed-cevad","12":"first","13":"instock","14":"sale","15":"shipping-taxable","16":"purchasable","17":"product-type-simple"},"_links":{"self":[{"href":"https:\/\/roveyayinevi.com.tr\/index.php\/wp-json\/wp\/v2\/product\/742787","targetHints":{"allow":["GET"]}}],"collection":[{"href":"https:\/\/roveyayinevi.com.tr\/index.php\/wp-json\/wp\/v2\/product"}],"about":[{"href":"https:\/\/roveyayinevi.com.tr\/index.php\/wp-json\/wp\/v2\/types\/product"}],"wp:attachment":[{"href":"https:\/\/roveyayinevi.com.tr\/index.php\/wp-json\/wp\/v2\/media?parent=742787"}],"wp:term":[{"taxonomy":"product_brand","embeddable":true,"href":"https:\/\/roveyayinevi.com.tr\/index.php\/wp-json\/wp\/v2\/product_brand?post=742787"},{"taxonomy":"product_cat","embeddable":true,"href":"https:\/\/roveyayinevi.com.tr\/index.php\/wp-json\/wp\/v2\/product_cat?post=742787"},{"taxonomy":"product_tag","embeddable":true,"href":"https:\/\/roveyayinevi.com.tr\/index.php\/wp-json\/wp\/v2\/product_tag?post=742787"}],"curies":[{"name":"wp","href":"https:\/\/api.w.org\/{rel}","templated":true}]}}