{"id":742730,"date":"2025-08-28T01:19:00","date_gmt":"2025-08-27T22:19:00","guid":{"rendered":"https:\/\/roveyayinevi.com.tr\/index.php\/urun\/kulturel-iktidar\/"},"modified":"2026-04-16T02:53:52","modified_gmt":"2026-04-15T23:53:52","slug":"kulturel-iktidar","status":"publish","type":"product","link":"https:\/\/roveyayinevi.com.tr\/index.php\/urun\/kulturel-iktidar\/","title":{"rendered":"K\u00fclt\u00fcrel \u0130ktidar"},"content":{"rendered":"<p>Neden \u2018Bat\u0131l\u0131 olmak\u2019 veya \u2018Avrupai olmak\u2019 bir \u00f6vg\u00fc \u00e7e\u015fididir? Neden d\u00fcnyada M\u00fcsl\u00fcman olmak adeta a\u00e7\u0131klanmas\u0131 gereken bir kusurmu\u015f gibi tart\u0131\u015f\u0131l\u0131r? Neden T\u00fcrkiye\u2019nin entelekt\u00fcel, akademik ve ekonomik elitleri Bat\u0131l\u0131la\u015fm\u0131\u015fken; yeni kentli, ta\u015fral\u0131, yoksul, k\u00f6yl\u00fc ve i\u015f\u00e7i kesimleri muhafazak\u00e2r ve mill\u00ee bir k\u00fclt\u00fcrel hayata tutunur? Neden T\u00fcrkiye\u2019de edebiyattan sanata: medyadan akademyaya kadar k\u00fclt\u00fcrel elitlerin \u00f6nemli bir k\u0131sm\u0131 kendi halk\u0131n\u0131n k\u00fclt\u00fcr ve ya\u015fam tarz\u0131na bu derece yabanc\u0131la\u015fm\u0131\u015ft\u0131r? Neden milliyet\u00e7i ve muhafazak\u00e2r \u00e7o\u011funluk akademisyen, m\u00fczisyen, edebiyat\u00e7\u0131, sinema oyuncusu yeti\u015ftirmekte bu kadar zorlan\u0131r? Neden az say\u0131da yeti\u015ftirdikleri de t\u00fcrl\u00fc engellerle kar\u015f\u0131la\u015f\u0131r? Neden T\u00fcrkiye\u2019nin k\u00fclt\u00fcrel ve ekonomik elitleri Bat\u0131\u2019ya gitti\u011finde b\u00fcy\u00fck bir \u00f6zg\u00fcven problemi ya\u015farken kendi \u00fclkelerinde Bat\u0131n\u0131n k\u00fclt\u00fcr el\u00e7ileri olarak kendi halk\u0131na ve onun k\u00fclt\u00fcr\u00fcne, de\u011ferlerine son derece hoyrat davran\u0131r? Neden tarihinde hi\u00e7 s\u00f6m\u00fcrge olmamakla \u00f6v\u00fcnen bir \u00fclke olarak T\u00fcrkiye k\u00fclt\u00fcr hayat\u0131n\u0131 ba\u011f\u0131ms\u0131zla\u015ft\u0131rmam\u0131\u015f ve demokratikle\u015ftirememi\u015ftir? Neden T\u00fcrklere ve M\u00fcsl\u00fcmanlara dair olumlu durumlar itibars\u0131zla\u015ft\u0131r\u0131l\u0131r; olumsuzluklar abart\u0131l\u0131r ve bir tek T\u00fcrkiye\u2019de ya\u015fan\u0131yormu\u015f gibi d\u00fc\u015f\u00fcn\u00fcl\u00fcr? Neden muhafazakar milliyet\u00e7i kesimler b\u00fcy\u00fck bir \u00f6zg\u00fcven sorunu ya\u015famaktad\u0131r?\u0130\u015fte bu ve benzeri tart\u0131\u015fmalarda genelde polemik dilinden ve hamasetten uzakla\u015f\u0131lamam\u0131\u015f; bu meseleler yanl\u0131\u015f zeminde akademik bir hassasiyetten uzak bir \u015fekilde tart\u0131\u015f\u0131lm\u0131\u015ft\u0131r.Elinizdeki kitap bu tart\u0131\u015fmalar\u0131n art\u0131k akademik bir zemin bulmas\u0131n\u0131n zaman\u0131n\u0131n geldi\u011fi d\u00fc\u015f\u00fcn\u00fclerek yap\u0131lm\u0131\u015f bir akademik m\u00fcdahale iddias\u0131 ta\u015f\u0131maktad\u0131r.<\/p>\n","protected":false},"excerpt":{"rendered":"<p>Neden \u2018Bat\u0131l\u0131 olmak\u2019 veya \u2018Avrupai olmak\u2019 bir \u00f6vg\u00fc \u00e7e\u015fididir? Neden d\u00fcnyada M\u00fcsl\u00fcman olmak adeta a\u00e7\u0131klanmas\u0131 gereken bir kusurmu\u015f gibi tart\u0131\u015f\u0131l\u0131r? Neden T\u00fcrkiye\u2019nin entelekt\u00fcel, akademik ve ekonomik<span class=\"excerpt-hellip\"> [\u2026]<\/span><\/p>\n","protected":false},"featured_media":0,"template":"","meta":{"_monsterinsights_skip_tracking":false,"_monsterinsights_sitenote_active":false,"_monsterinsights_sitenote_note":"","_monsterinsights_sitenote_category":0},"product_brand":[],"product_cat":[12337,14706],"product_tag":[],"class_list":{"0":"post-742730","1":"product","2":"type-product","3":"status-publish","5":"product_cat-politika-siyaset","6":"product_cat-siyaset-bilimi","7":"pa_cilt-ciltsiz","8":"pa_tur-kitap","9":"pa_yayinevi-diplomasi-vakfi-yayinlari","10":"pa_yazar-kolektif","12":"first","13":"instock","14":"sale","15":"shipping-taxable","16":"purchasable","17":"product-type-simple"},"_links":{"self":[{"href":"https:\/\/roveyayinevi.com.tr\/index.php\/wp-json\/wp\/v2\/product\/742730","targetHints":{"allow":["GET"]}}],"collection":[{"href":"https:\/\/roveyayinevi.com.tr\/index.php\/wp-json\/wp\/v2\/product"}],"about":[{"href":"https:\/\/roveyayinevi.com.tr\/index.php\/wp-json\/wp\/v2\/types\/product"}],"wp:attachment":[{"href":"https:\/\/roveyayinevi.com.tr\/index.php\/wp-json\/wp\/v2\/media?parent=742730"}],"wp:term":[{"taxonomy":"product_brand","embeddable":true,"href":"https:\/\/roveyayinevi.com.tr\/index.php\/wp-json\/wp\/v2\/product_brand?post=742730"},{"taxonomy":"product_cat","embeddable":true,"href":"https:\/\/roveyayinevi.com.tr\/index.php\/wp-json\/wp\/v2\/product_cat?post=742730"},{"taxonomy":"product_tag","embeddable":true,"href":"https:\/\/roveyayinevi.com.tr\/index.php\/wp-json\/wp\/v2\/product_tag?post=742730"}],"curies":[{"name":"wp","href":"https:\/\/api.w.org\/{rel}","templated":true}]}}