{"id":742639,"date":"2025-08-28T01:17:03","date_gmt":"2025-08-27T22:17:03","guid":{"rendered":"https:\/\/roveyayinevi.com.tr\/index.php\/urun\/sanat-dunyamiz-189-temmuz-agustos-2022\/"},"modified":"2026-04-16T02:53:49","modified_gmt":"2026-04-15T23:53:49","slug":"sanat-dunyamiz-189-temmuz-agustos-2022","status":"publish","type":"product","link":"https:\/\/roveyayinevi.com.tr\/index.php\/urun\/sanat-dunyamiz-189-temmuz-agustos-2022\/","title":{"rendered":"Sanat D\u00fcnyam\u0131z 189 \/ Temmuz &#8211; A\u011fustos 2022"},"content":{"rendered":"<p>Sanat D\u00fcnyam\u0131z\u2019da Bienaller Mevsimi   Sanat D\u00fcnyam\u0131z dergisi okuyucular\u0131yla g\u00fcncel sanat alan\u0131ndaki son geli\u015fmelere dair ele\u015ftiriler, denemeler ve s\u00f6yle\u015filerle dolu 189. say\u0131s\u0131n\u0131 bulu\u015fturuyor. Derginin kapa\u011f\u0131nda bu y\u0131l Kader Attia\u2019n\u0131n k\u00fcrat\u00f6rl\u00fc\u011f\u00fcnde 12.\u2019si d\u00fczenlenen Berlin Bienali\u2019nden Calida Garcia Rawles\u2019\u0131n High Tide, Heavy Armor adl\u0131 eseri yer al\u0131yor. 12. Berlin Bienali, \u00d6zg\u00fcn Eyl\u00fcl \u0130\u015fcen\u2019in kapsaml\u0131 bir yaz\u0131s\u0131yla de\u011ferlendiriliyor. \u0130lker Hepkaner ise New York\u2019tan Whitney Bienali\u2019nin bu y\u0131lki edisyonuna dair notlar\u0131n\u0131 payla\u015f\u0131yor. Misal Adnan Y\u0131ld\u0131z ise 15. Documenta\u2019n\u0131n a\u00e7\u0131l\u0131\u015f\u0131ndan hemen sonra ortaya \u00e7\u0131kan tart\u0131\u015fmalar\u0131 kaleme al\u0131yor.   Pera M\u00fczesi\u2019nde a\u00e7\u0131lan \u201cVe \u015eimdi \u0130yi Haberler\u201d sergisini k\u00fcrat\u00f6r\u00fc Christoph Doswald sergiyi ve medyayla sanat ili\u015fkisini anlat\u0131yor. Eda Gecikmez ise Ankara\u2019da a\u00e7\u0131lan \u201cKu\u015f G\u00f6r\u00fclmez Fakat Sesi A\u011fa\u00e7tad\u0131r\u201d sergisini ve haz\u0131rl\u0131k s\u00fcrecini aktar\u0131yor. Koli Art Space ise \u00e7al\u0131\u015fmalar\u0131n\u0131 ve gelecek planlar\u0131n\u0131 bir s\u00f6yle\u015fiyle payla\u015f\u0131yor.   Arter\u2019de a\u00e7\u0131lan \u201cKoyun Koyuna\u201d sergisini Erman Ata Uncu de\u011ferlendiriyor. S\u00fcreyyya Evren \u201cSanat \u0130\u00e7 Sessiz\u201d adl\u0131 yeni serisinde ele\u015ftirinin olanaklar\u0131na bak\u0131yor. Huo Rf ise bu say\u0131da ba\u015flad\u0131\u011f\u0131 \u201cBa\u015fl\u0131 Ba\u015f\u0131na Bir \u0130\u015f\u201d adl\u0131 serisinde sanat kitaplar\u0131n\u0131 ele al\u0131yor. H\u00fclya Bilgi ve Turgut Saner Sadberk Han\u0131m M\u00fczesi\u2019ndeki \u201cMotif Projesi\u201d \u00fczerine bir yaz\u0131 payla\u015f\u0131yor.   Dergide ayr\u0131ca Ankara\u2019daki S\u0131\u011f\u0131nak\u2019ta a\u00e7\u0131lan \u201cBelki Sonra\u201d sergisi, Bursa\u2019da Nil\u00fcfer Belediyesi\u2019nin d\u00fczenledi\u011fi \u201cYukar\u0131 Bak\u201d sergisi ve 5. Mardin Bienali\u2019nin de\u011ferlendirmeleri yer al\u0131yor.   Temmuz A\u011fustos say\u0131s\u0131n\u0131n ajandas\u0131 ise bu say\u0131 ge\u00e7ti\u011fimiz ay Galeri Bosfor\u2019da \u201c\u0130\u015fsiz Nesneler, Canl\u0131l\u0131\u011f\u0131n \u0130zleri\u201d adl\u0131 sergisi yer alan sanat\u00e7\u0131 Ilg\u0131n Seymen taraf\u0131ndan haz\u0131rland\u0131. <\/p>\n","protected":false},"excerpt":{"rendered":"<p>Sanat D\u00fcnyam\u0131z\u2019da Bienaller Mevsimi Sanat D\u00fcnyam\u0131z dergisi okuyucular\u0131yla g\u00fcncel sanat alan\u0131ndaki son geli\u015fmelere dair ele\u015ftiriler, denemeler ve s\u00f6yle\u015filerle dolu 189. say\u0131s\u0131n\u0131 bulu\u015fturuyor. Derginin kapa\u011f\u0131nda bu y\u0131l<span class=\"excerpt-hellip\"> [\u2026]<\/span><\/p>\n","protected":false},"featured_media":0,"template":"","meta":{"_monsterinsights_skip_tracking":false,"_monsterinsights_sitenote_active":false,"_monsterinsights_sitenote_note":"","_monsterinsights_sitenote_category":0},"product_brand":[],"product_cat":[22066,13527],"product_tag":[],"class_list":{"0":"post-742639","1":"product","2":"type-product","3":"status-publish","5":"product_cat-sanat-sureli-yayinlar","6":"product_cat-sureli-yayinlar","7":"pa_cilt-ciltsiz","8":"pa_tur-dergi","9":"pa_yayinevi-yapi-kredi-yayinlari-dergi","10":"pa_yazar-kolektif","12":"first","13":"instock","14":"sale","15":"shipping-taxable","16":"purchasable","17":"product-type-simple"},"_links":{"self":[{"href":"https:\/\/roveyayinevi.com.tr\/index.php\/wp-json\/wp\/v2\/product\/742639","targetHints":{"allow":["GET"]}}],"collection":[{"href":"https:\/\/roveyayinevi.com.tr\/index.php\/wp-json\/wp\/v2\/product"}],"about":[{"href":"https:\/\/roveyayinevi.com.tr\/index.php\/wp-json\/wp\/v2\/types\/product"}],"wp:attachment":[{"href":"https:\/\/roveyayinevi.com.tr\/index.php\/wp-json\/wp\/v2\/media?parent=742639"}],"wp:term":[{"taxonomy":"product_brand","embeddable":true,"href":"https:\/\/roveyayinevi.com.tr\/index.php\/wp-json\/wp\/v2\/product_brand?post=742639"},{"taxonomy":"product_cat","embeddable":true,"href":"https:\/\/roveyayinevi.com.tr\/index.php\/wp-json\/wp\/v2\/product_cat?post=742639"},{"taxonomy":"product_tag","embeddable":true,"href":"https:\/\/roveyayinevi.com.tr\/index.php\/wp-json\/wp\/v2\/product_tag?post=742639"}],"curies":[{"name":"wp","href":"https:\/\/api.w.org\/{rel}","templated":true}]}}