{"id":742590,"date":"2025-08-28T01:15:14","date_gmt":"2025-08-27T22:15:14","guid":{"rendered":"https:\/\/roveyayinevi.com.tr\/index.php\/urun\/cokusten-zafere-lozan\/"},"modified":"2026-04-16T02:53:47","modified_gmt":"2026-04-15T23:53:47","slug":"cokusten-zafere-lozan","status":"publish","type":"product","link":"https:\/\/roveyayinevi.com.tr\/index.php\/urun\/cokusten-zafere-lozan\/","title":{"rendered":"\u00c7\u00f6k\u00fc\u015ften Zafere Lozan"},"content":{"rendered":"<p>Osmanl\u0131\u2019dan Cumhuriyet\u2019e 200 Y\u0131ll\u0131k M\u00fccadele   Bu kitapta, Osmanl\u0131 \u0130mparatorlu\u011fu\u2019nun gerilemeden \u00e7\u00f6k\u00fc\u015f\u00fcne kadar ge\u00e7en s\u00fcre i\u00e7inde i\u00e7 sorunlar ve y\u00f6netim zaaflar\u0131 nedeniyle nas\u0131l \u00e7a\u011f\u0131n\u0131n gerisinde kald\u0131\u011f\u0131, ayn\u0131 d\u00f6nemde b\u00fcy\u00fck devletlerin hangi bask\u0131lara, entrikalara ve tertiplere giri\u015ftikleri, devletin i\u00e7 i\u015flerini nas\u0131l y\u00f6nlendirmek istedikleri \u00f6rnekleriyle anlat\u0131l\u0131yor.   Emperyalizme kar\u015f\u0131 y\u00fcr\u00fct\u00fclen Ulusal Kurtulu\u015f Sava\u015f\u0131\u2019n\u0131 zaferle sonu\u00e7land\u0131ran Atat\u00fcrk, \u0130n\u00f6n\u00fc ve arkada\u015flar\u0131n\u0131n Lozan\u2019da D\u00fcnya Sava\u015f\u0131\u2019n\u0131n galiplerine kar\u015f\u0131 T\u00fcrkiye\u2019nin egemenli\u011fini ve e\u015fitli\u011fini kabul ettirmek ve Misak-\u0131 Milli\u2019de \u00e7izilen hedeflere ula\u015fmak i\u00e7in ne b\u00fcy\u00fck bir m\u00fccadele verdikleri ve Lozan Bar\u0131\u015f Antla\u015fmas\u0131\u2019yla nas\u0131l ba\u015far\u0131ya ula\u015ft\u0131klar\u0131 belgelerle g\u00f6zler \u00f6n\u00fcne seriliyor.  <\/p>\n","protected":false},"excerpt":{"rendered":"<p>Osmanl\u0131\u2019dan Cumhuriyet\u2019e 200 Y\u0131ll\u0131k M\u00fccadele Bu kitapta, Osmanl\u0131 \u0130mparatorlu\u011fu\u2019nun gerilemeden \u00e7\u00f6k\u00fc\u015f\u00fcne kadar ge\u00e7en s\u00fcre i\u00e7inde i\u00e7 sorunlar ve y\u00f6netim zaaflar\u0131 nedeniyle nas\u0131l \u00e7a\u011f\u0131n\u0131n gerisinde kald\u0131\u011f\u0131, ayn\u0131<span class=\"excerpt-hellip\"> [\u2026]<\/span><\/p>\n","protected":false},"featured_media":0,"template":"","meta":{"_monsterinsights_skip_tracking":false,"_monsterinsights_sitenote_active":false,"_monsterinsights_sitenote_note":"","_monsterinsights_sitenote_category":0},"product_brand":[],"product_cat":[12370,12304],"product_tag":[],"class_list":{"0":"post-742590","1":"product","2":"type-product","3":"status-publish","5":"product_cat-arastirma-inceleme","6":"product_cat-tarih","7":"pa_cilt-ciltsiz","8":"pa_tur-kitap","9":"pa_yayinevi-remzi-kitabevi","10":"pa_yazar-onur-oymen","12":"first","13":"instock","14":"sale","15":"shipping-taxable","16":"purchasable","17":"product-type-simple"},"_links":{"self":[{"href":"https:\/\/roveyayinevi.com.tr\/index.php\/wp-json\/wp\/v2\/product\/742590","targetHints":{"allow":["GET"]}}],"collection":[{"href":"https:\/\/roveyayinevi.com.tr\/index.php\/wp-json\/wp\/v2\/product"}],"about":[{"href":"https:\/\/roveyayinevi.com.tr\/index.php\/wp-json\/wp\/v2\/types\/product"}],"wp:attachment":[{"href":"https:\/\/roveyayinevi.com.tr\/index.php\/wp-json\/wp\/v2\/media?parent=742590"}],"wp:term":[{"taxonomy":"product_brand","embeddable":true,"href":"https:\/\/roveyayinevi.com.tr\/index.php\/wp-json\/wp\/v2\/product_brand?post=742590"},{"taxonomy":"product_cat","embeddable":true,"href":"https:\/\/roveyayinevi.com.tr\/index.php\/wp-json\/wp\/v2\/product_cat?post=742590"},{"taxonomy":"product_tag","embeddable":true,"href":"https:\/\/roveyayinevi.com.tr\/index.php\/wp-json\/wp\/v2\/product_tag?post=742590"}],"curies":[{"name":"wp","href":"https:\/\/api.w.org\/{rel}","templated":true}]}}