{"id":742557,"date":"2025-08-28T01:14:35","date_gmt":"2025-08-27T22:14:35","guid":{"rendered":"https:\/\/roveyayinevi.com.tr\/index.php\/urun\/elisi-kentinden-jules-verne-adasina\/"},"modified":"2026-04-16T02:53:46","modified_gmt":"2026-04-15T23:53:46","slug":"elisi-kentinden-jules-verne-adasina","status":"publish","type":"product","link":"https:\/\/roveyayinevi.com.tr\/index.php\/urun\/elisi-kentinden-jules-verne-adasina\/","title":{"rendered":"Eli\u015fi Kentinden Jules Verne Adas\u0131na"},"content":{"rendered":"<p>\u0130plikler diyar\u0131 Eli\u015fi Kenti, her zaman sakin ve her \u015feyin yolunda gitti\u011fi bir yerdi. Ta ki Mucit Fetit\u2019in \u00f6zel tarifiyle kurabiye yapt\u0131\u011f\u0131 g\u00fcne kadar! O g\u00fcnden sonra Eli\u015fi Kenti\u2019nde hi\u00e7bir \u015fey eskisi gibi olmaz. Ortal\u0131k kar\u0131\u015f\u0131r ve kentte her \u015fey tersine i\u015flemeye ba\u015flar. Bu terslik kent sakinleri ad\u0131na olduk\u00e7a b\u00fcy\u00fck dertlere ve ayn\u0131 zamanda romanlardan f\u0131rlam\u0131\u015f gizemli bir ada ser\u00fcvenine kap\u0131 a\u00e7ar.Haydi, Eli\u015fi Kenti sakinleriyle tan\u0131\u015f, bu gizemli ve bir o kadar da e\u011flenceli maceraya ortak ol!<\/p>\n","protected":false},"excerpt":{"rendered":"<p>\u0130plikler diyar\u0131 Eli\u015fi Kenti, her zaman sakin ve her \u015feyin yolunda gitti\u011fi bir yerdi. Ta ki Mucit Fetit\u2019in \u00f6zel tarifiyle kurabiye yapt\u0131\u011f\u0131 g\u00fcne kadar! O g\u00fcnden<span class=\"excerpt-hellip\"> [\u2026]<\/span><\/p>\n","protected":false},"featured_media":0,"template":"","meta":{"_monsterinsights_skip_tracking":false,"_monsterinsights_sitenote_active":false,"_monsterinsights_sitenote_note":"","_monsterinsights_sitenote_category":0},"product_brand":[],"product_cat":[12689,12274],"product_tag":[],"class_list":{"0":"post-742557","1":"product","2":"type-product","3":"status-publish","5":"product_cat-cizgi-roman-cocuk-ve-genclik-kitaplari","6":"product_cat-cocuk-ve-genclik-kitaplari","7":"pa_cilt-ciltsiz","8":"pa_tur-kitap","9":"pa_yayinevi-genc-timas","10":"pa_yazar-gokce-ozder","12":"first","13":"instock","14":"sale","15":"shipping-taxable","16":"purchasable","17":"product-type-simple"},"_links":{"self":[{"href":"https:\/\/roveyayinevi.com.tr\/index.php\/wp-json\/wp\/v2\/product\/742557","targetHints":{"allow":["GET"]}}],"collection":[{"href":"https:\/\/roveyayinevi.com.tr\/index.php\/wp-json\/wp\/v2\/product"}],"about":[{"href":"https:\/\/roveyayinevi.com.tr\/index.php\/wp-json\/wp\/v2\/types\/product"}],"wp:attachment":[{"href":"https:\/\/roveyayinevi.com.tr\/index.php\/wp-json\/wp\/v2\/media?parent=742557"}],"wp:term":[{"taxonomy":"product_brand","embeddable":true,"href":"https:\/\/roveyayinevi.com.tr\/index.php\/wp-json\/wp\/v2\/product_brand?post=742557"},{"taxonomy":"product_cat","embeddable":true,"href":"https:\/\/roveyayinevi.com.tr\/index.php\/wp-json\/wp\/v2\/product_cat?post=742557"},{"taxonomy":"product_tag","embeddable":true,"href":"https:\/\/roveyayinevi.com.tr\/index.php\/wp-json\/wp\/v2\/product_tag?post=742557"}],"curies":[{"name":"wp","href":"https:\/\/api.w.org\/{rel}","templated":true}]}}