{"id":742554,"date":"2025-08-28T01:14:32","date_gmt":"2025-08-27T22:14:32","guid":{"rendered":"https:\/\/roveyayinevi.com.tr\/index.php\/urun\/pandemi-ve-turkiye-ekonomisi\/"},"modified":"2026-04-16T02:53:46","modified_gmt":"2026-04-15T23:53:46","slug":"pandemi-ve-turkiye-ekonomisi","status":"publish","type":"product","link":"https:\/\/roveyayinevi.com.tr\/index.php\/urun\/pandemi-ve-turkiye-ekonomisi\/","title":{"rendered":"Pandemi ve T\u00fcrkiye Ekonomisi"},"content":{"rendered":"<p>COVID-19 pandemisi hemen hemen t\u00fcm \u00fclke ve sekt\u00f6rleri etkilemi\u015f ve halen etkilemeye devam etmektedir. Teknolojik geli\u015fmeler ve k\u00fcreselle\u015fme pandeminin h\u0131zl\u0131 yay\u0131lmas\u0131nda \u00f6nemli rol oynam\u0131\u015ft\u0131r. Pandeminin uzun d\u00f6nemde ne t\u00fcr kal\u0131c\u0131 etkiler b\u0131rakaca\u011f\u0131n\u0131 \u00f6ng\u00f6rmek g\u00fc\u00e7 g\u00f6r\u00fcnmektedir.Bu kitap, COVID-19 Pandemisinin T\u00fcrkiye ekonomisi ba\u011flam\u0131nda t\u00fcm sekt\u00f6rlere etkilerini bir eserde kaleme almak m\u00fcmk\u00fcn olmad\u0131\u011f\u0131ndan, pandeminin baz\u0131 sekt\u00f6r etkilerine uygulanabilir \u00e7\u00f6z\u00fcm \u00f6nerileri ortaya koyan sayg\u0131n akademisyenleri bir araya getirmektedir. Kitapta pandeminin; g\u00f6\u00e7 ili\u015fkilerine, kad\u0131na y\u00f6nelik ekonomik \u015fiddete etkilerini azaltmak i\u00e7in al\u0131nan ekonomik tedbirlere, haz\u0131r giyim ihracat\u0131na, d\u0131\u015f ticarete, sigortac\u0131l\u0131k sekt\u00f6r\u00fcne, varl\u0131k balonlar\u0131na, para-kur krizlerine etkileri ele al\u0131nmaktad\u0131r.Kitapta yer alan \u00e7al\u0131\u015fmalar, okuyucular\u0131n ay\u0131raca\u011f\u0131 emek ve zamana de\u011fecektir. \u201cD\u00fcnya yepyeni bir \u015fok dalgas\u0131ndan ge\u00e7iyor. Pandeminin etkileri ekonomiden sosyal ya\u015fam\u0131n her alan\u0131na yay\u0131lmakta. B\u00f6ylesi bir d\u00f6neme\u00e7te T\u00fcrkiye ve k\u00fcresel ekonomini ge\u00e7irdi\u011fi ve uzun d\u00f6nemli etkilerinin ayr\u0131nt\u0131l\u0131 \u00f6rneklerle tart\u0131\u015f\u0131ld\u0131\u011f\u0131 \u00f6nemli bir se\u00e7ki.\u201dProf. Dr. A. Erin\u00e7 Yeldan, Kadir Has \u00dcniversitesi \u201cPandemi d\u00f6neminin T\u00fcrkiye ekonomisine etkilerini uzman akademisyenlerin katk\u0131s\u0131yla bir\u00e7ok farkl\u0131 boyutta inceleyen bu kitap alan\u0131nda \u00f6nemli bir bo\u015flu\u011fu dolduruyor.\u201dProf. Dr. Hakan Kara, Bilkent \u00dcniversitesi \u201cPandemi ile beraber ortaya \u00e7\u0131kan geli\u015fmelerin ve al\u0131\u015fkanl\u0131klar\u0131n ne kadar\u0131n\u0131 muhafaza edip ne kadar\u0131n\u0131 geride b\u0131rakaca\u011f\u0131m\u0131za dair bir \u00e7ok iddia, \u00e7al\u0131\u015fma ve analiz yap\u0131lmaktad\u0131r. \u00c7ok net fark etti\u011fim ayr\u0131nt\u0131 \u015fudur: Pandemi zaten var olan baz\u0131 olumsuzluklar\u0131 g\u00f6r\u00fcn\u00fcr k\u0131ld\u0131\u011f\u0131 gibi, baz\u0131 olumlu \u00f6zelliklerimizi g\u00fcn \u0131\u015f\u0131\u011f\u0131na \u00e7\u0131kard\u0131, baz\u0131 geli\u015fmeleri de h\u0131zland\u0131rd\u0131. Sadece ticaretteki al\u0131\u015fkanl\u0131klar\u0131m\u0131z de\u011fil, toplumsal ya\u015famdaki al\u0131\u015fkanl\u0131klar\u0131m\u0131z da de\u011fi\u015fime u\u011frad\u0131 diyebilirim. Art\u0131k Tedarikten Lojisti\u011fe, Ayr\u0131mc\u0131l\u0131ktan Adalete, Spordan Sanata kadar bir dizi yeni sorunsal ile kar\u015f\u0131 kar\u015f\u0131yay\u0131z. \u0130yi g\u00fcnlerde ba\u015f\u0131bo\u015f b\u0131rakt\u0131\u011f\u0131m\u0131z meseleler, bug\u00fcn b\u00fcy\u00fcyerek kar\u015f\u0131m\u0131za \u00e7\u0131kt\u0131, k\u00fc\u00e7\u00fcmsedi\u011fimiz geli\u015fmeler ise ilerlemenin \u00f6n\u00fcnde b\u00fcy\u00fck engeller yarat\u0131yor. Bu \u00e7al\u0131\u015fman\u0131n yazarlar\u0131, bilim insan\u0131 olman\u0131n verdi\u011fi sorumluluk \u00e7er\u00e7evesinde \u00e7\u00f6z\u00fcm \u00f6nerilerini ilgilenenlerin dikkatlerine sunuyor. Bizzat istifade etti\u011fim ve akl\u0131mdaki bir\u00e7ok soruya cevap buldu\u011fum bu \u00e7al\u0131\u015fmaya eme\u011fi ge\u00e7enlere te\u015fekk\u00fcr ediyor, de\u011ferli yazarlara bundan sonraki \u00e7al\u0131\u015fmalar\u0131nda ba\u015far\u0131lar diliyorum.\u201dProf. Dr. Emre Alkin, Topkap\u0131 \u00dcniversitesi Rekt\u00f6r\u00fc <\/p>\n","protected":false},"excerpt":{"rendered":"<p>COVID-19 pandemisi hemen hemen t\u00fcm \u00fclke ve sekt\u00f6rleri etkilemi\u015f ve halen etkilemeye devam etmektedir. Teknolojik geli\u015fmeler ve k\u00fcreselle\u015fme pandeminin h\u0131zl\u0131 yay\u0131lmas\u0131nda \u00f6nemli rol oynam\u0131\u015ft\u0131r. Pandeminin uzun<span class=\"excerpt-hellip\"> [\u2026]<\/span><\/p>\n","protected":false},"featured_media":0,"template":"","meta":{"_monsterinsights_skip_tracking":false,"_monsterinsights_sitenote_active":false,"_monsterinsights_sitenote_note":"","_monsterinsights_sitenote_category":0},"product_brand":[],"product_cat":[13043,14144],"product_tag":[],"class_list":{"0":"post-742554","1":"product","2":"type-product","3":"status-publish","5":"product_cat-ekonomi","6":"product_cat-turkiye-ekonomisi","7":"pa_cilt-ciltsiz","8":"pa_tur-kitap","9":"pa_yayinevi-adres-yayinlari","10":"pa_yazar-harun-yakisik-hulya-unlu","12":"first","13":"instock","14":"sale","15":"shipping-taxable","16":"purchasable","17":"product-type-simple"},"_links":{"self":[{"href":"https:\/\/roveyayinevi.com.tr\/index.php\/wp-json\/wp\/v2\/product\/742554","targetHints":{"allow":["GET"]}}],"collection":[{"href":"https:\/\/roveyayinevi.com.tr\/index.php\/wp-json\/wp\/v2\/product"}],"about":[{"href":"https:\/\/roveyayinevi.com.tr\/index.php\/wp-json\/wp\/v2\/types\/product"}],"wp:attachment":[{"href":"https:\/\/roveyayinevi.com.tr\/index.php\/wp-json\/wp\/v2\/media?parent=742554"}],"wp:term":[{"taxonomy":"product_brand","embeddable":true,"href":"https:\/\/roveyayinevi.com.tr\/index.php\/wp-json\/wp\/v2\/product_brand?post=742554"},{"taxonomy":"product_cat","embeddable":true,"href":"https:\/\/roveyayinevi.com.tr\/index.php\/wp-json\/wp\/v2\/product_cat?post=742554"},{"taxonomy":"product_tag","embeddable":true,"href":"https:\/\/roveyayinevi.com.tr\/index.php\/wp-json\/wp\/v2\/product_tag?post=742554"}],"curies":[{"name":"wp","href":"https:\/\/api.w.org\/{rel}","templated":true}]}}