{"id":742552,"date":"2025-08-28T01:14:30","date_gmt":"2025-08-27T22:14:30","guid":{"rendered":"https:\/\/roveyayinevi.com.tr\/index.php\/urun\/genc-tanzimat-pasazadesi-avrupada\/"},"modified":"2026-04-16T02:53:46","modified_gmt":"2026-04-15T23:53:46","slug":"genc-tanzimat-pasazadesi-avrupada","status":"publish","type":"product","link":"https:\/\/roveyayinevi.com.tr\/index.php\/urun\/genc-tanzimat-pasazadesi-avrupada\/","title":{"rendered":"Gen\u00e7 Tanzimat Pa\u015fazadesi Avrupada"},"content":{"rendered":"<p>Paris \u015fehri \u0130stanbul b\u00fcy\u00fckl\u00fc\u011f\u00fcndedir ve etraf\u0131 bir m\u00fcddet \u00f6nce yeniden in\u015fa olunmu\u015f \u00e7ok sa\u011flam bir kale ile \u00e7evrilidir. Kalenin d\u0131\u015f\u0131nda bulvar dedikleri gayet b\u00fcy\u00fck ormanlar\u0131n aralar\u0131ndan ge\u00e7en intizaml\u0131 dizilmi\u015f a\u011fa\u00e7l\u0131 uzun yollar vard\u0131r. \u015eehrin binalar\u0131 yedi sekiz katl\u0131 olduk\u00e7a b\u00fcy\u00fckt\u00fcr ve s\u0131k ve biti\u015fik nizamd\u0131r. E\u011fer b\u00f6yle y\u00fcksek olmay\u0131p da di\u011fer yerlerdeki gibi daha mutedil \u015fekilde yap\u0131lm\u0131\u015f olsalard\u0131 \u015fehrin b\u00fcy\u00fckl\u00fc\u011f\u00fc bir kat daha geni\u015f olurdu. R\u0131fat Pa\u015fazade Mehmed Rauf Mehmed Rauf, \u00e7ok gen\u00e7 ya\u015fta devlet hizmetine girmi\u015f \u00fcst d\u00fczey bir Osmanl\u0131 b\u00fcrokrat\u0131d\u0131r. Devletin pek \u00e7ok \u00fclkeyle m\u00fccadele etti\u011fi 19. y\u00fczy\u0131l\u0131n ikinci yar\u0131s\u0131nda uluslararas\u0131 g\u00f6r\u00fc\u015fmelerde Osmanl\u0131 Devleti\u2019ni temsil eden ekibin i\u00e7inde yer alm\u0131\u015f; ba\u015fta K\u0131r\u0131m Sava\u015f\u0131\u2019yla ilgili m\u00fczakereler olmak \u00fczere \u0130ngiliz ve Rus temsilcileriyle yap\u0131lan diplomasi trafi\u011finin en \u00f6nemli akt\u00f6rlerinden biri olmu\u015ftur. \u00dcnl\u00fc devlet adamlar\u0131ndan Sad\u0131k R\u0131fat Pa\u015fa\u2019n\u0131n o\u011flu olan Mehmed Rauf, kaynaklarda \u00e7o\u011funlukla R\u0131fat Pa\u015fazade Mehmed Rauf Bey olarak ge\u00e7er. Bug\u00fcn Ca\u011falo\u011flu\u2019nda Bab\u0131ali Caddesi \u00fczerinde bulunan ve bir zamanlar \u0130stanbul \u0130l Milli E\u011fitim M\u00fcd\u00fcrl\u00fc\u011f\u00fc binas\u0131 olarak kullan\u0131lan Rauf Pa\u015fa Kona\u011f\u0131\u2019nda ya\u015fam\u0131\u015ft\u0131r.Prof. Dr. Fikret Turan, 19. y\u00fczy\u0131l\u0131n ortalar\u0131nda yay\u0131mland\u0131\u011f\u0131 h\u00e2lde sadece eksik bir tek n\u00fcshas\u0131na ula\u015f\u0131labilen Seyahatname-i Avrupa ile yay\u0131mlanmam\u0131\u015f Avrupa L\u00e2yihas\u0131\u2019n\u0131 eksiksiz tam metinler olarak yay\u0131na haz\u0131rlad\u0131. Mehmed Rauf yakla\u015f\u0131k 4 ayda 50 \u015fehir, b\u00f6lge ve mek\u00e2n gezmi\u015f; Malta\u2019dan Roma\u2019ya, Venedik\u2019ten \u0130svi\u00e7re\u2019ye, Londra\u2019dan Paris\u2019e, Viyana\u2019dan Berlin\u2019e Avrupa\u2019n\u0131n farkl\u0131 \u00fclkelerini sat\u0131rlara nak\u015fetmi\u015ftir. Eser, kendinden \u00f6nceki seyahatnamelerde anlat\u0131lanlardan \u00e7ok daha fazla say\u0131da b\u00f6lgeyi i\u00e7ermesi bak\u0131m\u0131ndan T\u00fcrk seyahat-hat\u0131ra tarihinde \u00f6zg\u00fcn bir yer te\u015fkil etmektedir.Gen\u00e7 Tanzimat Pa\u015fazadesi Avrupa\u2019da, seyahatname\/hat\u0131rat okumay\u0131 seven, Osmanl\u0131 modernle\u015fme tarihine ve T\u00fcrk k\u00fclt\u00fcr\u00fcne ilgi duyan merakl\u0131 tarih okuyucusunun zevkle okuyaca\u011f\u0131 ve ayn\u0131 zamanda d\u00f6nemin Avrupa\u2019s\u0131na dair bir\u00e7ok bilgiye ula\u015faca\u011f\u0131 \u00f6zg\u00fcn bir eserdir. <\/p>\n","protected":false},"excerpt":{"rendered":"<p>Paris \u015fehri \u0130stanbul b\u00fcy\u00fckl\u00fc\u011f\u00fcndedir ve etraf\u0131 bir m\u00fcddet \u00f6nce yeniden in\u015fa olunmu\u015f \u00e7ok sa\u011flam bir kale ile \u00e7evrilidir. Kalenin d\u0131\u015f\u0131nda bulvar dedikleri gayet b\u00fcy\u00fck ormanlar\u0131n aralar\u0131ndan<span class=\"excerpt-hellip\"> [\u2026]<\/span><\/p>\n","protected":false},"featured_media":0,"template":"","meta":{"_monsterinsights_skip_tracking":false,"_monsterinsights_sitenote_active":false,"_monsterinsights_sitenote_note":"","_monsterinsights_sitenote_category":0},"product_brand":[],"product_cat":[12312,12304],"product_tag":[],"class_list":{"0":"post-742552","1":"product","2":"type-product","3":"status-publish","5":"product_cat-diger","6":"product_cat-tarih","7":"pa_cilt-ciltsiz","8":"pa_tur-kitap","9":"pa_yayinevi-timas-yayinlari","10":"pa_yazar-mehmet-rauf","12":"first","13":"instock","14":"sale","15":"shipping-taxable","16":"purchasable","17":"product-type-simple"},"_links":{"self":[{"href":"https:\/\/roveyayinevi.com.tr\/index.php\/wp-json\/wp\/v2\/product\/742552","targetHints":{"allow":["GET"]}}],"collection":[{"href":"https:\/\/roveyayinevi.com.tr\/index.php\/wp-json\/wp\/v2\/product"}],"about":[{"href":"https:\/\/roveyayinevi.com.tr\/index.php\/wp-json\/wp\/v2\/types\/product"}],"wp:attachment":[{"href":"https:\/\/roveyayinevi.com.tr\/index.php\/wp-json\/wp\/v2\/media?parent=742552"}],"wp:term":[{"taxonomy":"product_brand","embeddable":true,"href":"https:\/\/roveyayinevi.com.tr\/index.php\/wp-json\/wp\/v2\/product_brand?post=742552"},{"taxonomy":"product_cat","embeddable":true,"href":"https:\/\/roveyayinevi.com.tr\/index.php\/wp-json\/wp\/v2\/product_cat?post=742552"},{"taxonomy":"product_tag","embeddable":true,"href":"https:\/\/roveyayinevi.com.tr\/index.php\/wp-json\/wp\/v2\/product_tag?post=742552"}],"curies":[{"name":"wp","href":"https:\/\/api.w.org\/{rel}","templated":true}]}}