{"id":742484,"date":"2025-08-28T01:13:03","date_gmt":"2025-08-27T22:13:03","guid":{"rendered":"https:\/\/roveyayinevi.com.tr\/index.php\/urun\/iklim-krizi-ve-turkiye\/"},"modified":"2026-04-16T02:53:29","modified_gmt":"2026-04-15T23:53:29","slug":"iklim-krizi-ve-turkiye","status":"publish","type":"product","link":"https:\/\/roveyayinevi.com.tr\/index.php\/urun\/iklim-krizi-ve-turkiye\/","title":{"rendered":"\u0130klim Krizi ve T\u00fcrkiye"},"content":{"rendered":"<p>\u0130klim de\u011fi\u015fikli\u011fi \u00fczerine uluslararas\u0131 alanda tart\u0131\u015fmalar 1970&#8217;lerin sonunda ba\u015flad\u0131. 1992 y\u0131l\u0131nda Birle\u015fmi\u015f Milletler \u0130klim De\u011fi\u015fikli\u011fi \u00c7er\u00e7eve S\u00f6zle\u015fmesi\u2019nin kabul edilmesiyle ile de yasal bir zemine kavu\u015ftu. Tart\u0131\u015fmalar\u0131n ba\u015f\u0131nda iklim de\u011fi\u015fikli\u011fini d\u00fcnyan\u0131n do\u011fal iklim d\u00f6ng\u00fcs\u00fc i\u00e7inde normal bir durum gibi g\u00f6renler ve bunu sadece bilim insanlar\u0131n\u0131n u\u011fra\u015fmas\u0131 gereken bir konu olarak de\u011ferlendirenler bile vard\u0131. \u0130nsanlar raporlardan, bilim insanlar\u0131n\u0131n s\u00f6ylediklerinden \u00e7ok g\u00fcnl\u00fck ya\u015fant\u0131lar\u0131nda iklim de\u011fi\u015fikli\u011finin etkilerini g\u00f6rmeye ba\u015flad\u0131\u011f\u0131nda bu ger\u00e7e\u011fi kabul ettiler.   Bir yanda tarihsel sorumlulu\u011fa sahip geli\u015fmi\u015f \u00fclkeler, bir yanda iklim de\u011fi\u015fikli\u011finden en fazla etkilenen geli\u015fmekte olan \u00fclkeler\u2026 Kimsenin kalk\u0131nma s\u00fcre\u00e7lerinden ve ya\u015fama bi\u00e7imlerinden \u00f6d\u00fcn vermedi\u011fi uzun y\u0131llar, iklim de\u011fi\u015fikli\u011fiyle m\u00fccadelede mavi gezegene \u00e7ok \u015fey kaybettirdi. \u00d6yle ki, bilimsel raporlar ekosistemler \u00fczerindeki baz\u0131 insan etkilerinin art\u0131k geri d\u00f6nd\u00fcr\u00fclemez oldu\u011funu s\u00f6yl\u00fcyor. Mehmet Emin Birp\u0131nar 9 Nisan 2015\u2019te resmi olarak T\u00fcrkiye ad\u0131na iklim de\u011fi\u015fikli\u011fi m\u00fczakerelerini y\u00fcr\u00fctmek \u00fczere Ba\u015fm\u00fczakereci olarak g\u00f6revlendirilmesinden sonra y\u00fczlerce toplant\u0131ya, zirveye kat\u0131ld\u0131, ikili g\u00f6r\u00fc\u015fmelerde bulundu. Kap\u0131lar kapand\u0131\u011f\u0131nda T\u00fcrkiye\u2019nin \u00f6ncelikleri, d\u00fcn\u00fc, bug\u00fcn\u00fc ve gelece\u011fi i\u00e7in m\u00fczakere de\u011fil m\u00fccadele etti.   \u0130klim Krizi ve T\u00fcrkiye, \u0130klim De\u011fi\u015fikli\u011fi Ba\u015fm\u00fczakerecisi Birp\u0131nar\u2019\u0131n \u015fahit oldu\u011fu s\u00fcre\u00e7lerin ve bizzat y\u00fcr\u00fctt\u00fc\u011f\u00fc zorlu iklim de\u011fi\u015fikli\u011fi m\u00fczakerelerinin yans\u0131malar\u0131n\u0131n bir derlemesi. <\/p>\n","protected":false},"excerpt":{"rendered":"<p>\u0130klim de\u011fi\u015fikli\u011fi \u00fczerine uluslararas\u0131 alanda tart\u0131\u015fmalar 1970&#8217;lerin sonunda ba\u015flad\u0131. 1992 y\u0131l\u0131nda Birle\u015fmi\u015f Milletler \u0130klim De\u011fi\u015fikli\u011fi \u00c7er\u00e7eve S\u00f6zle\u015fmesi\u2019nin kabul edilmesiyle ile de yasal bir zemine kavu\u015ftu. Tart\u0131\u015fmalar\u0131n<span class=\"excerpt-hellip\"> [\u2026]<\/span><\/p>\n","protected":false},"featured_media":0,"template":"","meta":{"_monsterinsights_skip_tracking":false,"_monsterinsights_sitenote_active":false,"_monsterinsights_sitenote_note":"","_monsterinsights_sitenote_category":0},"product_brand":[],"product_cat":[23323,12364],"product_tag":[],"class_list":{"0":"post-742484","1":"product","2":"type-product","3":"status-publish","5":"product_cat-ekoloji","6":"product_cat-genel-konular","7":"pa_cilt-ciltsiz","8":"pa_tur-kitap","9":"pa_yayinevi-yeni-insan-yayinlari","10":"pa_yazar-mehmet-emin-birpinar","12":"first","13":"instock","14":"sale","15":"shipping-taxable","16":"purchasable","17":"product-type-simple"},"_links":{"self":[{"href":"https:\/\/roveyayinevi.com.tr\/index.php\/wp-json\/wp\/v2\/product\/742484","targetHints":{"allow":["GET"]}}],"collection":[{"href":"https:\/\/roveyayinevi.com.tr\/index.php\/wp-json\/wp\/v2\/product"}],"about":[{"href":"https:\/\/roveyayinevi.com.tr\/index.php\/wp-json\/wp\/v2\/types\/product"}],"wp:attachment":[{"href":"https:\/\/roveyayinevi.com.tr\/index.php\/wp-json\/wp\/v2\/media?parent=742484"}],"wp:term":[{"taxonomy":"product_brand","embeddable":true,"href":"https:\/\/roveyayinevi.com.tr\/index.php\/wp-json\/wp\/v2\/product_brand?post=742484"},{"taxonomy":"product_cat","embeddable":true,"href":"https:\/\/roveyayinevi.com.tr\/index.php\/wp-json\/wp\/v2\/product_cat?post=742484"},{"taxonomy":"product_tag","embeddable":true,"href":"https:\/\/roveyayinevi.com.tr\/index.php\/wp-json\/wp\/v2\/product_tag?post=742484"}],"curies":[{"name":"wp","href":"https:\/\/api.w.org\/{rel}","templated":true}]}}