{"id":742372,"date":"2025-08-28T01:09:59","date_gmt":"2025-08-27T22:09:59","guid":{"rendered":"https:\/\/roveyayinevi.com.tr\/index.php\/urun\/genc-asiler\/"},"modified":"2026-04-16T02:53:26","modified_gmt":"2026-04-15T23:53:26","slug":"genc-asiler","status":"publish","type":"product","link":"https:\/\/roveyayinevi.com.tr\/index.php\/urun\/genc-asiler\/","title":{"rendered":"Gen\u00e7 Asiler"},"content":{"rendered":"<p>Gen\u00e7, Asi, Kararl\u0131D\u00fcnya Nas\u0131l De\u011fi\u015ftirilebilir?Daha fazla \u00f6zg\u00fcrl\u00fck, daha fazla adalet, daha fazla \u00e7e\u015fitlilik istiyorlar. \u0130klim krizine, \u0131rk\u00e7\u0131l\u0131\u011fa, silahl\u0131 \u015fiddete, yoksullu\u011fa ve k\u0131tl\u0131\u011fa kar\u015f\u0131 sava\u015f\u0131yorlar. D\u00fcnyan\u0131n d\u00f6rt bir yan\u0131ndan gen\u00e7ler, sosyal ve politik ba\u011flamda hem b\u00fcy\u00fck hem de k\u00fc\u00e7\u00fck de\u011fi\u015fikliklere \u00f6nc\u00fcl\u00fck ediyorlar.Greta Thunberg, d\u00fczenledi\u011fi okul greviyle birlikte k\u00fcresel iklim protestolar\u0131n\u0131 alevlendirdi\u011finde hen\u00fcz on alt\u0131 ya\u015f\u0131ndayd\u0131. On d\u00f6rt ya\u015f\u0131ndaki Netiwit Chotiphatphaisal, Tayland&#8217;da demokrasi, konu\u015fma \u00f6zg\u00fcrl\u00fc\u011f\u00fc ve e\u011fitim reformu i\u00e7in kampanya y\u00fcr\u00fctecek bir gazete kurdu. Malala Yousafzai, on bir ya\u015f\u0131ndayken Pakistan&#8217;da kad\u0131nlara uygulanan bask\u0131 \u00fczerine bir blog ba\u015flatt\u0131. D\u00f6rd\u00fcnc\u00fc s\u0131n\u0131ftaki Felix Finkbeiner, her \u00fclkedeki \u00e7ocuklar\u0131n bir milyon a\u011fa\u00e7 dikmesi gerekti\u011fi fikrini ortaya att\u0131. Ve daha bir\u00e7o\u011fu\u2026 Cesaretleri ve inan\u00e7lar\u0131 hepimize ilham veriyor. \u0130\u015fte o gen\u00e7lerin hik\u00e2yeleri!<\/p>\n","protected":false},"excerpt":{"rendered":"<p>Gen\u00e7, Asi, Kararl\u0131D\u00fcnya Nas\u0131l De\u011fi\u015ftirilebilir?Daha fazla \u00f6zg\u00fcrl\u00fck, daha fazla adalet, daha fazla \u00e7e\u015fitlilik istiyorlar. \u0130klim krizine, \u0131rk\u00e7\u0131l\u0131\u011fa, silahl\u0131 \u015fiddete, yoksullu\u011fa ve k\u0131tl\u0131\u011fa kar\u015f\u0131 sava\u015f\u0131yorlar. D\u00fcnyan\u0131n d\u00f6rt<span class=\"excerpt-hellip\"> [\u2026]<\/span><\/p>\n","protected":false},"featured_media":0,"template":"","meta":{"_monsterinsights_skip_tracking":false,"_monsterinsights_sitenote_active":false,"_monsterinsights_sitenote_note":"","_monsterinsights_sitenote_category":0},"product_brand":[],"product_cat":[14009,12291],"product_tag":[],"class_list":{"0":"post-742372","1":"product","2":"type-product","3":"status-publish","5":"product_cat-biyografi-otobiyografi-edebiyat","6":"product_cat-edebiyat","7":"pa_cilt-ciltsiz","8":"pa_tur-kitap","9":"pa_yayinevi-peta-kitap","10":"pa_yazar-christine-knodler-benjamin-knodler","12":"first","13":"instock","14":"sale","15":"shipping-taxable","16":"purchasable","17":"product-type-simple"},"_links":{"self":[{"href":"https:\/\/roveyayinevi.com.tr\/index.php\/wp-json\/wp\/v2\/product\/742372","targetHints":{"allow":["GET"]}}],"collection":[{"href":"https:\/\/roveyayinevi.com.tr\/index.php\/wp-json\/wp\/v2\/product"}],"about":[{"href":"https:\/\/roveyayinevi.com.tr\/index.php\/wp-json\/wp\/v2\/types\/product"}],"wp:attachment":[{"href":"https:\/\/roveyayinevi.com.tr\/index.php\/wp-json\/wp\/v2\/media?parent=742372"}],"wp:term":[{"taxonomy":"product_brand","embeddable":true,"href":"https:\/\/roveyayinevi.com.tr\/index.php\/wp-json\/wp\/v2\/product_brand?post=742372"},{"taxonomy":"product_cat","embeddable":true,"href":"https:\/\/roveyayinevi.com.tr\/index.php\/wp-json\/wp\/v2\/product_cat?post=742372"},{"taxonomy":"product_tag","embeddable":true,"href":"https:\/\/roveyayinevi.com.tr\/index.php\/wp-json\/wp\/v2\/product_tag?post=742372"}],"curies":[{"name":"wp","href":"https:\/\/api.w.org\/{rel}","templated":true}]}}