{"id":742356,"date":"2025-08-28T01:09:43","date_gmt":"2025-08-27T22:09:43","guid":{"rendered":"https:\/\/roveyayinevi.com.tr\/index.php\/urun\/bugday-yolculugu-2\/"},"modified":"2026-04-16T02:53:25","modified_gmt":"2026-04-15T23:53:25","slug":"bugday-yolculugu-2","status":"publish","type":"product","link":"https:\/\/roveyayinevi.com.tr\/index.php\/urun\/bugday-yolculugu-2\/","title":{"rendered":"Bu\u011fday Yolculu\u011fu &#8211; 2"},"content":{"rendered":"<p>Ak\u00e7ada\u011f il\u00e7esi Kajikli k\u00f6y\u00fcnden Elbistan\u2019a yolculuk, ger\u00e7ek bir ya\u015famdan al\u0131nm\u0131\u015ft\u0131r, 1936-1944 y\u0131llar\u0131 aras\u0131nda Ak\u00e7ada\u011f ve k\u00f6ylerinde ekmek yapmak i\u00e7in Arpa ve gilgil denilen bitki ekilmekteydi. Elbistan il\u00e7esinde ise tar\u0131m daha ileri oldu\u011fu i\u00e7in bu\u011fday ekilmekteydi. Ak\u00e7ada\u011f\u2019\u0131n k\u00f6yl\u00fcleri, Ak\u00e7ada\u011f\u2019dan, Elbistan\u2019a bu\u011fday getirmeye giderlerdi. Elbistan\u2019a giden kafilelerden Kajikli (Yayl\u0131ml\u0131) k\u00f6yl\u00fclerinin ba\u015f\u0131ndan ge\u00e7en bu olaylar\u0131 hi\u00e7bir abart\u0131 olmadan dinledim ve y\u0131llar sonra kaleme ald\u0131m. O d\u00f6nemde nas\u0131l zorlu bir m\u00fccadele verdiklerini herkes bilsin istedim sayg\u0131lar\u0131mla\u2026<\/p>\n","protected":false},"excerpt":{"rendered":"<p>Ak\u00e7ada\u011f il\u00e7esi Kajikli k\u00f6y\u00fcnden Elbistan\u2019a yolculuk, ger\u00e7ek bir ya\u015famdan al\u0131nm\u0131\u015ft\u0131r, 1936-1944 y\u0131llar\u0131 aras\u0131nda Ak\u00e7ada\u011f ve k\u00f6ylerinde ekmek yapmak i\u00e7in Arpa ve gilgil denilen bitki ekilmekteydi. Elbistan<span class=\"excerpt-hellip\"> [\u2026]<\/span><\/p>\n","protected":false},"featured_media":0,"template":"","meta":{"_monsterinsights_skip_tracking":false,"_monsterinsights_sitenote_active":false,"_monsterinsights_sitenote_note":"","_monsterinsights_sitenote_category":0},"product_brand":[],"product_cat":[12291,18202],"product_tag":[],"class_list":{"0":"post-742356","1":"product","2":"type-product","3":"status-publish","5":"product_cat-edebiyat","6":"product_cat-hikaye","7":"pa_cilt-ciltsiz","8":"pa_tur-kitap","9":"pa_yayinevi-platanus-publishing","10":"pa_yazar-yusuf-durdu","12":"first","13":"instock","14":"sale","15":"shipping-taxable","16":"purchasable","17":"product-type-simple"},"_links":{"self":[{"href":"https:\/\/roveyayinevi.com.tr\/index.php\/wp-json\/wp\/v2\/product\/742356","targetHints":{"allow":["GET"]}}],"collection":[{"href":"https:\/\/roveyayinevi.com.tr\/index.php\/wp-json\/wp\/v2\/product"}],"about":[{"href":"https:\/\/roveyayinevi.com.tr\/index.php\/wp-json\/wp\/v2\/types\/product"}],"wp:attachment":[{"href":"https:\/\/roveyayinevi.com.tr\/index.php\/wp-json\/wp\/v2\/media?parent=742356"}],"wp:term":[{"taxonomy":"product_brand","embeddable":true,"href":"https:\/\/roveyayinevi.com.tr\/index.php\/wp-json\/wp\/v2\/product_brand?post=742356"},{"taxonomy":"product_cat","embeddable":true,"href":"https:\/\/roveyayinevi.com.tr\/index.php\/wp-json\/wp\/v2\/product_cat?post=742356"},{"taxonomy":"product_tag","embeddable":true,"href":"https:\/\/roveyayinevi.com.tr\/index.php\/wp-json\/wp\/v2\/product_tag?post=742356"}],"curies":[{"name":"wp","href":"https:\/\/api.w.org\/{rel}","templated":true}]}}