{"id":742289,"date":"2025-08-28T01:08:25","date_gmt":"2025-08-27T22:08:25","guid":{"rendered":"https:\/\/roveyayinevi.com.tr\/index.php\/urun\/yeni-deniz-mecmuasi-25-sayi\/"},"modified":"2026-04-16T02:53:24","modified_gmt":"2026-04-15T23:53:24","slug":"yeni-deniz-mecmuasi-25-sayi","status":"publish","type":"product","link":"https:\/\/roveyayinevi.com.tr\/index.php\/urun\/yeni-deniz-mecmuasi-25-sayi\/","title":{"rendered":"Yeni Deniz Mecmuas\u0131 25. Say\u0131"},"content":{"rendered":"<p>Egemenlik olgusunun sadece karasal de\u011fil yery\u00fcz\u00fc \u00fczerinde uluslararas\u0131 s\u00f6zle\u015fmelerle kabul edilen d\u00fcnya s\u0131n\u0131rlar\u0131 kapsam\u0131nda ele al\u0131nmas\u0131n\u0131n bir sonucu olarak, denize k\u0131y\u0131s\u0131 olan \u00fclkelerin kendi karasular\u0131nda ticaret ve seyr\u00fcsefer yapabilme\/yapt\u0131rabilme ayr\u0131cal\u0131\u011f\u0131 olan kabotaj hakk\u0131n\u0131 elde edi\u015fimizin 96\u2019nc\u0131 y\u0131l\u0131nda Ulu \u00d6nder Atat\u00fcrk ve Cumhuriyetimizi bizlere arma\u011fan eden dava arkada\u015flar\u0131n\u0131 bir kez daha minnetle an\u0131yor, \u015f\u00fckranlar\u0131m\u0131z\u0131 sunuyoruz. G\u00fcn\u00fcm\u00fczde ulusal denizcili\u011fimizin ula\u015ft\u0131\u011f\u0131 konuma bakt\u0131\u011f\u0131m\u0131zda; 8.333 km\u2019lik sahil \u015feridi ve \u00fc\u00e7 yan\u0131n\u0131n denizlerle \u00e7evrili olmas\u0131 a\u00e7\u0131s\u0131ndan \u00fclkemiz, en ucuz ve en \u00e7evre dostu ta\u015f\u0131mac\u0131l\u0131k t\u00fcr\u00fc olan deniz ta\u015f\u0131mac\u0131l\u0131\u011f\u0131n\u0131 geli\u015ftirmek i\u00e7in her t\u00fcrl\u00fc avantaja sahipken, bu konuda (her \u015feye ra\u011fmen) yerimizde say\u0131yor olmam\u0131z i\u00e7ler ac\u0131s\u0131. Yine de, bir \u2018denizci \u00fclkenin\u2019 ne yaz\u0131k ki hen\u00fcz t\u00fcm niteliklerini kazanamam\u0131\u015f \u2018denizci ulusu\u2019nun bireyleri olarak, Mavi Vatan\u2019\u0131n y\u0131lmaz savunucular\u0131 g\u00f6z\u00fcyle gelece\u011fe umutla bakmay\u0131 s\u00fcrd\u00fcrece\u011fiz. Bir deniz tutkunu Emre Baysoy\u2019un g\u00fczel bir \u015fiiriyle a\u00e7\u0131l\u0131\u015f\u0131n\u0131 yapt\u0131\u011f\u0131m\u0131z bu say\u0131m\u0131zda da yine birbirinden ilgin\u00e7 ve yazarlar\u0131n, sizleri derin d\u00fc\u015f\u00fcncelere sevk edecek bi\u00e7imde kaleme ald\u0131klar\u0131 konularla kar\u015f\u0131n\u0131zday\u0131z. Cem G\u00fcrdeniz kabotaj konusunu, ulusal deniz k\u00fclt\u00fcr\u00fcm\u00fcz ba\u011flam\u0131nda ele alm\u0131\u015f. Levent Akson\u2019un \u00f6n yaz\u0131s\u0131yla sundu\u011fumuz Kabotaj konulu gazete makalesi de \u00e7ok yak\u0131nda yitirdi\u011fimiz ama kendisini her zaman sayg\u0131yla anaca\u011f\u0131m\u0131z Prof. Dr. Rona Aybay\u2019\u0131n kaleminden. \u0130T\u00dc doktora \u00f6\u011frencisi Bilal Ersin Eliko\u011flu, deniz ileti\u015fim hatlar\u0131 konusundaki stratejinin ilgin\u00e7 detaylar\u0131n\u0131 a\u00e7\u0131kl\u0131yor. Amiral Hakan Ercan, g\u00fcn\u00fcm\u00fcz denizcilik teknolojisinde ula\u015f\u0131lan d\u00fczeyi merak uyand\u0131racak bir \u00fcslupla sunuyor. De\u011ferli akademisyen Levent Yurga, son g\u00fcnlerde yeniden g\u00fcndem olan deniz salyas\u0131yla ilgili bilinmeyenlerin yan\u0131 s\u0131ra yanl\u0131\u015f bilinenleri de g\u00f6zler \u00f6n\u00fcne sermi\u015f. Kaptan Sedat Tenker\u2019in 1915 \u00c7anakkale K\u00f6pr\u00fcs\u00fc ile ilgili uyar\u0131lar\u0131 dikkat \u00e7ekici. Saim O\u011fuz\u00fclgen, Kanal \u0130stanbul ile ilgili ya\u015fad\u0131\u011f\u0131 bir mahkeme safahat\u0131n\u0131n ayr\u0131nt\u0131lar\u0131n\u0131 \u00e7arp\u0131c\u0131 bi\u00e7imde payla\u015fm\u0131\u015f. Erdal Yaz\u0131c\u0131, korsan sald\u0131r\u0131s\u0131na u\u011frayan M\/V Mozart\u2019ta, Ba\u015fm\u00fchendisin ya\u015fad\u0131klar\u0131n\u0131 ilk a\u011f\u0131zdan duyuruyor. Mehmet Ali S\u00f6kmen, eski ad\u0131yla Y\u00fcksek Denizcilik Okuluna olan \u00f6zlemini an\u0131lar\u0131yla s\u00fcslemi\u015f, farkl\u0131 bir sunum olmu\u015f. Talip \u00d6zcengiz, bu say\u0131daki yaz\u0131s\u0131nda ticaret denizcili\u011fi uygulamalar\u0131na y\u00f6nelik deneyimlerini, \u00f6nerileriyle birlikte yeni ku\u015faklara aktar\u0131yor. Uzak denizlerde ya\u015fananlar ve bir denizci \u00fczerindeki etkileri Sitem Ate\u015f\u2019in farkl\u0131 yakla\u015f\u0131m\u0131yla ne g\u00fczel betimlenmi\u015f. \u0130stanbul r\u0131ht\u0131mlar\u0131n\u0131n tarihini, g\u00f6rsel belgesellerle ve Ali Bozo\u011flu\u2019nun kendine \u00f6zg\u00fc anlat\u0131m\u0131yla okuyacaks\u0131n\u0131z. Selim \u00d6zen, her zamanki ilgin\u00e7 deniz tarihi konusu se\u00e7imini bu kez Osmanl\u0131 bahriyesinden yapm\u0131\u015f. Dr. Ali C\u00f6mert, denizcilik\/gemicilik bilgilerini art\u0131k bizimle payla\u015fmaya ba\u015fl\u0131yor. Amiral Cem G\u00fcrdeniz\u2019in kaleme ald\u0131\u011f\u0131 \u201cK\u00fclt\u00fcr\u00fc ve G\u00f6rg\u00fcs\u00fcyle Denizcilik\u201d eserinin tan\u0131t\u0131m\u0131n\u0131 Derya \u015eerif Yark\u0131n, Prof. Dr. Mustafa Pultar\u2019\u0131n derledi\u011fi deniz dili s\u00f6zl\u00fc\u011f\u00fc \u201cDenizl\u00fck\u201d\u00fcn tan\u0131t\u0131m\u0131n\u0131 da \u00d6mer Bozkurt yap\u0131yor. Tu\u011frul K\u00fc\u00e7\u00fck\u015fahin ve Derya \u015eerif Yark\u0131n\u2019\u0131n dal\u0131\u015f tepkimesiyle ilgili yaz\u0131s\u0131n\u0131 ilgiyle okuduktan sonra, Alptu\u011f G\u00fcney\u2019in kaleme ald\u0131\u011f\u0131 yaz\u0131da ise Orta \u00c7a\u011f\u2019da Balt\u0131k Denizi\u2019ne a\u00e7\u0131lacaks\u0131n\u0131z. Ali Karakul\u2019un, bir kaptan\u0131n limana d\u00f6n\u00fc\u015f\u00fcn\u00fc betimleyen \u015fiiri de okunmaya de\u011fer g\u00fczellikte. Ulusumuzun en yak\u0131n zamanda deniz k\u00fclt\u00fcr\u00fcn\u00fc benimsemi\u015f ve her yeni g\u00fcn\u00fc deniz sevgisiyle kar\u015f\u0131lad\u0131\u011f\u0131 mutlu g\u00fcnlere ula\u015fmas\u0131 dileklerimizle, sizlereiyi okumalar dileriz. R\u00fczg\u00e2r\u0131n\u0131z kolay\u0131na ve pruvan\u0131z her zaman neta olsun\u2026 <\/p>\n","protected":false},"excerpt":{"rendered":"<p>Egemenlik olgusunun sadece karasal de\u011fil yery\u00fcz\u00fc \u00fczerinde uluslararas\u0131 s\u00f6zle\u015fmelerle kabul edilen d\u00fcnya s\u0131n\u0131rlar\u0131 kapsam\u0131nda ele al\u0131nmas\u0131n\u0131n bir sonucu olarak, denize k\u0131y\u0131s\u0131 olan \u00fclkelerin kendi karasular\u0131nda ticaret<span class=\"excerpt-hellip\"> [\u2026]<\/span><\/p>\n","protected":false},"featured_media":0,"template":"","meta":{"_monsterinsights_skip_tracking":false,"_monsterinsights_sitenote_active":false,"_monsterinsights_sitenote_note":"","_monsterinsights_sitenote_category":0},"product_brand":[],"product_cat":[17574,13527],"product_tag":[],"class_list":{"0":"post-742289","1":"product","2":"type-product","3":"status-publish","5":"product_cat-politika","6":"product_cat-sureli-yayinlar","7":"pa_cilt-ciltsiz","8":"pa_tur-dergi","9":"pa_yayinevi-pankus-yayinlari","10":"pa_yazar-kolektif","12":"first","13":"instock","14":"sale","15":"shipping-taxable","16":"purchasable","17":"product-type-simple"},"_links":{"self":[{"href":"https:\/\/roveyayinevi.com.tr\/index.php\/wp-json\/wp\/v2\/product\/742289","targetHints":{"allow":["GET"]}}],"collection":[{"href":"https:\/\/roveyayinevi.com.tr\/index.php\/wp-json\/wp\/v2\/product"}],"about":[{"href":"https:\/\/roveyayinevi.com.tr\/index.php\/wp-json\/wp\/v2\/types\/product"}],"wp:attachment":[{"href":"https:\/\/roveyayinevi.com.tr\/index.php\/wp-json\/wp\/v2\/media?parent=742289"}],"wp:term":[{"taxonomy":"product_brand","embeddable":true,"href":"https:\/\/roveyayinevi.com.tr\/index.php\/wp-json\/wp\/v2\/product_brand?post=742289"},{"taxonomy":"product_cat","embeddable":true,"href":"https:\/\/roveyayinevi.com.tr\/index.php\/wp-json\/wp\/v2\/product_cat?post=742289"},{"taxonomy":"product_tag","embeddable":true,"href":"https:\/\/roveyayinevi.com.tr\/index.php\/wp-json\/wp\/v2\/product_tag?post=742289"}],"curies":[{"name":"wp","href":"https:\/\/api.w.org\/{rel}","templated":true}]}}