{"id":742265,"date":"2025-08-28T01:07:59","date_gmt":"2025-08-27T22:07:59","guid":{"rendered":"https:\/\/roveyayinevi.com.tr\/index.php\/urun\/cumhuriyetin-oncu-gucu\/"},"modified":"2026-04-16T02:53:23","modified_gmt":"2026-04-15T23:53:23","slug":"cumhuriyetin-oncu-gucu","status":"publish","type":"product","link":"https:\/\/roveyayinevi.com.tr\/index.php\/urun\/cumhuriyetin-oncu-gucu\/","title":{"rendered":"Cumhuriyet\u2019in \u00d6nc\u00fc G\u00fcc\u00fc"},"content":{"rendered":"<p>Bilimsel ve \u00e7a\u011fda\u015f e\u011fitim kurumlar\u0131m\u0131zdan biri olan Kar\u015f\u0131yaka K\u0131z Muallim Mektebi\u2019nin hik\u00e2yesi T\u00fcrkiye tarihine \u0131\u015f\u0131k tutuyor. Aral\u0131k 1914\u2019den 7 Ekim 1949 tarihine kadar bir\u00e7ok \u00f6\u011fretmeni yeti\u015ftirerek e\u011fitim sistemimize kazand\u0131ran Kar\u015f\u0131yaka K\u0131z Muallim Mektebi\u2019nde, e\u011fitim tarihimizin idealist y\u00f6neticileri ve \u00f6\u011fretmenleri g\u00f6rev yapm\u0131\u015ft\u0131. Atat\u00fcrk\u2019\u00fcn \u00fc\u00e7 kez ziyaret etti\u011fi Kar\u015f\u0131yaka K\u0131z Muallim Mektebi; Mustafa Necati, Hakk\u0131 Baha Pars, Vedide Baha Pars, \u0130smail Z\u00fcht\u00fc Ku\u015f\u00e7uo\u011flu, Sabiha G\u00f6k\u00e7\u00fcl, Resmiye Boysan, Mustafa Rahmi Balaban, Ahmet Talat Onay, Akif Bibio\u011flu, Ziya Somar gibi e\u011fitim tarihimizde iz b\u0131rakan daha bir\u00e7ok de\u011ferli e\u011fitimcinin g\u00f6rev yapt\u0131\u011f\u0131 ve \u00e7a\u011f\u0131n gereklerine uygun nitelikli e\u011fitim sistemiyle Cumhuriyet D\u00f6nemi\u2019nin ilk \u00f6\u011fretmenlerini yeti\u015ftirmi\u015f, tarihsel kimli\u011fi ve manevi de\u011feri olan bir kurumdu. Y\u00fccel \u0130zmirli, Cumhuriyet\u2019in \u00d6nc\u00fc G\u00fcc\u00fc: \u201cKar\u015f\u0131yaka K\u0131z Muallim Mektebi\u201dnde bilimsel ve \u00e7a\u011fda\u015f e\u011fitim kurumlar\u0131m\u0131zdan biri olan bu okulun tarihini, s\u0131n\u0131rl\u0131 say\u0131daki kaynaklardan yararlanarak titiz bir \u00e7al\u0131\u015fmayla okurla bulu\u015fturuyor.<\/p>\n","protected":false},"excerpt":{"rendered":"<p>Bilimsel ve \u00e7a\u011fda\u015f e\u011fitim kurumlar\u0131m\u0131zdan biri olan Kar\u015f\u0131yaka K\u0131z Muallim Mektebi\u2019nin hik\u00e2yesi T\u00fcrkiye tarihine \u0131\u015f\u0131k tutuyor. Aral\u0131k 1914\u2019den 7 Ekim 1949 tarihine kadar bir\u00e7ok \u00f6\u011fretmeni yeti\u015ftirerek<span class=\"excerpt-hellip\"> [\u2026]<\/span><\/p>\n","protected":false},"featured_media":0,"template":"","meta":{"_monsterinsights_skip_tracking":false,"_monsterinsights_sitenote_active":false,"_monsterinsights_sitenote_note":"","_monsterinsights_sitenote_category":0},"product_brand":[],"product_cat":[12312,12304],"product_tag":[],"class_list":{"0":"post-742265","1":"product","2":"type-product","3":"status-publish","5":"product_cat-diger","6":"product_cat-tarih","7":"pa_cilt-ciltsiz","8":"pa_tur-kitap","9":"pa_yayinevi-cinar-yayinlari","10":"pa_yazar-yucel-izmirli","12":"first","13":"instock","14":"sale","15":"shipping-taxable","16":"purchasable","17":"product-type-simple"},"_links":{"self":[{"href":"https:\/\/roveyayinevi.com.tr\/index.php\/wp-json\/wp\/v2\/product\/742265","targetHints":{"allow":["GET"]}}],"collection":[{"href":"https:\/\/roveyayinevi.com.tr\/index.php\/wp-json\/wp\/v2\/product"}],"about":[{"href":"https:\/\/roveyayinevi.com.tr\/index.php\/wp-json\/wp\/v2\/types\/product"}],"wp:attachment":[{"href":"https:\/\/roveyayinevi.com.tr\/index.php\/wp-json\/wp\/v2\/media?parent=742265"}],"wp:term":[{"taxonomy":"product_brand","embeddable":true,"href":"https:\/\/roveyayinevi.com.tr\/index.php\/wp-json\/wp\/v2\/product_brand?post=742265"},{"taxonomy":"product_cat","embeddable":true,"href":"https:\/\/roveyayinevi.com.tr\/index.php\/wp-json\/wp\/v2\/product_cat?post=742265"},{"taxonomy":"product_tag","embeddable":true,"href":"https:\/\/roveyayinevi.com.tr\/index.php\/wp-json\/wp\/v2\/product_tag?post=742265"}],"curies":[{"name":"wp","href":"https:\/\/api.w.org\/{rel}","templated":true}]}}