{"id":742210,"date":"2025-08-28T01:06:29","date_gmt":"2025-08-27T22:06:29","guid":{"rendered":"https:\/\/roveyayinevi.com.tr\/index.php\/urun\/omer-yagizin-gozunden-odtu\/"},"modified":"2026-04-16T02:53:21","modified_gmt":"2026-04-15T23:53:21","slug":"omer-yagizin-gozunden-odtu","status":"publish","type":"product","link":"https:\/\/roveyayinevi.com.tr\/index.php\/urun\/omer-yagizin-gozunden-odtu\/","title":{"rendered":"\u00d6mer Ya\u011f\u0131z\u2019\u0131n G\u00f6z\u00fcnden ODT\u00dc"},"content":{"rendered":"<p>\u00d6mer Ya\u011f\u0131z\u2019\u0131n ODT\u00dc ile ili\u015fkisi, 1958\u2019de, iktisadi ve \u0130dari Bilimler Fak\u00fcltesi, \u0130\u015fletme B\u00f6l\u00fcm\u00fc\u2019nde \u00f6\u011frenci olarak ba\u015flad\u0131. 1965-2019 aral\u0131\u011f\u0131nda ise bu ili\u015fki, gerek ayn\u0131 b\u00f6l\u00fcmde \u00f6\u011fretim \u00fcyesi olarak gerekse bir ODT\u00dc emeklisi olarak, \u00e7e\u015fitli kurumlar\u0131nda hizmet \u015feklinde devam etti. Bu kitap, an\u0131lan s\u00fcre i\u00e7inde \u00d6mer Ya\u011f\u0131z\u2019\u0131n \u00e7ekmi\u015f oldu\u011fu ODT\u00dc Kamp\u00fcs\u00fc ve Eymir G\u00f6l\u00fc\u2019ne ait foto\u011fraflardan olu\u015fan bir \u015fe\u00e7kiyi payla\u015fmak \u00fczere haz\u0131rlanm\u0131\u015f ve sunulmaktad\u0131r. <\/p>\n","protected":false},"excerpt":{"rendered":"<p>\u00d6mer Ya\u011f\u0131z\u2019\u0131n ODT\u00dc ile ili\u015fkisi, 1958\u2019de, iktisadi ve \u0130dari Bilimler Fak\u00fcltesi, \u0130\u015fletme B\u00f6l\u00fcm\u00fc\u2019nde \u00f6\u011frenci olarak ba\u015flad\u0131. 1965-2019 aral\u0131\u011f\u0131nda ise bu ili\u015fki, gerek ayn\u0131 b\u00f6l\u00fcmde \u00f6\u011fretim \u00fcyesi<span class=\"excerpt-hellip\"> [\u2026]<\/span><\/p>\n","protected":false},"featured_media":0,"template":"","meta":{"_monsterinsights_skip_tracking":false,"_monsterinsights_sitenote_active":false,"_monsterinsights_sitenote_note":"","_monsterinsights_sitenote_category":0},"product_brand":[],"product_cat":[12409,12408],"product_tag":[],"class_list":{"0":"post-742210","1":"product","2":"type-product","3":"status-publish","5":"product_cat-fotograf-sinema-tiyatro","6":"product_cat-sanat","7":"pa_cilt-ciltsiz","8":"pa_tur-kitap","9":"pa_yayinevi-odtu-gelistirme-vakfi-yayincilik","10":"pa_yazar-omer-yagiz","12":"first","13":"instock","14":"sale","15":"shipping-taxable","16":"purchasable","17":"product-type-simple"},"_links":{"self":[{"href":"https:\/\/roveyayinevi.com.tr\/index.php\/wp-json\/wp\/v2\/product\/742210","targetHints":{"allow":["GET"]}}],"collection":[{"href":"https:\/\/roveyayinevi.com.tr\/index.php\/wp-json\/wp\/v2\/product"}],"about":[{"href":"https:\/\/roveyayinevi.com.tr\/index.php\/wp-json\/wp\/v2\/types\/product"}],"wp:attachment":[{"href":"https:\/\/roveyayinevi.com.tr\/index.php\/wp-json\/wp\/v2\/media?parent=742210"}],"wp:term":[{"taxonomy":"product_brand","embeddable":true,"href":"https:\/\/roveyayinevi.com.tr\/index.php\/wp-json\/wp\/v2\/product_brand?post=742210"},{"taxonomy":"product_cat","embeddable":true,"href":"https:\/\/roveyayinevi.com.tr\/index.php\/wp-json\/wp\/v2\/product_cat?post=742210"},{"taxonomy":"product_tag","embeddable":true,"href":"https:\/\/roveyayinevi.com.tr\/index.php\/wp-json\/wp\/v2\/product_tag?post=742210"}],"curies":[{"name":"wp","href":"https:\/\/api.w.org\/{rel}","templated":true}]}}