{"id":742195,"date":"2025-08-28T01:06:15","date_gmt":"2025-08-27T22:06:15","guid":{"rendered":"https:\/\/roveyayinevi.com.tr\/index.php\/urun\/gayrinizami-harp-tarihi\/"},"modified":"2026-04-16T02:53:21","modified_gmt":"2026-04-15T23:53:21","slug":"gayrinizami-harp-tarihi","status":"publish","type":"product","link":"https:\/\/roveyayinevi.com.tr\/index.php\/urun\/gayrinizami-harp-tarihi\/","title":{"rendered":"Gayrinizami Harp Tarihi"},"content":{"rendered":"<p>Gerilla harbi, k\u00fc\u00e7\u00fck sava\u015f, ayaklanma, d\u00fc\u015f\u00fck yo\u011funluklu \u00e7at\u0131\u015fma ve \u00f6zel harp gibi farkl\u0131 adland\u0131rmalarla an\u0131lagelen gayrinizami harp, tarihsel s\u00fcre\u00e7te antik \u00e7a\u011flara kadar uzan\u0131r. Temelinde uzun soluklu y\u0131pratma takti\u011fini esas alan bu yakla\u015f\u0131m; s\u0131zma, s\u0131yr\u0131lma, bask\u0131n ve sabotaj gibi d\u00fczenli harp d\u0131\u015f\u0131 harek\u00e2t t\u00fcrleri yoluyla d\u00fc\u015fman\u0131 hedef al\u0131rken halk deste\u011fine de b\u00fcy\u00fck \u00f6nem verir. Devasa ordular\u0131n ve devletleraras\u0131 sava\u015flar\u0131n ana temay\u0131 olu\u015fturdu\u011fu son iki y\u00fczy\u0131l\u0131n siyasi tarih anlat\u0131s\u0131 i\u00e7erisinde dahi kendine \u00f6nemli bir yer bulabilen gayrinizami harp, d\u00fczenli ordular taraf\u0131ndan da politik hedefler do\u011frultusunda kullan\u0131lmaktad\u0131r. Antik \u00c7a\u011f\u2019da g\u00f6\u00e7ebe halklar\u0131n m\u00fccadelelerini, Roma \u0130mparatorlu\u011fu\u2019nun idaresi alt\u0131ndaki b\u00f6lgelerde kar\u015f\u0131la\u015ft\u0131\u011f\u0131 ayaklanmalar\u0131, \u0130slam\u2019\u0131n yay\u0131lma s\u00fcrecinde uygulanan stratejileri, kar\u015f\u0131la\u015f\u0131lan yerel mukavemetleri ve Ha\u00e7l\u0131 Seferlerine kar\u015f\u0131 Anadolu\u2019da g\u00f6r\u00fclen Sel\u00e7uklu direni\u015fini bu sava\u015f anlay\u0131\u015f\u0131 dahilinde incelemek m\u00fcmk\u00fcnd\u00fcr. Modern d\u00f6nemde ise gayrinizami harp Birinci ve \u0130kinci D\u00fcnya Sava\u015flar\u0131nda hem partizan hareketler gibi direni\u015f gruplar\u0131 hem de d\u00fczenli ordularca kurulan \u00f6zel birlikler vas\u0131tas\u0131yla kullan\u0131lm\u0131\u015ft\u0131r. 20. y\u00fczy\u0131l\u0131n ikinci yar\u0131s\u0131ndan sonra ise Latin Amerika, Afrika, Vietnam, Afganistan ve Irak gibi farkl\u0131 co\u011frafyalardaki tecr\u00fcbeler \u00fczerinden literat\u00fcrde belirgin bir olgu haline gelmi\u015ftir. Milli Savunma \u00dcniversitesi Kara Harp Okulu Dekanl\u0131\u011f\u0131 \u00f6\u011fretim \u00fcyeleri Emrah \u00d6zdemir ve Ahmet \u00d6zcan gayrinizami harp kavram\u0131n\u0131n teorik zeminine ve k\u00f6klerine inerek bu sava\u015f tarz\u0131n\u0131n geli\u015fiminin izlerini s\u00fcr\u00fcyor. Gerek kavram\u0131n tarihsel s\u00fcre\u00e7 i\u00e7erisinde geli\u015fimini gerekse pratikte ne gibi de\u011fi\u015fim ve d\u00f6n\u00fc\u015f\u00fcmlerin ya\u015fand\u0131\u011f\u0131n\u0131 g\u00f6stererek tarih\u00f6ncesi d\u00f6nemden 21. y\u00fczy\u0131lda Irak ve Afganistan i\u015fgalleri s\u0131ras\u0131ndaki direni\u015flerin ve bunlara kar\u015f\u0131 koyma mekanizmalar\u0131n\u0131n anatomisini \u00e7\u0131kar\u0131yorlar. Elinizdeki kitap gayrinizami harbin teorik ve pratik tarihini sunmas\u0131 bak\u0131m\u0131ndan T\u00fcrk\u00e7e literat\u00fcrde ilk olma \u00f6zelli\u011fini de ta\u015f\u0131yor. Gayrinizami Harp Tarihi: Direni\u015f, Ayaklanma, \u00c7at\u0131\u015fma d\u00fczenli muharebeden farkl\u0131 taktik ve teknikleri bar\u0131nd\u0131ran bu yo\u011fun politik m\u00fccadelenin kavramsal ve teorik geli\u015fimini ele alan, d\u00fcnya tarihinde ya\u015fanm\u0131\u015f farkl\u0131 tecr\u00fcbeleri aktararak zenginle\u015ftiren bir ba\u015fvuru kayna\u011f\u0131. <\/p>\n","protected":false},"excerpt":{"rendered":"<p>Gerilla harbi, k\u00fc\u00e7\u00fck sava\u015f, ayaklanma, d\u00fc\u015f\u00fck yo\u011funluklu \u00e7at\u0131\u015fma ve \u00f6zel harp gibi farkl\u0131 adland\u0131rmalarla an\u0131lagelen gayrinizami harp, tarihsel s\u00fcre\u00e7te antik \u00e7a\u011flara kadar uzan\u0131r. Temelinde uzun soluklu<span class=\"excerpt-hellip\"> [\u2026]<\/span><\/p>\n","protected":false},"featured_media":0,"template":"","meta":{"_monsterinsights_skip_tracking":false,"_monsterinsights_sitenote_active":false,"_monsterinsights_sitenote_note":"","_monsterinsights_sitenote_category":0},"product_brand":[],"product_cat":[12305,12304],"product_tag":[],"class_list":{"0":"post-742195","1":"product","2":"type-product","3":"status-publish","5":"product_cat-dunya-tarihi","6":"product_cat-tarih","7":"pa_cilt-ciltsiz","8":"pa_tur-kitap","9":"pa_yayinevi-kronik-kitap","10":"pa_yazar-emrah-ozdemir-ahmet-ozcan","12":"first","13":"instock","14":"sale","15":"shipping-taxable","16":"purchasable","17":"product-type-simple"},"_links":{"self":[{"href":"https:\/\/roveyayinevi.com.tr\/index.php\/wp-json\/wp\/v2\/product\/742195","targetHints":{"allow":["GET"]}}],"collection":[{"href":"https:\/\/roveyayinevi.com.tr\/index.php\/wp-json\/wp\/v2\/product"}],"about":[{"href":"https:\/\/roveyayinevi.com.tr\/index.php\/wp-json\/wp\/v2\/types\/product"}],"wp:attachment":[{"href":"https:\/\/roveyayinevi.com.tr\/index.php\/wp-json\/wp\/v2\/media?parent=742195"}],"wp:term":[{"taxonomy":"product_brand","embeddable":true,"href":"https:\/\/roveyayinevi.com.tr\/index.php\/wp-json\/wp\/v2\/product_brand?post=742195"},{"taxonomy":"product_cat","embeddable":true,"href":"https:\/\/roveyayinevi.com.tr\/index.php\/wp-json\/wp\/v2\/product_cat?post=742195"},{"taxonomy":"product_tag","embeddable":true,"href":"https:\/\/roveyayinevi.com.tr\/index.php\/wp-json\/wp\/v2\/product_tag?post=742195"}],"curies":[{"name":"wp","href":"https:\/\/api.w.org\/{rel}","templated":true}]}}