{"id":742149,"date":"2025-08-28T01:05:23","date_gmt":"2025-08-27T22:05:23","guid":{"rendered":"https:\/\/roveyayinevi.com.tr\/index.php\/urun\/mete\/"},"modified":"2026-04-16T02:53:20","modified_gmt":"2026-04-15T23:53:20","slug":"mete","status":"publish","type":"product","link":"https:\/\/roveyayinevi.com.tr\/index.php\/urun\/mete\/","title":{"rendered":"Mete"},"content":{"rendered":"<p>68 ku\u015fa\u011f\u0131n\u0131n d\u00fcnyay\u0131 sarsan devrimci, hayalperest, tutkulu gen\u00e7leri, kendilerinden sonraki ku\u015faklara; 78\u2019lere, 80\u2019lere, 90\u2019lara ve sonra Gezi\u2019ye kadar ki\u015filikleri ve duru\u015flar\u0131 ile hep \u00f6rnek oldular, ilham verdiler. Bu kitap, masals\u0131, ger\u00e7ek kahraman\u0131 \u201cMete\u201d \u00fczerinden 68 ku\u015fa\u011f\u0131n\u0131n efsanevi gen\u00e7 kahramanlar\u0131n\u0131; dostluklar\u0131, devrimci tutkular\u0131, yurtseverlikleri, cesaretleri ve adanm\u0131\u015fl\u0131klar\u0131 ile okurun g\u00f6z\u00fcnde yeniden canland\u0131racakt\u0131r. Prof. Dr. Semih \u00c7elenk     \u00d6l\u00fcme giderken \u201cHadi Eyvallah!\u201d diyebilmek i\u00e7in tarih bilinci, toplumsal m\u00fccadele i\u00e7inde olmak, onur, cesaret, direnme, m\u00fccadele, d\u00fcr\u00fcstl\u00fck, sevgi, ahlak gerekir. 68 ku\u015fa\u011f\u0131nda bunlar\u0131n hepsi vard\u0131. \u201cTam Ba\u011f\u0131ms\u0131z T\u00fcrkiye!\u201d dediler, \u201cEmperyalizme Hay\u0131r!\u201d dediler ve bu u\u011furda ya\u015famlar\u0131n\u0131 \u00e7ekinmeden \u00f6d\u00fcns\u00fcz verdiler. Kitap, \u201cHadi Eyvallah!\u201d diyebilen devrimci gen\u00e7leri ve ya\u015fad\u0131klar\u0131 d\u00f6nemi tan\u0131klar\u0131yla anlat\u0131yor. Turhan Feyizo\u011flu     2013 y\u0131l\u0131nda Bayrakl\u0131 Belediyesi i\u00e7in \u00e7al\u0131\u015ft\u0131\u011f\u0131m \u201c\u00dc\u00e7 Fidan\u201d an\u0131t\u0131n\u0131n finalinde portrelere son dokunu\u015flar\u0131, Deniz\u2019i, Yusuf\u2019u ve H\u00fcseyin\u2019i yak\u0131ndan tan\u0131yan, y\u00fcz \u00e7izgilerine, ifadelerine, bak\u0131\u015flar\u0131na \u015fahitlik eden sevgili Mete Ertekin\u2019in yard\u0131mlar\u0131yla ger\u00e7ekle\u015ftirdim. Onun m\u00fcdahalesi heykelime ses oldu. Ben de bu sat\u0131rlara ses olarak k\u0131z\u0131ma en g\u00fczel miraslardan birini b\u0131rak\u0131yorum. Direnmeyi, adanmay\u0131, onurla ya\u015famay\u0131 bu kitapta bulacaks\u0131n\u0131z. Okuru bol olsun. Ekin Erman Asl\u0131 Esma Karaca   1975 y\u0131l\u0131nda Sivas\u2019ta do\u011fdu. Hacettepe \u00dcniversitesi Eczac\u0131l\u0131k Fak\u00fcltesinde lisans ve Ankara \u00dcniversitesi Eczac\u0131l\u0131k Fak\u00fcltesinde y\u00fcksek lisans e\u011fitimlerini tamamlad\u0131. \u00dcniversite y\u0131llar\u0131nda Ankara Sanat Tiyatrosu kadrolar\u0131ndan tiyatro tarihi, sahne ve oyunculuk dersleri ald\u0131. Eczac\u0131l\u0131k mesle\u011fini y\u00fcr\u00fct\u00fcrken devam etti\u011fi Ankara \u00dcniversitesi Dil ve Tarih Co\u011frafya Fak\u00fcltesi-Tiyatro B\u00f6l\u00fcm\u00fcnden 2009 y\u0131l\u0131nda mezun oldu. Ayn\u0131 b\u00f6l\u00fcmde \u201cTiyatro Kuramlar\u0131, Ele\u015ftiri ve Dramaturgi\u201d alan\u0131nda y\u00fcksek lisans derslerine devam etti. Yap\u0131mc\u0131l\u0131\u011f\u0131n\u0131 \u00fcstlendi\u011fi ve K\u00fclt\u00fcr Bakanl\u0131\u011f\u0131 deste\u011fiyle \u00e7ekilen Firak 21. Adana Alt\u0131n Koza Uluslararas\u0131 Film Festivali ve 26. Ankara Uluslararas\u0131 Film Festivalinde \u201cUlusal Uzun Metraj\u201d kategorisinde yar\u0131\u015ft\u0131. 2018 y\u0131l\u0131ndan bu yana Devrimin Beyaz K\u00fcheylan\u0131-Motosiklet Hik\u00e2yesi belgesel projesi \u00fczerinde \u00e7al\u0131\u015fmakta; ba\u011f\u0131ms\u0131z belgesel \u00e7al\u0131\u015fmalar\u0131 y\u00fcr\u00fctmektedir. Kaleme ald\u0131\u011f\u0131 Hasan Temmuz 2020\u2019de Sosyal Ara\u015ft\u0131rmalar Vakf\u0131 taraf\u0131ndan yay\u0131mland\u0131. Dr. Cihan Karaca ile evli; Arda \u00c7a\u011fan ve Delfin Berrak\u2019\u0131n annesidir.<\/p>\n","protected":false},"excerpt":{"rendered":"<p>68 ku\u015fa\u011f\u0131n\u0131n d\u00fcnyay\u0131 sarsan devrimci, hayalperest, tutkulu gen\u00e7leri, kendilerinden sonraki ku\u015faklara; 78\u2019lere, 80\u2019lere, 90\u2019lara ve sonra Gezi\u2019ye kadar ki\u015filikleri ve duru\u015flar\u0131 ile hep \u00f6rnek oldular, ilham<span class=\"excerpt-hellip\"> [\u2026]<\/span><\/p>\n","protected":false},"featured_media":0,"template":"","meta":{"_monsterinsights_skip_tracking":false,"_monsterinsights_sitenote_active":false,"_monsterinsights_sitenote_note":"","_monsterinsights_sitenote_category":0},"product_brand":[],"product_cat":[14009,12291],"product_tag":[],"class_list":{"0":"post-742149","1":"product","2":"type-product","3":"status-publish","5":"product_cat-biyografi-otobiyografi-edebiyat","6":"product_cat-edebiyat","7":"pa_cilt-ciltsiz","8":"pa_tur-kitap","9":"pa_yayinevi-yeni-insan-yayinlari","10":"pa_yazar-asli-esma-karaca","12":"first","13":"instock","14":"sale","15":"shipping-taxable","16":"purchasable","17":"product-type-simple"},"_links":{"self":[{"href":"https:\/\/roveyayinevi.com.tr\/index.php\/wp-json\/wp\/v2\/product\/742149","targetHints":{"allow":["GET"]}}],"collection":[{"href":"https:\/\/roveyayinevi.com.tr\/index.php\/wp-json\/wp\/v2\/product"}],"about":[{"href":"https:\/\/roveyayinevi.com.tr\/index.php\/wp-json\/wp\/v2\/types\/product"}],"wp:attachment":[{"href":"https:\/\/roveyayinevi.com.tr\/index.php\/wp-json\/wp\/v2\/media?parent=742149"}],"wp:term":[{"taxonomy":"product_brand","embeddable":true,"href":"https:\/\/roveyayinevi.com.tr\/index.php\/wp-json\/wp\/v2\/product_brand?post=742149"},{"taxonomy":"product_cat","embeddable":true,"href":"https:\/\/roveyayinevi.com.tr\/index.php\/wp-json\/wp\/v2\/product_cat?post=742149"},{"taxonomy":"product_tag","embeddable":true,"href":"https:\/\/roveyayinevi.com.tr\/index.php\/wp-json\/wp\/v2\/product_tag?post=742149"}],"curies":[{"name":"wp","href":"https:\/\/api.w.org\/{rel}","templated":true}]}}