{"id":742116,"date":"2025-08-28T01:04:41","date_gmt":"2025-08-27T22:04:41","guid":{"rendered":"https:\/\/roveyayinevi.com.tr\/index.php\/urun\/atesten-adamlar\/"},"modified":"2026-04-16T02:53:19","modified_gmt":"2026-04-15T23:53:19","slug":"atesten-adamlar","status":"publish","type":"product","link":"https:\/\/roveyayinevi.com.tr\/index.php\/urun\/atesten-adamlar\/","title":{"rendered":"Ate\u015ften Adamlar"},"content":{"rendered":"<p>Onlar \u201cCumhuriyet\u2019e katk\u0131 verenler.\u201d Onlar \u201cCumhuriyet\u2019in Ak\u0131nc\u0131lar\u0131.\u201d Onlar \u201cT\u00fcrk Devrimi\u2019nin \u00d6nc\u00fc Sava\u015f\u0131mc\u0131lar\u0131.\u201d Onlar olmadan, onlar\u0131n \u00f6yk\u00fcleri, yapt\u0131klar\u0131 bilinmeden ne Atat\u00fcrk do\u011fru anla\u015f\u0131labilir, ne Cumhuriyet ne de T\u00fcrk Devrimi. \u0130stedim ki en ba\u015fta Atat\u00fcrk\u2019\u00fcn olmak \u00fczere bu Ate\u015ften Adamlar\u0131n ayd\u0131nl\u0131\u011f\u0131 yolumuzu yeniden ayd\u0131nlats\u0131n. Deneyimli siyaset\u00e7i, yazar Nam\u0131k Kemal Zeybek Ate\u015ften Adamlar\u2019da ba\u011f\u0131ms\u0131zl\u0131k yolunda Atat\u00fcrk\u2019\u00fcn yan\u0131nda yer alan, T\u00fcrkiye Cumhuriyeti\u2019ne t\u00fcrl\u00fc alanlarda katk\u0131larda bulunarak topluma \u00e7a\u011fda\u015f uygarl\u0131k yolunda \u00f6nc\u00fcl\u00fck eden ancak bug\u00fcn ad\u0131 da yapt\u0131klar\u0131 da unutulan de\u011ferleri anlat\u0131yor.   Nam\u0131k Kemal Zeybek, ya\u015f\u0131 ilerlemi\u015f olanlar\u0131n an\u0131msayaca\u011f\u0131, gen\u00e7lerin \u00f6rnek alaca\u011f\u0131, topluma iyimserlik a\u015f\u0131layacak birbirinden de\u011ferli isimleri yeniden haf\u0131zalar\u0131m\u0131za kazand\u0131r\u0131yor.   Yazar Hakk\u0131nda:   Nam\u0131k Kemal Zeybek, 1944 y\u0131l\u0131nda Bayburt\u2019un Kitre k\u00f6y\u00fcnde do\u011fdu. 1966 y\u0131l\u0131nda Ankara \u00dcniversitesi Hukuk Fak\u00fcltesi\u2019ni bitirdi. T\u00fcrkiye\u2019nin \u00e7e\u015fitli il\u00e7elerinde on y\u0131l kaymakaml\u0131k, 1977\u2019de G\u00fcmr\u00fck-Tekel Bakanl\u0131\u011f\u0131\u2019nda m\u00fcste\u015farl\u0131k g\u00f6revlerinde bulundu. 1987\u2019de \u0130stanbul milletvekili se\u00e7ildi. 1989-1991 aras\u0131nda \u00d6zal H\u00fck\u00fcmeti d\u00f6neminde kurulan K\u00fclt\u00fcr Bakanl\u0131\u011f\u0131\u2019n\u0131n ilk bakan\u0131 oldu. 1992-1994 y\u0131llar\u0131 aras\u0131nda b\u00fcy\u00fckel\u00e7i unvan\u0131yla Ba\u015fbakan S\u00fcleyman Demirel\u2019in ba\u015fbakanl\u0131k ba\u015fdan\u0131\u015fmanl\u0131\u011f\u0131n\u0131 yapt\u0131. T\u00fcrkiye ile T\u00fcrk d\u00fcnyas\u0131n\u0131n koordinasyonunu ger\u00e7ekle\u015ftirdi. 1995\u2019te \u0130stanbul milletvekili olarak tekrar Meclis\u2019e girdi ve 1997\u2019ye kadar devlet bakanl\u0131\u011f\u0131 yapt\u0131. Hoca Ahmet Yesevi Uluslararas\u0131 T\u00fcrk-Kazak \u00dcniversitesi\u2019nde 14 y\u0131l m\u00fctevelli heyet ba\u015fkanl\u0131\u011f\u0131 yapt\u0131. Halen kurucusu oldu\u011fu Ahmet Yesevi Vakf\u0131 ve Ata Derne\u011fi\u2019nde y\u00f6netim kurulu ba\u015fkanl\u0131\u011f\u0131 g\u00f6revlerini y\u00fcr\u00fcten Nam\u0131k Kemal Zeybek\u2019in T\u00fcrk D\u00fcnyas\u0131 Deyince, Siyaset Yolu, Bilgi \u00c7a\u011f\u0131nda T\u00fcrk\u00e7\u00fcl\u00fc\u011f\u00fcn Esaslar\u0131 ve T\u00fcrk\u2019\u00fcn \u0130nanc\u0131 adl\u0131 kitaplar\u0131 da Do\u011fan Kitap taraf\u0131ndan yay\u0131mland\u0131. Nam\u0131k Kemal Zeybek\u2019in yay\u0131mlanm\u0131\u015f di\u011fer kitaplar\u0131 \u015funlard\u0131r: T\u00fcrk\u2019\u00fcn T\u00f6resi, Kutlu S\u00f6ylev, K\u0131z\u0131l Elma, Alpagutlar.   <\/p>\n","protected":false},"excerpt":{"rendered":"<p>Onlar \u201cCumhuriyet\u2019e katk\u0131 verenler.\u201d Onlar \u201cCumhuriyet\u2019in Ak\u0131nc\u0131lar\u0131.\u201d Onlar \u201cT\u00fcrk Devrimi\u2019nin \u00d6nc\u00fc Sava\u015f\u0131mc\u0131lar\u0131.\u201d Onlar olmadan, onlar\u0131n \u00f6yk\u00fcleri, yapt\u0131klar\u0131 bilinmeden ne Atat\u00fcrk do\u011fru anla\u015f\u0131labilir, ne Cumhuriyet ne de<span class=\"excerpt-hellip\"> [\u2026]<\/span><\/p>\n","protected":false},"featured_media":0,"template":"","meta":{"_monsterinsights_skip_tracking":false,"_monsterinsights_sitenote_active":false,"_monsterinsights_sitenote_note":"","_monsterinsights_sitenote_category":0},"product_brand":[],"product_cat":[12370,12304],"product_tag":[],"class_list":{"0":"post-742116","1":"product","2":"type-product","3":"status-publish","5":"product_cat-arastirma-inceleme","6":"product_cat-tarih","7":"pa_cilt-ciltsiz","8":"pa_tur-kitap","9":"pa_yayinevi-dogan-kitap","10":"pa_yazar-namik-kemal-zeybek","12":"first","13":"instock","14":"sale","15":"shipping-taxable","16":"purchasable","17":"product-type-simple"},"_links":{"self":[{"href":"https:\/\/roveyayinevi.com.tr\/index.php\/wp-json\/wp\/v2\/product\/742116","targetHints":{"allow":["GET"]}}],"collection":[{"href":"https:\/\/roveyayinevi.com.tr\/index.php\/wp-json\/wp\/v2\/product"}],"about":[{"href":"https:\/\/roveyayinevi.com.tr\/index.php\/wp-json\/wp\/v2\/types\/product"}],"wp:attachment":[{"href":"https:\/\/roveyayinevi.com.tr\/index.php\/wp-json\/wp\/v2\/media?parent=742116"}],"wp:term":[{"taxonomy":"product_brand","embeddable":true,"href":"https:\/\/roveyayinevi.com.tr\/index.php\/wp-json\/wp\/v2\/product_brand?post=742116"},{"taxonomy":"product_cat","embeddable":true,"href":"https:\/\/roveyayinevi.com.tr\/index.php\/wp-json\/wp\/v2\/product_cat?post=742116"},{"taxonomy":"product_tag","embeddable":true,"href":"https:\/\/roveyayinevi.com.tr\/index.php\/wp-json\/wp\/v2\/product_tag?post=742116"}],"curies":[{"name":"wp","href":"https:\/\/api.w.org\/{rel}","templated":true}]}}