{"id":742106,"date":"2025-08-28T01:04:28","date_gmt":"2025-08-27T22:04:28","guid":{"rendered":"https:\/\/roveyayinevi.com.tr\/index.php\/urun\/abaza-hasan-pasa-isyani\/"},"modified":"2026-04-16T02:53:19","modified_gmt":"2026-04-15T23:53:19","slug":"abaza-hasan-pasa-isyani","status":"publish","type":"product","link":"https:\/\/roveyayinevi.com.tr\/index.php\/urun\/abaza-hasan-pasa-isyani\/","title":{"rendered":"Abaza Hasan Pa\u015fa \u0130syan\u0131"},"content":{"rendered":"<p>Abaza Hasan Pa\u015fa \u0130syan\u0131 Kitap A\u00e7\u0131klamas\u0131Osmanl\u0131 Devleti kurulu\u015fundan itibaren zaman zaman \u00e7alkant\u0131l\u0131 d\u00f6nemler ya\u015fam\u0131\u015ft\u0131r. Bu d\u00f6nemlerde Anadolu halk\u0131 zor y\u0131llar ge\u00e7irmi\u015f, merkez\u00ee idarede g\u00f6r\u00fclen zaaflar devleti olumsuz y\u00f6nde etkilemi\u015ftir. 17. y\u00fczy\u0131l\u0131n ilk yar\u0131s\u0131 da iktisad\u00ee ve toplumsal sorunlar\u0131n ciddi oranda artt\u0131\u011f\u0131, idareden memnun olmayan, ma\u011fdur edilmi\u015f idarecilerin kalabal\u0131k maiyetleri ve e\u015fk\u0131ya gruplar\u0131yla isyan etti\u011fi bir d\u00f6nemdir. Bu durumdan en \u00e7ok zarar g\u00f6ren ise korumadan ve otoriteden yoksun Anadolu halk\u0131 olmu\u015ftur. Cel\u00e2l\u00ee ve e\u015fk\u0131ya topluluklar\u0131 reaya \u00fczerinde bask\u0131 kurmu\u015f, yol g\u00fcvenli\u011fi tehlikeye girmi\u015f, ticar\u00ee hayat zarar g\u00f6rm\u00fc\u015ft\u00fcr. Cel\u00e2l\u00eeler katl-i n\u00fcfus ve g\u00e2ret-i emv\u00e2l ile reayaya deh\u015fet sa\u00e7m\u0131\u015ft\u0131r. K\u00f6y\u00fcn\u00fc savunamayan reaya peri\u015fan bir \u015fekilde \u015fehirlere can atm\u0131\u015f, \u0130stanbul\u2019a \u015fik\u00e2yet mektuplar\u0131 g\u00f6ndermi\u015f fakat \u00e7o\u011fu zaman sonu\u00e7 alamam\u0131\u015ft\u0131r. Devleti y\u0131llarca u\u011fra\u015ft\u0131ran bu isyanlar aras\u0131nda Abaza Hasan, \u00fclkeyi b\u00f6lme niyetine varan tehlikeli bir isyan\u0131n liderli\u011fini yapm\u0131\u015ft\u0131r. Elinizdeki \u00e7al\u0131\u015fma, Osmanl\u0131 tarihinin en b\u00fcy\u00fck isyan\u0131 olarak kabul edilen ve kaynaklarda \u201cHur\u00fbc ale\u2019s-Sult\u00e2n\u201d olarak an\u0131lan Abaza Hasan Pa\u015fa \u0130syan\u0131n\u0131, neden ve sonu\u00e7lar\u0131yla en ince ayr\u0131nt\u0131s\u0131na kadar ele almaktad\u0131r.<\/p>\n","protected":false},"excerpt":{"rendered":"<p>Abaza Hasan Pa\u015fa \u0130syan\u0131 Kitap A\u00e7\u0131klamas\u0131Osmanl\u0131 Devleti kurulu\u015fundan itibaren zaman zaman \u00e7alkant\u0131l\u0131 d\u00f6nemler ya\u015fam\u0131\u015ft\u0131r. Bu d\u00f6nemlerde Anadolu halk\u0131 zor y\u0131llar ge\u00e7irmi\u015f, merkez\u00ee idarede g\u00f6r\u00fclen zaaflar devleti<span class=\"excerpt-hellip\"> [\u2026]<\/span><\/p>\n","protected":false},"featured_media":0,"template":"","meta":{"_monsterinsights_skip_tracking":false,"_monsterinsights_sitenote_active":false,"_monsterinsights_sitenote_note":"","_monsterinsights_sitenote_category":0},"product_brand":[],"product_cat":[13517,12304],"product_tag":[],"class_list":{"0":"post-742106","1":"product","2":"type-product","3":"status-publish","5":"product_cat-osmanli-tarihi","6":"product_cat-tarih","7":"pa_cilt-ciltsiz","8":"pa_tur-kitap","9":"pa_yayinevi-yeditepe-yayinevi","10":"pa_yazar-mucteba-ilgurel","12":"first","13":"instock","14":"sale","15":"shipping-taxable","16":"purchasable","17":"product-type-simple"},"_links":{"self":[{"href":"https:\/\/roveyayinevi.com.tr\/index.php\/wp-json\/wp\/v2\/product\/742106","targetHints":{"allow":["GET"]}}],"collection":[{"href":"https:\/\/roveyayinevi.com.tr\/index.php\/wp-json\/wp\/v2\/product"}],"about":[{"href":"https:\/\/roveyayinevi.com.tr\/index.php\/wp-json\/wp\/v2\/types\/product"}],"wp:attachment":[{"href":"https:\/\/roveyayinevi.com.tr\/index.php\/wp-json\/wp\/v2\/media?parent=742106"}],"wp:term":[{"taxonomy":"product_brand","embeddable":true,"href":"https:\/\/roveyayinevi.com.tr\/index.php\/wp-json\/wp\/v2\/product_brand?post=742106"},{"taxonomy":"product_cat","embeddable":true,"href":"https:\/\/roveyayinevi.com.tr\/index.php\/wp-json\/wp\/v2\/product_cat?post=742106"},{"taxonomy":"product_tag","embeddable":true,"href":"https:\/\/roveyayinevi.com.tr\/index.php\/wp-json\/wp\/v2\/product_tag?post=742106"}],"curies":[{"name":"wp","href":"https:\/\/api.w.org\/{rel}","templated":true}]}}