{"id":741858,"date":"2025-08-28T00:58:36","date_gmt":"2025-08-27T21:58:36","guid":{"rendered":"https:\/\/roveyayinevi.com.tr\/index.php\/urun\/kendi-cennetlerinde\/"},"modified":"2026-04-16T02:52:56","modified_gmt":"2026-04-15T23:52:56","slug":"kendi-cennetlerinde","status":"publish","type":"product","link":"https:\/\/roveyayinevi.com.tr\/index.php\/urun\/kendi-cennetlerinde\/","title":{"rendered":"Kendi Cennetlerinde"},"content":{"rendered":"<p>Ben, hadisat\u0131 affediyorum. \u0130nsanlardan g\u00f6rd\u00fc\u011f\u00fcm fenal\u0131\u011f\u0131 bir yang\u0131n, bir y\u0131ld\u0131r\u0131m gibi \u00f6n\u00fcne ge\u00e7ilemez bir kaza telakki ediyorum. Sevdiklerimden ayr\u0131l\u0131rken, s\u00fck\u00fbta, ebediyete kavu\u015furken beynime h\u00fccum eden hat\u0131ralar\u0131n aras\u0131nda o galiz \u00e7ehreyi g\u00f6rmek istemiyorum. Yaln\u0131z \u015fiir, yaln\u0131z a\u015fk, yaln\u0131z g\u00fczellik.Cemil S\u00fcleyman Fecr-i \u00c2ti toplulu\u011funun \u00f6nde gelen isimlerinden Cemil S\u00fcleyman, ya\u015fad\u0131\u011f\u0131 d\u00f6nemde zorluklarla dolu bir hayat\u0131n ortas\u0131na savrulmu\u015ftur. 1912 y\u0131l\u0131nda doktorluk g\u00f6revine ba\u015flam\u0131\u015f; Balkan Sava\u015flar\u0131, Suriye ve Kafkasya\u2019da \u00f6l\u00fcmle bo\u011fu\u015fmu\u015f; insanl\u0131k tarihinin en feci olaylar\u0131na \u015fahit olmu\u015ftur. Sava\u015f y\u0131llar\u0131nda iki defa yaralan\u0131r, birinde \u00f6l\u00fcmden d\u00f6ner. \u00d6mr\u00fcn\u00fcn yar\u0131s\u0131 uzak m\u00fcstemlekelerde, sahralarda, badiyelerde ge\u00e7er. B\u00fct\u00fcn bunlara ra\u011fmen hat\u0131rlad\u0131klar\u0131n\u0131 yazmak onun i\u00e7in bir iptilad\u0131r. \u00d6mr\u00fcn\u00fcn son \u00fc\u00e7 y\u0131l\u0131nda se\u00e7kin bir \u00fcslup ve ince n\u00fcktelerle yazd\u0131\u011f\u0131 hat\u0131ralar\u0131n\u0131 gazetelerde yay\u0131nlar. Cumhuriyet\u2019in ilan\u0131 ile hissedilen de\u011fi\u015fimi sat\u0131r aralar\u0131na ustaca yerle\u015ftiren Cemil S\u00fcleyman, \u00e7ocukluk g\u00fcnlerinin ge\u00e7ti\u011fi Osmanl\u0131 d\u00f6nemi ile Cumhuriyet d\u00f6neminin panoramas\u0131n\u0131 sunar. Kendi ge\u00e7mi\u015fi ile bug\u00fcn\u00fc aras\u0131nda ilmekler dokurken asl\u0131nda bir co\u011frafyan\u0131n ge\u00e7mi\u015fini ve \u201c\u015fimdi\u201dsini de g\u00f6zler \u00f6n\u00fcne serer.Cemil S\u00fcleyman Alyanako\u011flu\u2019nun miras\u0131na bir sayg\u0131 olarak bu esere Kendi Cennetlerinde ismi uygun g\u00f6r\u00fcld\u00fc. H\u00fcseyin Bargan taraf\u0131ndan titizlikle yay\u0131na haz\u0131rlanan bu hat\u0131rat, Cemil S\u00fcleyman\u2019\u0131n k\u00fclliyat\u0131n\u0131n toparlanmas\u0131 ad\u0131na \u00f6nemli bir ad\u0131md\u0131r. Beyrut, \u015eam, L\u00fcbnan, Antalya, Suriye ve \u0130stanbul\u2019un anlat\u0131ld\u0131\u011f\u0131 Kendi Cennetlerinde, Cemil S\u00fcleyman\u2019\u0131n daha evvel yay\u0131nlanmam\u0131\u015f hat\u0131ralar\u0131n\u0131 g\u00fcn y\u00fcz\u00fcne \u00e7\u0131kararak tarih ve edebiyat literat\u00fcr\u00fcnde m\u00fchim bir bo\u015flu\u011fu doldurmaktad\u0131r.<\/p>\n","protected":false},"excerpt":{"rendered":"<p>Ben, hadisat\u0131 affediyorum. \u0130nsanlardan g\u00f6rd\u00fc\u011f\u00fcm fenal\u0131\u011f\u0131 bir yang\u0131n, bir y\u0131ld\u0131r\u0131m gibi \u00f6n\u00fcne ge\u00e7ilemez bir kaza telakki ediyorum. Sevdiklerimden ayr\u0131l\u0131rken, s\u00fck\u00fbta, ebediyete kavu\u015furken beynime h\u00fccum eden hat\u0131ralar\u0131n<span class=\"excerpt-hellip\"> [\u2026]<\/span><\/p>\n","protected":false},"featured_media":0,"template":"","meta":{"_monsterinsights_skip_tracking":false,"_monsterinsights_sitenote_active":false,"_monsterinsights_sitenote_note":"","_monsterinsights_sitenote_category":0},"product_brand":[],"product_cat":[14009,12291],"product_tag":[],"class_list":{"0":"post-741858","1":"product","2":"type-product","3":"status-publish","5":"product_cat-biyografi-otobiyografi-edebiyat","6":"product_cat-edebiyat","7":"pa_cilt-ciltsiz","8":"pa_tur-kitap","9":"pa_yayinevi-timas-yayinlari","10":"pa_yazar-cemil-suleyman-alyanakoglu","12":"first","13":"instock","14":"sale","15":"shipping-taxable","16":"purchasable","17":"product-type-simple"},"_links":{"self":[{"href":"https:\/\/roveyayinevi.com.tr\/index.php\/wp-json\/wp\/v2\/product\/741858","targetHints":{"allow":["GET"]}}],"collection":[{"href":"https:\/\/roveyayinevi.com.tr\/index.php\/wp-json\/wp\/v2\/product"}],"about":[{"href":"https:\/\/roveyayinevi.com.tr\/index.php\/wp-json\/wp\/v2\/types\/product"}],"wp:attachment":[{"href":"https:\/\/roveyayinevi.com.tr\/index.php\/wp-json\/wp\/v2\/media?parent=741858"}],"wp:term":[{"taxonomy":"product_brand","embeddable":true,"href":"https:\/\/roveyayinevi.com.tr\/index.php\/wp-json\/wp\/v2\/product_brand?post=741858"},{"taxonomy":"product_cat","embeddable":true,"href":"https:\/\/roveyayinevi.com.tr\/index.php\/wp-json\/wp\/v2\/product_cat?post=741858"},{"taxonomy":"product_tag","embeddable":true,"href":"https:\/\/roveyayinevi.com.tr\/index.php\/wp-json\/wp\/v2\/product_tag?post=741858"}],"curies":[{"name":"wp","href":"https:\/\/api.w.org\/{rel}","templated":true}]}}