{"id":741856,"date":"2025-08-28T00:58:33","date_gmt":"2025-08-27T21:58:33","guid":{"rendered":"https:\/\/roveyayinevi.com.tr\/index.php\/urun\/hayvanlar-nasil-dusunur-insan-ne-gorur\/"},"modified":"2026-04-16T02:52:56","modified_gmt":"2026-04-15T23:52:56","slug":"hayvanlar-nasil-dusunur-insan-ne-gorur","status":"publish","type":"product","link":"https:\/\/roveyayinevi.com.tr\/index.php\/urun\/hayvanlar-nasil-dusunur-insan-ne-gorur\/","title":{"rendered":"Hayvanlar Nas\u0131l D\u00fc\u015f\u00fcn\u00fcr, \u0130nsan Ne G\u00f6r\u00fcr?"},"content":{"rendered":"<p>E\u015flerini kaybeden bal\u0131klar a\u015fk ac\u0131s\u0131 \u00e7eker mi? Kambur balinalar toplanmak, alanlar\u0131n\u0131 s\u0131n\u0131rlamak ve yavrular\u0131yla ileti\u015fim kurmak i\u00e7in \u00e7\u0131kard\u0131klar\u0131 seslerin yay\u0131lma d\u00fczeyini ayarlayabilir mi? Yunuslar\u0131n sosyal haf\u0131zas\u0131, y\u0131llar sonra oyun arkada\u015f\u0131n\u0131n \u0131sl\u0131\u011f\u0131n\u0131 tan\u0131maya yeter mi? \u00d6l\u00fcm fark\u0131ndal\u0131\u011f\u0131 olan filler stres alt\u0131ndaki t\u00fcrde\u015flerine \u015fefkat g\u00f6sterecek duygusal zek\u00e2ya sahip mi?Uzun y\u0131llar zeki olmad\u0131klar\u0131 kabul edilen hayvanlar\u0131 g\u00f6zlemledi\u011fimizde asl\u0131nda bu beceriye sahip tek t\u00fcr olmad\u0131\u011f\u0131m\u0131z\u0131 ve zek\u00e2n\u0131n pek \u00e7ok formu olabilece\u011fini anlar\u0131z. Ekoloji profes\u00f6r\u00fc Lo\u00efc Bollache, bu kitapta zek\u00e2 kavram\u0131n\u0131n karma\u015f\u0131kl\u0131\u011f\u0131ndan yola \u00e7\u0131k\u0131yor ve IQ gibi kriterlerle bu beceriyi say\u0131lara indirgeyerek elde edilen sonu\u00e7lar\u0131n kapsay\u0131c\u0131 olmad\u0131\u011f\u0131n\u0131n alt\u0131n\u0131 \u00e7iziyor. Hayvanlar\u0131n d\u00fcnyas\u0131n\u0131n, deneyim ve becerilerinin bizim \u00f6l\u00e7\u00fcmlerimizle s\u0131n\u0131flanamayacak kadar karma\u015f\u0131k ve \u00e7ok boyutlu oldu\u011funu vurguluyor. G\u00fcncel ara\u015ft\u0131rmalardan hareketle zek\u00e2n\u0131n \u00e7e\u015fitlili\u011fine de\u011finiyor ve hayvan zek\u00e2s\u0131n\u0131 ileti\u015fim, k\u00fclt\u00fcr, sosyal hayat ve duygusal zek\u00e2 \u00fczerinden tan\u0131mlamaya \u00e7al\u0131\u015f\u0131yor. Kurtlar\u0131n birbirini teselli edebilmesinden, kar\u0131ncalar\u0131n en kestirme yolu bulabilmesini sa\u011flayan kolektif zek\u00e2s\u0131na, somonlar\u0131n \u00e7iftle\u015fmek i\u00e7in do\u011fduklar\u0131 yere d\u00f6nebilmelerini sa\u011flayacak kadar kuvvetli haf\u0131zalar\u0131ndan, ar\u0131lar\u0131n dans ederek ileti\u015fim kurabilmesine kadar hayvan zek\u00e2s\u0131n\u0131 t\u00fcm y\u00f6nleriyle ele al\u0131yor.  Bollache, bildi\u011fimizi sand\u0131\u011f\u0131m\u0131z bir d\u00fcnyaya, hayvanlara ve hayvan-insan ili\u015fkisine dair zihinlerimizde yepyeni bir pencere a\u00e7\u0131yor, sorguluyor ve d\u00fc\u015f\u00fcnd\u00fcr\u00fcyor. Hayvanlar Nas\u0131l D\u00fc\u015f\u00fcn\u00fcr, \u0130nsan Ne G\u00f6r\u00fcr? hayvanlar \u00e2lemine bak\u0131\u015f\u0131m\u0131z\u0131 de\u011fi\u015ftirecek, do\u011fadaki konumumuza dair kavray\u0131\u015f\u0131m\u0131z\u0131 derinle\u015ftirecek ve empati g\u00fcc\u00fcm\u00fcz\u00fc art\u0131racak ufuk a\u00e7\u0131c\u0131 bir kitap\u2026\u201cLo\u00efc Bollache, insanlar ve hayvanlar aras\u0131ndaki \u2018hiyerar\u015fi\u2019yi y\u0131k\u0131yor.\u201d \u2013 Le Bien Public\u201cHayvanlar Nas\u0131l D\u00fc\u015f\u00fcn\u00fcr, \u0130nsan Ne G\u00f6r\u00fcr? hayvan zek\u00e2s\u0131na dair ilgi \u00e7ekici detaylar\u0131 titizlikle ortaya koyuyor.\u201d \u2013 France Inter<\/p>\n","protected":false},"excerpt":{"rendered":"<p>E\u015flerini kaybeden bal\u0131klar a\u015fk ac\u0131s\u0131 \u00e7eker mi? Kambur balinalar toplanmak, alanlar\u0131n\u0131 s\u0131n\u0131rlamak ve yavrular\u0131yla ileti\u015fim kurmak i\u00e7in \u00e7\u0131kard\u0131klar\u0131 seslerin yay\u0131lma d\u00fczeyini ayarlayabilir mi? Yunuslar\u0131n sosyal haf\u0131zas\u0131,<span class=\"excerpt-hellip\"> [\u2026]<\/span><\/p>\n","protected":false},"featured_media":0,"template":"","meta":{"_monsterinsights_skip_tracking":false,"_monsterinsights_sitenote_active":false,"_monsterinsights_sitenote_note":"","_monsterinsights_sitenote_category":0},"product_brand":[],"product_cat":[13005,37328],"product_tag":[],"class_list":{"0":"post-741856","1":"product","2":"type-product","3":"status-publish","5":"product_cat-bilim-muhendislik","6":"product_cat-diger-bilim-muhendislik","7":"pa_cilt-ciltsiz","8":"pa_tur-kitap","9":"pa_yayinevi-timas-yayinlari","10":"pa_yazar-loic-bollache","12":"first","13":"instock","14":"sale","15":"shipping-taxable","16":"purchasable","17":"product-type-simple"},"_links":{"self":[{"href":"https:\/\/roveyayinevi.com.tr\/index.php\/wp-json\/wp\/v2\/product\/741856","targetHints":{"allow":["GET"]}}],"collection":[{"href":"https:\/\/roveyayinevi.com.tr\/index.php\/wp-json\/wp\/v2\/product"}],"about":[{"href":"https:\/\/roveyayinevi.com.tr\/index.php\/wp-json\/wp\/v2\/types\/product"}],"wp:attachment":[{"href":"https:\/\/roveyayinevi.com.tr\/index.php\/wp-json\/wp\/v2\/media?parent=741856"}],"wp:term":[{"taxonomy":"product_brand","embeddable":true,"href":"https:\/\/roveyayinevi.com.tr\/index.php\/wp-json\/wp\/v2\/product_brand?post=741856"},{"taxonomy":"product_cat","embeddable":true,"href":"https:\/\/roveyayinevi.com.tr\/index.php\/wp-json\/wp\/v2\/product_cat?post=741856"},{"taxonomy":"product_tag","embeddable":true,"href":"https:\/\/roveyayinevi.com.tr\/index.php\/wp-json\/wp\/v2\/product_tag?post=741856"}],"curies":[{"name":"wp","href":"https:\/\/api.w.org\/{rel}","templated":true}]}}